{"id":649,"date":"2025-10-06T15:01:58","date_gmt":"2025-10-06T13:01:58","guid":{"rendered":"https:\/\/volmar.red.grupvolmar.com\/?page_id=649"},"modified":"2025-10-21T22:37:37","modified_gmt":"2025-10-21T20:37:37","slug":"nuestros-vehiculos","status":"publish","type":"page","link":"https:\/\/admin.volvocarsmataro.com\/en\/nuestros-vehiculos\/","title":{"rendered":"All our vehicles"},"content":{"rendered":"<div class=\"hero-block hero-block--small\" style=\"background-color: Page;\">\n                        <div class=\"hero-slide\">\n                                    <h2 class=\"hero-title\">Explore our entire fleet<\/h2>\n                                \n                                    <p class=\"hero-subtitle\">The complete collection at your fingertips. We&#039;ve gathered all the vehicles available on our website and arranged them here on a single page.<\/p>\n                                \n                                    <div class=\"hero-image\">\n                                                    <img decoding=\"async\" src=\"https:\/\/admin.volvocarsmataro.com\/wp-content\/uploads\/sites\/2\/2025\/10\/asset-14-scaled-e1759756670694.jpeg\" alt=\"\">\n                                            <\/div>\n                                \n                                \n                            <\/div>\n            <\/div> \n\n\n<div class=\"vehicles-block\" style=\"background-color: Page;\" data-filter-type=\"all\">\n    <div class=\"vehicles-block__header\">\n                    <h2 class=\"vehicles-block__title\">Vehicles in stock<\/h2>\n                \n                \n                    <div class=\"vehicles-block__filters\">\n                <button class=\"filter-btn active\" \n                        data-filter=\"all\">\n                    Todos los veh\u00edculos\n                <\/button>\n                <button class=\"filter-btn\" \n                        data-filter=\"nuevo\">\n                    New vehicle\n                <\/button>\n                <button class=\"filter-btn\" \n                        data-filter=\"ocasion\">\n                    Veh\u00edculo ocasi\u00f3n\n                <\/button>\n                <button class=\"filter-btn\" \n                        data-filter=\"renting\">\n                    Rent\n                <\/button>\n            <\/div>\n            <\/div>\n    \n    <div class=\"vehicles-block__content\">\n                    <div class=\"vehicles-grid\">\n                                                        \n                    <article class=\"vehicle-card\" data-vehicle-id=\"520002213857\">\n                        <a href=\"https:\/\/admin.volvocarsmataro.com\/en\/modelo\/xc40\/volvo-xc40-2-0-b3-plus-dark-auto-163-5p-2\/\" class=\"vehicle-card__link\">\n                                                            <div class=\"vehicle-card__image\">\n                                    <img decoding=\"async\" src=\"https:\/\/admin.volvocarsmataro.com\/wp-content\/uploads\/sites\/2\/2026\/04\/h_img_52_2213857_16910053_69b2127028688.jpg\" \n                                         alt=\"XC40 2.0 B3 PLUS DARK AUTO 163 5P\"\n                                         loading=\"lazy\">\n                                                                    <\/div>\n                                                        \n                            <div class=\"vehicle-card__content\">\n                                <div class=\"vehicle-card__header\">\n                                    <h3 class=\"vehicle-card__name\">XC40<\/h3>\n                                                                            <p class=\"vehicle-card__tagline\">Gasolina &#8211; Ocasi\u00f3n<\/p>\n                                                                                                                <p class=\"vehicle-card__variant\">2.0 B3 PLUS DARK AUTO 163 5P<\/p>\n                                                                    <\/div>\n                                \n                                <div class=\"vehicle-card__pricing\">\n                                                                            <div class=\"vehicle-card__price-main\">\n                                            <span class=\"vehicle-card__price\">34.900 \u20ac<\/span>\n                                                                                    <\/div>\n                                                                                                            <\/div>\n                                \n                                <div class=\"vehicle-card__specs\">\n                                                                            <span class=\"spec-item\">163HP<\/span>\n                                                                                                                <span class=\"spec-item\">2L<\/span>\n                                                                                                                <span class=\"spec-item\">26,207 km<\/span>\n                                                                                                                <span class=\"spec-item\">Automatic<\/span>\n                                                                                                                <span class=\"spec-item\">5 seats<\/span>\n                                                                    <\/div>\n                                \n                                                                    <div class=\"vehicle-card__contact\">\n                                        <span class=\"vehicle-card__phone\">Volvo Cars Matar\u00f3<\/span>\n                                    <\/div>\n                                                            <\/div>\n                        <\/a>\n                    <\/article>\n                    \n                                                        \n                    <article class=\"vehicle-card\" data-vehicle-id=\"520002782246\">\n                        <a href=\"https:\/\/admin.volvocarsmataro.com\/en\/modelo\/xc60\/volvo-xc60-2-0-t8-phev-polestar-at-4wd-455-5p\/\" class=\"vehicle-card__link\">\n                                                            <div class=\"vehicle-card__image\">\n                                    <img decoding=\"async\" src=\"https:\/\/admin.volvocarsmataro.com\/wp-content\/uploads\/sites\/2\/2026\/04\/h_img_52_2782246_17309600_69e811f13e2cd.jpg\" \n                                         alt=\"XC60 2.0 T8 PHEV POLESTAR AT 4WD 455 5P\"\n                                         loading=\"lazy\">\n                                                                    <\/div>\n                                                        \n                            <div class=\"vehicle-card__content\">\n                                <div class=\"vehicle-card__header\">\n                                    <h3 class=\"vehicle-card__name\">XC60<\/h3>\n                                                                            <p class=\"vehicle-card__tagline\">Electrico &#8211; Ocasi\u00f3n<\/p>\n                                                                                                                <p class=\"vehicle-card__variant\">2.0 T8 PHEV POLESTAR AT 4WD 455 5P<\/p>\n                                                                    <\/div>\n                                \n                                <div class=\"vehicle-card__pricing\">\n                                                                            <div class=\"vehicle-card__price-main\">\n                                            <span class=\"vehicle-card__price\">68.900 \u20ac<\/span>\n                                                                                    <\/div>\n                                                                                                            <\/div>\n                                \n                                <div class=\"vehicle-card__specs\">\n                                                                            <span class=\"spec-item\">455HP<\/span>\n                                                                                                                <span class=\"spec-item\">2L<\/span>\n                                                                                                                <span class=\"spec-item\">4.080 km<\/span>\n                                                                                                                <span class=\"spec-item\">Automatic<\/span>\n                                                                                                                <span class=\"spec-item\">5 seats<\/span>\n                                                                    <\/div>\n                                \n                                                                    <div class=\"vehicle-card__contact\">\n                                        <span class=\"vehicle-card__phone\">Volvo Cars Matar\u00f3<\/span>\n                                    <\/div>\n                                                            <\/div>\n                        <\/a>\n                    <\/article>\n                    \n                                                        \n                    <article class=\"vehicle-card\" data-vehicle-id=\"520002284657\">\n                        <a href=\"https:\/\/admin.volvocarsmataro.com\/en\/modelo\/xc60\/volvo-xc60-2-0-d4-inscription-auto-190-5p\/\" class=\"vehicle-card__link\">\n                                                            <div class=\"vehicle-card__image\">\n                                    <img decoding=\"async\" src=\"https:\/\/admin.volvocarsmataro.com\/wp-content\/uploads\/sites\/2\/2026\/04\/h_img_52_2284657_16911607_69b214d498ffd.jpg\" \n                                         alt=\"XC60 2.0 D4 INSCRIPTION AUTO 190 5P\"\n                                         loading=\"lazy\">\n                                                                    <\/div>\n                                                        \n                            <div class=\"vehicle-card__content\">\n                                <div class=\"vehicle-card__header\">\n                                    <h3 class=\"vehicle-card__name\">XC60<\/h3>\n                                                                            <p class=\"vehicle-card__tagline\">Diesel &#8211; Ocasi\u00f3n<\/p>\n                                                                                                                <p class=\"vehicle-card__variant\">2.0 D4 INSCRIPTION AUTO 190 5P<\/p>\n                                                                    <\/div>\n                                \n                                <div class=\"vehicle-card__pricing\">\n                                                                            <div class=\"vehicle-card__price-main\">\n                                            <span class=\"vehicle-card__price\">29.900 \u20ac<\/span>\n                                                                                    <\/div>\n                                                                                                            <\/div>\n                                \n                                <div class=\"vehicle-card__specs\">\n                                                                            <span class=\"spec-item\">190CV<\/span>\n                                                                                                                <span class=\"spec-item\">2L<\/span>\n                                                                                                                <span class=\"spec-item\">80.478 km<\/span>\n                                                                                                                <span class=\"spec-item\">Automatic<\/span>\n                                                                                                                <span class=\"spec-item\">5 seats<\/span>\n                                                                    <\/div>\n                                \n                                                                    <div class=\"vehicle-card__contact\">\n                                        <span class=\"vehicle-card__phone\">Volvo Cars Matar\u00f3<\/span>\n                                    <\/div>\n                                                            <\/div>\n                        <\/a>\n                    <\/article>\n                    \n                                                        \n                    <article class=\"vehicle-card\" data-vehicle-id=\"520002346203\">\n                        <a href=\"https:\/\/admin.volvocarsmataro.com\/en\/modelo\/es90\/volvo-es90-bev-92kwh-recharge-ultra-333-5p\/\" class=\"vehicle-card__link\">\n                                                            <div class=\"vehicle-card__image\">\n                                    <img decoding=\"async\" src=\"https:\/\/admin.volvocarsmataro.com\/wp-content\/uploads\/sites\/2\/2026\/04\/h_img_52_2346203_17245562_69d9916eaccc1.jpg\" \n                                         alt=\"ES90 BEV 92KWH RECHARGE ULTRA 333 5P\"\n                                         loading=\"lazy\">\n                                                                            <div class=\"vehicle-card__sticker\">\n                                            cero                                        <\/div>\n                                                                    <\/div>\n                                                        \n                            <div class=\"vehicle-card__content\">\n                                <div class=\"vehicle-card__header\">\n                                    <h3 class=\"vehicle-card__name\">ES90<\/h3>\n                                                                            <p class=\"vehicle-card__tagline\">Electrico &#8211; Nuevo<\/p>\n                                                                                                                <p class=\"vehicle-card__variant\">BEV 92KWH RECHARGE ULTRA 333 5P<\/p>\n                                                                    <\/div>\n                                \n                                <div class=\"vehicle-card__pricing\">\n                                                                            <div class=\"vehicle-card__price-main\">\n                                            <span class=\"vehicle-card__price\">103.524 \u20ac<\/span>\n                                                                                    <\/div>\n                                                                                    <div class=\"vehicle-card__price-financed\">\n                                                Financiado: 90.275 \u20ac\n                                            <\/div>\n                                                                                                            <\/div>\n                                \n                                <div class=\"vehicle-card__specs\">\n                                                                            <span class=\"spec-item\">333CV<\/span>\n                                                                                                                                                                                        <span class=\"spec-item\">Automatic<\/span>\n                                                                                                                <span class=\"spec-item\">5 seats<\/span>\n                                                                    <\/div>\n                                \n                                                                    <div class=\"vehicle-card__contact\">\n                                        <span class=\"vehicle-card__phone\">Volvo Cars Matar\u00f3<\/span>\n                                    <\/div>\n                                                            <\/div>\n                        <\/a>\n                    <\/article>\n                    \n                                                        \n                    <article class=\"vehicle-card\" data-vehicle-id=\"520002346202\">\n                        <a href=\"https:\/\/admin.volvocarsmataro.com\/en\/modelo\/xc40\/volvo-xc40-2-0-b4-mhev-black-edition-plus-dct-197-5p\/\" class=\"vehicle-card__link\">\n                                                            <div class=\"vehicle-card__image\">\n                                    <img decoding=\"async\" src=\"https:\/\/admin.volvocarsmataro.com\/wp-content\/uploads\/sites\/2\/2026\/04\/h_img_52_2346202_17245551_69d991609838f.jpg\" \n                                         alt=\"XC40 2.0 B4 MHEV BLACK EDITION PLUS DCT 197 5P\"\n                                         loading=\"lazy\">\n                                                                            <div class=\"vehicle-card__sticker\">\n                                            eco                                        <\/div>\n                                                                    <\/div>\n                                                        \n                            <div class=\"vehicle-card__content\">\n                                <div class=\"vehicle-card__header\">\n                                    <h3 class=\"vehicle-card__name\">XC40<\/h3>\n                                                                            <p class=\"vehicle-card__tagline\">Gasolina &#8211; Nuevo<\/p>\n                                                                                                                <p class=\"vehicle-card__variant\">2.0 B4 MHEV BLACK EDITION PLUS DCT 197 5P<\/p>\n                                                                    <\/div>\n                                \n                                <div class=\"vehicle-card__pricing\">\n                                                                            <div class=\"vehicle-card__price-main\">\n                                            <span class=\"vehicle-card__price\">52.100 \u20ac<\/span>\n                                                                                    <\/div>\n                                                                                    <div class=\"vehicle-card__price-financed\">\n                                                Financiado: 45.700 \u20ac\n                                            <\/div>\n                                                                                                            <\/div>\n                                \n                                <div class=\"vehicle-card__specs\">\n                                                                            <span class=\"spec-item\">197HP<\/span>\n                                                                                                                <span class=\"spec-item\">2L<\/span>\n                                                                                                                                                    <span class=\"spec-item\">Automatic<\/span>\n                                                                                                                <span class=\"spec-item\">5 seats<\/span>\n                                                                    <\/div>\n                                \n                                                                    <div class=\"vehicle-card__contact\">\n                                        <span class=\"vehicle-card__phone\">Volvo Cars Matar\u00f3<\/span>\n                                    <\/div>\n                                                            <\/div>\n                        <\/a>\n                    <\/article>\n                    \n                                                        \n                    <article class=\"vehicle-card\" data-vehicle-id=\"520002345175\">\n                        <a href=\"https:\/\/admin.volvocarsmataro.com\/en\/modelo\/xc40\/volvo-c40-bev-82kwh-recharge-extended-range-core-252-5p\/\" class=\"vehicle-card__link\">\n                                                            <div class=\"vehicle-card__image\">\n                                    <img decoding=\"async\" src=\"https:\/\/admin.volvocarsmataro.com\/wp-content\/uploads\/sites\/2\/2026\/04\/h_img_52_2345175_17236847_69d83ff752311.jpg\" \n                                         alt=\"C40 BEV 82KWH RECHARGE EXTENDED RANGE CORE 252 5P\"\n                                         loading=\"lazy\">\n                                                                    <\/div>\n                                                        \n                            <div class=\"vehicle-card__content\">\n                                <div class=\"vehicle-card__header\">\n                                    <h3 class=\"vehicle-card__name\">C40<\/h3>\n                                                                            <p class=\"vehicle-card__tagline\">Electrico &#8211; Ocasi\u00f3n<\/p>\n                                                                                                                <p class=\"vehicle-card__variant\">BEV 82KWH RECHARGE EXTENDED RANGE CORE 252 5P<\/p>\n                                                                    <\/div>\n                                \n                                <div class=\"vehicle-card__pricing\">\n                                                                            <div class=\"vehicle-card__price-main\">\n                                            <span class=\"vehicle-card__price\">36.700 \u20ac<\/span>\n                                                                                    <\/div>\n                                                                                                            <\/div>\n                                \n                                <div class=\"vehicle-card__specs\">\n                                                                            <span class=\"spec-item\">252CV<\/span>\n                                                                                                                                                    <span class=\"spec-item\">7.466 km<\/span>\n                                                                                                                <span class=\"spec-item\">Automatic<\/span>\n                                                                                                                <span class=\"spec-item\">5 seats<\/span>\n                                                                    <\/div>\n                                \n                                                                    <div class=\"vehicle-card__contact\">\n                                        <span class=\"vehicle-card__phone\">Volvo Cars Matar\u00f3<\/span>\n                                    <\/div>\n                                                            <\/div>\n                        <\/a>\n                    <\/article>\n                    \n                                                        \n                    <article class=\"vehicle-card\" data-vehicle-id=\"520002343792\">\n                        <a href=\"https:\/\/admin.volvocarsmataro.com\/en\/modelo\/xc60\/volvo-xc60-2-0-t6-recharge-ultra-dark-auto-4wd-350-5p-2\/\" class=\"vehicle-card__link\">\n                                                            <div class=\"vehicle-card__image\">\n                                    <img decoding=\"async\" src=\"https:\/\/admin.volvocarsmataro.com\/wp-content\/uploads\/sites\/2\/2026\/04\/h_img_52_2343792_17224149_69d6ee4f22cb0.jpg\" \n                                         alt=\"XC60 2.0 T6 RECHARGE ULTRA DARK AUTO 4WD 350 5P\"\n                                         loading=\"lazy\">\n                                                                    <\/div>\n                                                        \n                            <div class=\"vehicle-card__content\">\n                                <div class=\"vehicle-card__header\">\n                                    <h3 class=\"vehicle-card__name\">XC60<\/h3>\n                                                                            <p class=\"vehicle-card__tagline\">Electrico &#8211; Ocasi\u00f3n<\/p>\n                                                                                                                <p class=\"vehicle-card__variant\">2.0 T6 RECHARGE ULTRA DARK AUTO 4WD 350 5P<\/p>\n                                                                    <\/div>\n                                \n                                <div class=\"vehicle-card__pricing\">\n                                                                            <div class=\"vehicle-card__price-main\">\n                                            <span class=\"vehicle-card__price\">52.900 \u20ac<\/span>\n                                                                                    <\/div>\n                                                                                                            <\/div>\n                                \n                                <div class=\"vehicle-card__specs\">\n                                                                            <span class=\"spec-item\">350HP<\/span>\n                                                                                                                <span class=\"spec-item\">2L<\/span>\n                                                                                                                <span class=\"spec-item\">21.603 km<\/span>\n                                                                                                                <span class=\"spec-item\">Automatic<\/span>\n                                                                                                                <span class=\"spec-item\">5 seats<\/span>\n                                                                    <\/div>\n                                \n                                                                    <div class=\"vehicle-card__contact\">\n                                        <span class=\"vehicle-card__phone\">Volvo Cars Matar\u00f3<\/span>\n                                    <\/div>\n                                                            <\/div>\n                        <\/a>\n                    <\/article>\n                    \n                                                        \n                    <article class=\"vehicle-card\" data-vehicle-id=\"520002322213\">\n                        <a href=\"https:\/\/admin.volvocarsmataro.com\/en\/modelo\/xc40\/volvo-xc40-2-0-b3-mhev-core-dct-163-5p-3\/\" class=\"vehicle-card__link\">\n                                                            <div class=\"vehicle-card__image\">\n                                    <img decoding=\"async\" src=\"https:\/\/admin.volvocarsmataro.com\/wp-content\/uploads\/sites\/2\/2026\/03\/h_img_52_2322213_17089030_69b8ab09de511.jpg\" \n                                         alt=\"XC40 2.0 B3 MHEV CORE DCT 163 5P\"\n                                         loading=\"lazy\">\n                                                                            <div class=\"vehicle-card__sticker\">\n                                            eco                                        <\/div>\n                                                                    <\/div>\n                                                        \n                            <div class=\"vehicle-card__content\">\n                                <div class=\"vehicle-card__header\">\n                                    <h3 class=\"vehicle-card__name\">XC40<\/h3>\n                                                                            <p class=\"vehicle-card__tagline\">Gasolina &#8211; Ocasi\u00f3n<\/p>\n                                                                                                                <p class=\"vehicle-card__variant\">2.0 B3 MHEV CORE DCT 163 5P<\/p>\n                                                                    <\/div>\n                                \n                                <div class=\"vehicle-card__pricing\">\n                                                                            <div class=\"vehicle-card__price-main\">\n                                            <span class=\"vehicle-card__price\">37.900 \u20ac<\/span>\n                                                                                    <\/div>\n                                                                                                            <\/div>\n                                \n                                <div class=\"vehicle-card__specs\">\n                                                                            <span class=\"spec-item\">163HP<\/span>\n                                                                                                                <span class=\"spec-item\">2L<\/span>\n                                                                                                                <span class=\"spec-item\">3.230 km<\/span>\n                                                                                                                <span class=\"spec-item\">Automatic<\/span>\n                                                                                                                <span class=\"spec-item\">5 seats<\/span>\n                                                                    <\/div>\n                                \n                                                                    <div class=\"vehicle-card__contact\">\n                                        <span class=\"vehicle-card__phone\">Volvo Cars Matar\u00f3<\/span>\n                                    <\/div>\n                                                            <\/div>\n                        <\/a>\n                    <\/article>\n                    \n                            <\/div>\n            \n                            <div class=\"vehicles-block__pagination\">\n                    <span aria-current=\"page\" class=\"page-numbers current\">1<\/span>\n<a class=\"page-numbers\" href=\"https:\/\/admin.volvocarsmataro.com\/en\/wp-json\/wp\/v2\/pages\/649\/page\/2\/\">2<\/a>\n<a class=\"page-numbers\" href=\"https:\/\/admin.volvocarsmataro.com\/en\/wp-json\/wp\/v2\/pages\/649\/page\/3\/\">3<\/a>\n<span class=\"page-numbers dots\">\u2026<\/span>\n<a class=\"page-numbers\" href=\"https:\/\/admin.volvocarsmataro.com\/en\/wp-json\/wp\/v2\/pages\/649\/page\/5\/\">5<\/a>\n<a class=\"next page-numbers\" href=\"https:\/\/admin.volvocarsmataro.com\/en\/wp-json\/wp\/v2\/pages\/649\/page\/2\/\">Following &quot;<\/a>                <\/div>\n                        \n                \n            <\/div>\n<\/div>\n\n<style>\n.vehicles-block {\n    padding: 2rem 0;\n}\n\n.vehicles-block__header {\n    text-align: center;\n    margin-bottom: 2rem;\n}\n\n.vehicles-block__title {\n    font-size: 2.5rem;\n    font-weight: bold;\n    margin-bottom: 1rem;\n}\n\n.vehicles-block__subtitle {\n    font-size: 1.2rem;\n    color: #666;\n    margin-bottom: 2rem;\n}\n\n.vehicles-block__filters {\n    display: flex;\n    justify-content: center;\n    gap: 1rem;\n    margin-bottom: 2rem;\n}\n\n.filter-btn {\n    padding: 0.75rem 1.5rem;\n    border: 2px solid #ddd;\n    background: white;\n    color: #333;\n    border-radius: 25px;\n    cursor: pointer;\n    transition: all 0.3s ease;\n    font-weight: 500;\n}\n\n.filter-btn:hover,\n.filter-btn.active {\n    background: #007cba;\n    color: white;\n    border-color: #007cba;\n}\n\n.vehicles-grid {\n    display: grid;\n    grid-template-columns: repeat(auto-fill, minmax(300px, 1fr));\n    gap: 2rem;\n    margin-bottom: 2rem;\n}\n\n.vehicle-card {\n    border: 1px solid #ddd;\n    border-radius: 8px;\n    overflow: hidden;\n    transition: transform 0.3s ease, box-shadow 0.3s ease;\n    background: white;\n}\n\n.vehicle-card:hover {\n    transform: translateY(-5px);\n    box-shadow: 0 10px 25px rgba(0,0,0,0.1);\n}\n\n.vehicle-card.featured {\n    border-color: #007cba;\n    box-shadow: 0 0 10px rgba(0,124,186,0.2);\n}\n\n.vehicle-card.special-offer {\n    border-color: #d63638;\n    position: relative;\n}\n\n.vehicle-card.special-offer::before {\n    content: 'OFERTA';\n    position: absolute;\n    top: 10px;\n    right: 10px;\n    background: #d63638;\n    color: white;\n    padding: 0.25rem 0.5rem;\n    border-radius: 4px;\n    font-size: 0.75rem;\n    font-weight: bold;\n    z-index: 2;\n}\n\n.vehicle-card__link {\n    text-decoration: none;\n    color: inherit;\n    display: block;\n}\n\n.vehicle-card__image {\n    position: relative;\n    height: 200px;\n    overflow: hidden;\n}\n\n.vehicle-card__image img {\n    width: 100%;\n    height: 100%;\n    object-fit: cover;\n}\n\n.vehicle-card__sticker {\n    position: absolute;\n    top: 10px;\n    left: 10px;\n    background: rgba(0,0,0,0.8);\n    color: white;\n    padding: 0.25rem 0.5rem;\n    border-radius: 4px;\n    font-size: 0.75rem;\n}\n\n.vehicle-card__content {\n    padding: 1.5rem;\n}\n\n.vehicle-card__name {\n    font-size: 1.25rem;\n    font-weight: bold;\n    margin-bottom: 0.5rem;\n}\n\n.vehicle-card__tagline {\n    color: #666;\n    font-size: 0.9rem;\n    margin-bottom: 0.5rem;\n}\n\n.vehicle-card__variant {\n    color: #333;\n    font-size: 0.95rem;\n    margin-bottom: 1rem;\n}\n\n.vehicle-card__pricing {\n    margin-bottom: 1rem;\n}\n\n.vehicle-card__price-main {\n    display: flex;\n    align-items: center;\n    gap: 0.5rem;\n    margin-bottom: 0.25rem;\n}\n\n.vehicle-card__price {\n    font-size: 1.5rem;\n    font-weight: bold;\n    color: #007cba;\n}\n\n.vehicle-card__price-original {\n    font-size: 1rem;\n    color: #999;\n    text-decoration: line-through;\n}\n\n.vehicle-card__price-financed {\n    font-size: 0.9rem;\n    color: #666;\n}\n\n.vehicle-card__specs {\n    display: flex;\n    flex-wrap: wrap;\n    gap: 0.5rem;\n    margin-bottom: 1rem;\n}\n\n.spec-item {\n    background: #f5f5f5;\n    padding: 0.25rem 0.5rem;\n    border-radius: 4px;\n    font-size: 0.85rem;\n    color: #666;\n}\n\n.vehicle-card__contact {\n    font-size: 0.9rem;\n    color: #007cba;\n}\n\n.vehicles-block__pagination {\n    text-align: center;\n    margin-top: 2rem;\n}\n\n.vehicles-block__pagination .page-numbers {\n    display: inline-block;\n    padding: 0.5rem 1rem;\n    margin: 0 0.25rem;\n    border: 1px solid #ddd;\n    text-decoration: none;\n    border-radius: 4px;\n}\n\n.vehicles-block__pagination .page-numbers:hover,\n.vehicles-block__pagination .page-numbers.current {\n    background: #007cba;\n    color: white;\n    border-color: #007cba;\n}\n\n.vehicles-block__empty {\n    text-align: center;\n    padding: 3rem;\n    color: #666;\n}\n\n@media (max-width: 768px) {\n    .vehicles-block__filters {\n        flex-direction: column;\n        align-items: center;\n    }\n    \n    .vehicles-grid {\n        grid-template-columns: 1fr;\n        gap: 1rem;\n    }\n    \n    .vehicle-card__specs {\n        justify-content: center;\n    }\n}\n<\/style>\n\n<script>\ndocument.addEventListener('DOMContentLoaded', function() {\n    const filterButtons = document.querySelectorAll('.vehicles-block .filter-btn');\n    \n    filterButtons.forEach(button => {\n        button.addEventListener('click', function() {\n            const filterType = this.dataset.filter;\n            const vehiclesBlock = this.closest('.vehicles-block');\n            \n            \/\/ Update active button\n            filterButtons.forEach(btn => btn.classList.remove('active'));\n            this.classList.add('active');\n            \n            \/\/ Update block data attribute\n            vehiclesBlock.dataset.filterType = filterType;\n            \n            \/\/ Update URL with filter parameter and reload\n            const url = new URL(window.location);\n            url.searchParams.set('vehicle_filter', filterType);\n            url.searchParams.delete('paged'); \/\/ Reset pagination when filtering\n            window.location.href = url.toString();\n        });\n    });\n});\n<\/script>\n\n\n\n<div class=\"item-grid-block\" style=\"background-color: Page;\">\n            <div class=\"item-grid\">\n                            <div class=\"grid-item\">\n                                            <div class=\"item-image\">\n                                                            <img decoding=\"async\" src=\"https:\/\/admin.volvocarsmataro.com\/wp-content\/uploads\/sites\/2\/2025\/10\/ex300.jpg\" alt=\"\">\n                                                    <\/div>\n                                        \n                                            <h3 class=\"item-title\">EX30<\/h3>\n                                        \n                                            <p class=\"item-text\">Volvo&#039;s most compact and sustainable electric SUV. Minimalist Scandinavian design for the city.<\/p>\n                                        \n                                            <a href=\"\/en\/modelos\/ex30\/\" class=\"item-link\">\n                                                    <\/a>\n                                    <\/div>\n                            <div class=\"grid-item\">\n                                            <div class=\"item-image\">\n                                                            <img decoding=\"async\" src=\"https:\/\/admin.volvocarsmataro.com\/wp-content\/uploads\/sites\/2\/2025\/10\/ex40-e1760094450323.png\" alt=\"\">\n                                                    <\/div>\n                                        \n                                            <h3 class=\"item-title\">EX40<\/h3>\n                                        \n                                            <p class=\"item-text\">Volvo&#039;s compact electric SUV with character and presence. Scandinavian design, sustainable power.<\/p>\n                                        \n                                            <a href=\"\/en\/modelos\/ex40\/\" class=\"item-link\">\n                                                    <\/a>\n                                    <\/div>\n                            <div class=\"grid-item\">\n                                            <div class=\"item-image\">\n                                                            <img decoding=\"async\" src=\"https:\/\/admin.volvocarsmataro.com\/wp-content\/uploads\/sites\/2\/2025\/10\/ex90-e1760012856171.jpg\" alt=\"\">\n                                                    <\/div>\n                                        \n                                            <h3 class=\"item-title\">EX90<\/h3>\n                                        \n                                            <p class=\"item-text\">Volvo&#039;s most advanced electric SUV. Smart technology and Scandinavian design for a new era of safe and sustainable driving.<\/p>\n                                        \n                                            <a href=\"\/en\/modelos\/EX90\/\" class=\"item-link\">\n                                                    <\/a>\n                                    <\/div>\n                            <div class=\"grid-item\">\n                                            <div class=\"item-image\">\n                                                            <img decoding=\"async\" src=\"https:\/\/admin.volvocarsmataro.com\/wp-content\/uploads\/sites\/2\/2025\/10\/xc402025.jpg\" alt=\"\">\n                                                    <\/div>\n                                        \n                                            <h3 class=\"item-title\">XC40<\/h3>\n                                        \n                                            <p class=\"item-text\">The urban compact SUV. Bold, versatile, and perfect for city life and weekend adventures.\r\n<\/p>\n                                        \n                                            <a href=\"\/en\/modelos\/xc40\/\" class=\"item-link\">\n                                                    <\/a>\n                                    <\/div>\n                            <div class=\"grid-item\">\n                                            <div class=\"item-image\">\n                                                            <img decoding=\"async\" src=\"https:\/\/admin.volvocarsmataro.com\/wp-content\/uploads\/sites\/2\/2025\/10\/exterior4-1.jpg\" alt=\"\">\n                                                    <\/div>\n                                        \n                                            <h3 class=\"item-title\">XC60<\/h3>\n                                        \n                                            <p class=\"item-text\">The SUV that adapts to your pace. Stylish in the city, bold on every getaway.<\/p>\n                                        \n                                            <a href=\"\/en\/modelos\/xc60\/\" class=\"item-link\">\n                                                    <\/a>\n                                    <\/div>\n                            <div class=\"grid-item\">\n                                            <div class=\"item-image\">\n                                                            <img decoding=\"async\" src=\"https:\/\/admin.volvocarsmataro.com\/wp-content\/uploads\/sites\/2\/2025\/10\/xc90pri.jpg\" alt=\"\">\n                                                    <\/div>\n                                        \n                                            <h3 class=\"item-title\">XC90<\/h3>\n                                        \n                                            <p class=\"item-text\">The flagship 7-seater SUV. Luxury, unmatched space, and pioneering advanced safety technology.<\/p>\n                                        \n                                            <a href=\"\/en\/modelos\/xc90\/\" class=\"item-link\">\n                                                    <\/a>\n                                    <\/div>\n                            <div class=\"grid-item\">\n                                            <div class=\"item-image\">\n                                                            <img decoding=\"async\" src=\"https:\/\/admin.volvocarsmataro.com\/wp-content\/uploads\/sites\/2\/2025\/10\/v40.avif\" alt=\"\">\n                                                    <\/div>\n                                        \n                                            <h3 class=\"item-title\">V40<\/h3>\n                                        \n                                            <p class=\"item-text\">The dynamic compact car. Ideal for urban and highway driving, while maintaining Volvo&#039;s characteristic safety.<\/p>\n                                        \n                                            <a href=\"\/en\/modelos\/v40\/\" class=\"item-link\">\n                                                    <\/a>\n                                    <\/div>\n                            <div class=\"grid-item\">\n                                            <div class=\"item-image\">\n                                                            <img decoding=\"async\" src=\"https:\/\/admin.volvocarsmataro.com\/wp-content\/uploads\/sites\/2\/2025\/10\/v60.jpg\" alt=\"\">\n                                                    <\/div>\n                                        \n                                            <h3 class=\"item-title\">V60<\/h3>\n                                        \n                                            <p class=\"item-text\">Volvo&#039;s versatile family car. The perfect balance between dynamism, comfort, and Scandinavian design.<\/p>\n                                        \n                                            <a href=\"\/en\/modelos\/v60\/\" class=\"item-link\">\n                                                    <\/a>\n                                    <\/div>\n                            <div class=\"grid-item\">\n                                            <div class=\"item-image\">\n                                                            <img decoding=\"async\" src=\"https:\/\/admin.volvocarsmataro.com\/wp-content\/uploads\/sites\/2\/2025\/10\/v900-scaled.avif\" alt=\"\">\n                                                    <\/div>\n                                        \n                                            <h3 class=\"item-title\">V90<\/h3>\n                                        \n                                            <p class=\"item-text\">The ultimate premium family car. It combines a spacious interior with Volvo&#039;s most sophisticated design.<\/p>\n                                        \n                                            <a href=\"\/en\/modelos\/v90\/\" class=\"item-link\">\n                                                    <\/a>\n                                    <\/div>\n                            <div class=\"grid-item\">\n                                            <div class=\"item-image\">\n                                                            <img decoding=\"async\" src=\"https:\/\/admin.volvocarsmataro.com\/wp-content\/uploads\/sites\/2\/2025\/10\/s90000.jpg\" alt=\"\">\n                                                    <\/div>\n                                        \n                                            <h3 class=\"item-title\">S90<\/h3>\n                                        \n                                            <p class=\"item-text\">The premium luxury sedan. It offers maximum comfort, timeless elegance, and advanced safety technology.<\/p>\n                                        \n                                            <a href=\"\/en\/modelos\/s90\/\" class=\"item-link\">\n                                                    <\/a>\n                                    <\/div>\n                    <\/div>\n    <\/div> \n\n<div class=\"block-text\"><h2>The Complete Volvo Universe: Access New Vehicles, Certified Pre-Owned Vehicles, and the Best Leasing Solutions<\/h2>\n<p>&nbsp;<\/p>\n<p>Welcome to the ultimate view of our fleet: the page of <b>All Our Volvo Vehicles<\/b>We designed this space to be the most powerful and transparent tool in your purchasing process, concentrating <b>each available model<\/b> under one digital roof. Here you can compare, without distractions, the excellence of the <b>New Volvo vehicles<\/b>, the tranquility and superior value of our <b>Selected Volvo<\/b> (pre-owned and used vehicles), and the attractive solutions of <b>Flexible leasing<\/b> tailored to your lifestyle. Our commitment is to facilitate an informed decision, backed by the <b>legendary security<\/b> and the <b>Scandinavian design<\/b> that only Volvo can offer.<\/p>\n<p>&nbsp;<\/p>\n<h2>Discover the Volvo Fleet: Certification, Technology, Sustainability and Acquisition Options<\/h2>\n<p>&nbsp;<\/p>\n<p>The breadth of our offering reflects Volvo&#039;s philosophy of focusing on people and the future. In this <b>full catalog<\/b>We guarantee the highest quality and transparency in every segment:<\/p>\n<p>&nbsp;<\/p>\n<p><b>-New Volvo Vehicles:<\/b> Explore the latest innovations in design, safety, and <i>software<\/i> of the brand. We offer you the latest range, including all models <b>Volvo Recharge<\/b> (pure electric and plug-in hybrids). From the compact and popular <strong>XC40<\/strong> to the majestic <b>XC90<\/b>Here you will find the technical specifications, engine options and prices of the cars that set the standard in the market <i>premium<\/i>.<\/p>\n<p>&nbsp;<\/p>\n<p><b>-Selected and Certified Used Volvos:<\/b> We understand that the best investment is often a car that has already proven its worth. These vehicles have undergone a rigorous testing process. <b>rigorous certification process<\/b> which includes an inspection of more than 100 key points. Buy a <b>Used Volvo<\/b> or of <b>second hand<\/b> Our platform offers you double peace of mind: the inherent reliability of the brand and our guarantee of a verified service history and genuine mileage. This selection is ideal for those seeking quality. <i>premium<\/i> with a substantial economic advantage.<\/p>\n<p>&nbsp;<\/p>\n<p><b>-Volvo Leasing Offers:<\/b> For those who prioritize financial flexibility and predictability, our solutions <b>Leasing for individuals and companies<\/b> They&#039;re ideal. These contracts include most operating costs (maintenance, insurance, and taxes) in a convenient monthly fee. Explore all available options here and discover the easiest way to enjoy a <b>Volvo Leasing<\/b> siempre nuevo y sin preocupaciones por la depreciaci\u00f3n.<\/p>\n<p>&nbsp;<\/p>\n<p>Use our <b>advanced and detailed filters<\/b> To navigate this extensive inventory, search for your ideal model by body style (SUV, Sedan, Station Wagon), technology <b>Plug-in Hybrid<\/b>, <b>Mild Hybrid<\/b> either <b>Pure Electric<\/b>, and range of <b>price<\/b>.<\/p>\n<p>&nbsp;<\/p>\n<h2>The Best Online Shopping Experience: Transparency and Expert Advice<\/h2>\n<p>&nbsp;<\/p>\n<p>This page isn&#039;t just a list; it&#039;s your ultimate tool for making a smart purchase decision. By consolidating <b>all our vehicles<\/b> In one place, we offer you an unparalleled advantage in the market:<\/p>\n<p>&nbsp;<\/p>\n<p><b>-Panoramic View and Direct Comparison:<\/b> Eliminate the need to visit multiple sections. Contrast the features of a <b>Used Volvo<\/b> faced with the conditions of a <b>New Volvo<\/b> and the quotas of <b>Renting<\/b> in the same browsing environment.<\/p>\n<p>&nbsp;<\/p>\n<p><b>-Priority Access to New Releases:<\/b> Thanks to real-time updates, you&#039;re the first to see the <b>latest additions<\/b> to the <i>stock<\/i>, both the <b>used cars<\/b> newly certified as the new <b>leasing offers<\/b>.<\/p>\n<p>&nbsp;<\/p>\n<p><b>-Total Transparency in the Sale:<\/b> All relevant information is available instantly: from the <b>final price with no surprises<\/b> down to the detailed security features, the options of <b>tailored financing<\/b> y los beneficios de la garant\u00eda oficial para cada tipo de veh\u00edculo. Nuestro equipo est\u00e1 a su disposici\u00f3n para guiarle en cualquier duda que pueda surgir entre las diferentes modalidades de adquisici\u00f3n.<\/p>\n<p>&nbsp;<\/p>\n<p>Conf\u00ede en nuestra experiencia y en el prestigio de la marca. Explore ahora nuestro <b>extensive inventory of Volvo cars<\/b> and find today the vehicle that will elevate your driving experience to the next level.<\/p>\n<\/div>","protected":false},"excerpt":{"rendered":"","protected":false},"author":1,"featured_media":0,"parent":0,"menu_order":0,"comment_status":"closed","ping_status":"closed","template":"","meta":{"_acf_changed":false,"footnotes":""},"class_list":["post-649","page","type-page","status-publish","hentry"],"acf":[],"yoast_head":"<!-- This site is optimized with the Yoast SEO plugin v26.0 - https:\/\/yoast.com\/wordpress\/plugins\/seo\/ -->\n<title>Todos nuestros veh\u00edculos - Volvo Cars Matar\u00f3<\/title>\n<meta name=\"robots\" content=\"noindex, follow, max-snippet:-1, max-image-preview:large, max-video-preview:-1\" \/>\n<meta property=\"og:locale\" content=\"en_GB\" \/>\n<meta property=\"og:type\" content=\"article\" \/>\n<meta property=\"og:title\" content=\"Todos nuestros veh\u00edculos - Volvo Cars Matar\u00f3\" \/>\n<meta property=\"og:url\" content=\"https:\/\/admin.volvocarsmataro.com\/en\/nuestros-vehiculos\/\" \/>\n<meta property=\"og:site_name\" content=\"Volvo Cars Matar\u00f3\" \/>\n<meta property=\"article:modified_time\" content=\"2025-10-21T20:37:37+00:00\" \/>\n<meta name=\"twitter:card\" content=\"summary_large_image\" \/>\n<script type=\"application\/ld+json\" class=\"yoast-schema-graph\">{\"@context\":\"https:\/\/schema.org\",\"@graph\":[{\"@type\":\"WebPage\",\"@id\":\"https:\/\/admin.volvocarsmataro.com\/nuestros-vehiculos\/\",\"url\":\"https:\/\/admin.volvocarsmataro.com\/nuestros-vehiculos\/\",\"name\":\"Todos nuestros veh\u00edculos - Volvo Cars Matar\u00f3\",\"isPartOf\":{\"@id\":\"https:\/\/admin.volvocarsmataro.com\/#website\"},\"datePublished\":\"2025-10-06T13:01:58+00:00\",\"dateModified\":\"2025-10-21T20:37:37+00:00\",\"breadcrumb\":{\"@id\":\"https:\/\/admin.volvocarsmataro.com\/nuestros-vehiculos\/#breadcrumb\"},\"inLanguage\":\"en-GB\",\"potentialAction\":[{\"@type\":\"ReadAction\",\"target\":[\"https:\/\/admin.volvocarsmataro.com\/nuestros-vehiculos\/\"]}]},{\"@type\":\"BreadcrumbList\",\"@id\":\"https:\/\/admin.volvocarsmataro.com\/nuestros-vehiculos\/#breadcrumb\",\"itemListElement\":[{\"@type\":\"ListItem\",\"position\":1,\"name\":\"Home\",\"item\":\"https:\/\/admin.volvocarsmataro.com\/\"},{\"@type\":\"ListItem\",\"position\":2,\"name\":\"Todos nuestros veh\u00edculos\"}]},{\"@type\":\"WebSite\",\"@id\":\"https:\/\/admin.volvocarsmataro.com\/#website\",\"url\":\"https:\/\/admin.volvocarsmataro.com\/\",\"name\":\"Volvo Cars Matar\u00f3\",\"description\":\"\",\"potentialAction\":[{\"@type\":\"SearchAction\",\"target\":{\"@type\":\"EntryPoint\",\"urlTemplate\":\"https:\/\/admin.volvocarsmataro.com\/?s={search_term_string}\"},\"query-input\":{\"@type\":\"PropertyValueSpecification\",\"valueRequired\":true,\"valueName\":\"search_term_string\"}}],\"inLanguage\":\"en-GB\"}]}<\/script>\n<!-- \/ Yoast SEO plugin. -->","yoast_head_json":{"title":"Todos nuestros veh\u00edculos - Volvo Cars Matar\u00f3","robots":{"index":"noindex","follow":"follow","max-snippet":"max-snippet:-1","max-image-preview":"max-image-preview:large","max-video-preview":"max-video-preview:-1"},"og_locale":"en_GB","og_type":"article","og_title":"Todos nuestros veh\u00edculos - Volvo Cars Matar\u00f3","og_url":"https:\/\/admin.volvocarsmataro.com\/en\/nuestros-vehiculos\/","og_site_name":"Volvo Cars Matar\u00f3","article_modified_time":"2025-10-21T20:37:37+00:00","twitter_card":"summary_large_image","schema":{"@context":"https:\/\/schema.org","@graph":[{"@type":"WebPage","@id":"https:\/\/admin.volvocarsmataro.com\/nuestros-vehiculos\/","url":"https:\/\/admin.volvocarsmataro.com\/nuestros-vehiculos\/","name":"Todos nuestros veh\u00edculos - Volvo Cars Matar\u00f3","isPartOf":{"@id":"https:\/\/admin.volvocarsmataro.com\/#website"},"datePublished":"2025-10-06T13:01:58+00:00","dateModified":"2025-10-21T20:37:37+00:00","breadcrumb":{"@id":"https:\/\/admin.volvocarsmataro.com\/nuestros-vehiculos\/#breadcrumb"},"inLanguage":"en-GB","potentialAction":[{"@type":"ReadAction","target":["https:\/\/admin.volvocarsmataro.com\/nuestros-vehiculos\/"]}]},{"@type":"BreadcrumbList","@id":"https:\/\/admin.volvocarsmataro.com\/nuestros-vehiculos\/#breadcrumb","itemListElement":[{"@type":"ListItem","position":1,"name":"Home","item":"https:\/\/admin.volvocarsmataro.com\/"},{"@type":"ListItem","position":2,"name":"Todos nuestros veh\u00edculos"}]},{"@type":"WebSite","@id":"https:\/\/admin.volvocarsmataro.com\/#website","url":"https:\/\/admin.volvocarsmataro.com\/","name":"Volvo Cars Matar\u00f3","description":"","potentialAction":[{"@type":"SearchAction","target":{"@type":"EntryPoint","urlTemplate":"https:\/\/admin.volvocarsmataro.com\/?s={search_term_string}"},"query-input":{"@type":"PropertyValueSpecification","valueRequired":true,"valueName":"search_term_string"}}],"inLanguage":"en-GB"}]}},"_links":{"self":[{"href":"https:\/\/admin.volvocarsmataro.com\/en\/wp-json\/wp\/v2\/pages\/649","targetHints":{"allow":["GET"]}}],"collection":[{"href":"https:\/\/admin.volvocarsmataro.com\/en\/wp-json\/wp\/v2\/pages"}],"about":[{"href":"https:\/\/admin.volvocarsmataro.com\/en\/wp-json\/wp\/v2\/types\/page"}],"author":[{"embeddable":true,"href":"https:\/\/admin.volvocarsmataro.com\/en\/wp-json\/wp\/v2\/users\/1"}],"replies":[{"embeddable":true,"href":"https:\/\/admin.volvocarsmataro.com\/en\/wp-json\/wp\/v2\/comments?post=649"}],"version-history":[{"count":29,"href":"https:\/\/admin.volvocarsmataro.com\/en\/wp-json\/wp\/v2\/pages\/649\/revisions"}],"predecessor-version":[{"id":1612,"href":"https:\/\/admin.volvocarsmataro.com\/en\/wp-json\/wp\/v2\/pages\/649\/revisions\/1612"}],"wp:attachment":[{"href":"https:\/\/admin.volvocarsmataro.com\/en\/wp-json\/wp\/v2\/media?parent=649"}],"curies":[{"name":"wp","href":"https:\/\/api.w.org\/{rel}","templated":true}]}}