{"id":280,"date":"2025-09-29T11:50:31","date_gmt":"2025-09-29T09:50:31","guid":{"rendered":"https:\/\/volmar.red.grupvolmar.com\/?page_id=280"},"modified":"2026-01-23T10:52:48","modified_gmt":"2026-01-23T09:52:48","slug":"home","status":"publish","type":"page","link":"https:\/\/admin.volvocarsmataro.com\/en\/home\/","title":{"rendered":"Home"},"content":{"rendered":"<div class=\"hero-block hero-block--mid\" style=\"background-color: Page;\">\n                        <div class=\"hero-slide\">\n                                    <h2 class=\"hero-title\">Volvo XC60. Now from \u20ac43,600 or from \u20ac250\/month<\/h2>\n                                \n                                    <p class=\"hero-subtitle\">Initial payment: \u20ac10,651.90, Final payment: \u20ac32,508.28, APR: 10.31% %<\/p>\n                                \n                                    <div class=\"hero-image\">\n                                                    <img decoding=\"async\" src=\"https:\/\/admin.volvocarsmataro.com\/wp-content\/uploads\/sites\/2\/2025\/10\/208057_The_new_Volvo_XC60-1-scaled-e1759409514333.jpg\" alt=\"\">\n                                            <\/div>\n                                \n                                    <div class=\"hero-buttons\">\n                                                    <a href=\"#contact\" class=\"hero-button hero-button--accent\">\n                                Contact                            <\/a>\n                                                    <a href=\"\/en\/modelos\/xc60\/\" class=\"hero-button hero-button--outline\">\n                                More information                            <\/a>\n                                            <\/div>\n                                \n                                    <div class=\"hero-slide-footnote\">\n                        <p>Financed price: \u20ac43,600. 36 installments of \u20ac250 and a final installment of \u20ac32,508.28. APR 8.491%, AER 13.411%, financed amount: \u20ac33,084.10. Total price in installments: \u20ac51,149.28. Interest: \u20ac8,268.28. Financing arrangement fee: \u20ac601.55. Total price in installments: \u20ac52,362.83. Example for Volvo XC60 B4 (Gasoline) Core, 145 kW. Financing offer valid until 01\/31\/2026. Subject to terms and conditions. Financing offered by Banco Cetelem SAU subject to approval. See terms and conditions at www.volvocars.com\/es\/Servicios\/financiacion\/opciones-financiacion\/cuota-volvo-xc60-options<\/p>\n                    <\/div>\n                            <\/div>\n                    <div class=\"hero-slide\">\n                                    <h2 class=\"hero-title\">New Volvo XC40. Now from \u20ac33,100 or from \u20ac160\/month*<\/h2>\n                                \n                                    <p class=\"hero-subtitle\">Admission: \u20ac13,357.50, Last fee: \u20ac18,745.79, APR: 10.01%<\/p>\n                                \n                                    <div class=\"hero-image\">\n                                                    <img decoding=\"async\" src=\"https:\/\/admin.volvocarsmataro.com\/wp-content\/uploads\/sites\/2\/2025\/10\/xc40exterior2-2-e1759908897873.avif\" alt=\"\">\n                                            <\/div>\n                                \n                                    <div class=\"hero-buttons\">\n                                                    <a href=\"#contact\" class=\"hero-button hero-button--accent\">\n                                Contact                            <\/a>\n                                                    <a href=\"\/en\/modelos\/xc40\/\" class=\"hero-button hero-button--outline\">\n                                More information                            <\/a>\n                                            <\/div>\n                                \n                                    <div class=\"hero-slide-footnote\">\n                        <p>Volvo XC40 B3 Automatic Essential AWD 121 kW (163 hp) Combined fuel consumption (l\/100km) 6.6-7.3 and CO2 emissions (g\/km) 150-166. (*) RRP: \u20ac42,900. Financed price: \u20ac33,100. Down payment: \u20ac13,357.50. 3.50% origination fee payable upfront: \u20ac690.99. Financed amount: \u20ac19,742.50. 47 monthly installments of \u20ac160. After four years, you can trade it in for another model, return it, or keep it by paying a final installment of \u20ac18,745.79. Final value guaranteed for 10,000 km per year. Consult your dealer for other available mileages. APR: 8.491% APR3T. Annual Percentage Rate (APR): 10.011% APR3T. Total interest: \u20ac6,523.29. Total cost of credit: \u20ac7,214.28. Total amount owed: \u20ac26,956.78. Total price in installments: \u20ac40,314.28. French amortization system. Financed under the Volvo Car Financial Services brand (part of the Volvo Car Group) through Banco Cetelem SAU until January 31, 2026.<\/p>\n                    <\/div>\n                            <\/div>\n                    <div class=\"hero-slide\">\n                                    <h2 class=\"hero-title\">Liquidation of Volvo Selekt to VOLMAR<\/h2>\n                                \n                                    <p class=\"hero-subtitle\">Aprofita during this month of general the latest offers in stock of KM0 vehicles and management. Get your Volvo somiat!<\/p>\n                                \n                                    <div class=\"hero-image\">\n                                                    <img decoding=\"async\" src=\"https:\/\/admin.volvocarsmataro.com\/wp-content\/uploads\/sites\/2\/2026\/01\/3.png\" alt=\"\">\n                                            <\/div>\n                                \n                                    <div class=\"hero-buttons\">\n                                                    <a href=\"https:\/\/www.volvocarsmataro.com\/vehiculos-de-ocasion\/\" class=\"hero-button hero-button--accent\">\n                                View offers                            <\/a>\n                                            <\/div>\n                                \n                            <\/div>\n                    <div class=\"hero-slide\">\n                                    <h2 class=\"hero-title\">Volvo EX30 from \u20ac28,600 with wallbox included<\/h2>\n                                \n                                    <p class=\"hero-subtitle\">Scandinavian design and smart technology in an electric version. Minimalism, safety, and sustainability from Volvo.<\/p>\n                                \n                                    <div class=\"hero-image\">\n                                                    <img decoding=\"async\" src=\"https:\/\/admin.volvocarsmataro.com\/wp-content\/uploads\/sites\/2\/2025\/10\/347922_EX30_Start_of_Production_at_Volvo_Car_Gent-scaled.jpg\" alt=\"\">\n                                            <\/div>\n                                \n                                    <div class=\"hero-buttons\">\n                                                    <a href=\"https:\/\/www.volvocarsmataro.com\/modelos\/ex30\/\" class=\"hero-button hero-button--accent\">\n                                I love you                            <\/a>\n                                            <\/div>\n                                \n                            <\/div>\n            <\/div> \n\n<div class=\"block-text\"><div id=\"trikomerresumen\" data-idbiz=\"VOLMAR568\" data-style=\"volmar\"><\/div>\n<\/div>\n\n\n<div class=\"info-grid-block\" style=\"background-color: Page;\">\n            <div class=\"info-grid\">\n                            <div class=\"info-item\">\n                                            <h3 class=\"info-title\">Current offers<\/h3>\n                                        \n                                            <p class=\"info-text\">View the offers and get the best price on your new vehicle.<\/p>\n                                        \n                                    <\/div>\n                            <div class=\"info-item\">\n                                            <h3 class=\"info-title\">New vehicle stock<\/h3>\n                                        \n                                            <p class=\"info-text\">See what&#039;s in stock and ready for delivery.<\/p>\n                                        \n                                    <\/div>\n                            <div class=\"info-item\">\n                                            <h3 class=\"info-title\">Volvo Club: Our commitment<\/h3>\n                                        \n                                            <p class=\"info-text\">Discover all your advantages of being part of Volvo.<\/p>\n                                        \n                                    <\/div>\n                            <div class=\"info-item\">\n                                            <h3 class=\"info-title\">Book a test drive<\/h3>\n                                        \n                                            <p class=\"info-text\">Discover what it would be like to drive a Volvo every day<\/p>\n                                        \n                                    <\/div>\n                    <\/div>\n    <\/div> \n\n\n<div class=\"item-grid-block\" style=\"background-color: Page;\">\n            <div class=\"item-grid\">\n                            <div class=\"grid-item\">\n                                            <div class=\"item-image\">\n                                                            <img decoding=\"async\" src=\"https:\/\/admin.volvocarsmataro.com\/wp-content\/uploads\/sites\/2\/2025\/09\/V60_16_9_secondarybanner-e1759147251658.avif\" alt=\"\">\n                                                    <\/div>\n                                        \n                                            <h3 class=\"item-title\">Volvo V60 mild hybrid B4 (gasoline) for \u20ac489\/month<\/h3>\n                                        \n                                            <p class=\"item-text\">Make this family car yours with our private rental.<\/p>\n                                        \n                                            <a href=\"\/en\/modelos\/v60\/\" class=\"item-link\">\n                                                    <\/a>\n                                    <\/div>\n                            <div class=\"grid-item\">\n                                            <div class=\"item-image\">\n                                                            <img decoding=\"async\" src=\"https:\/\/admin.volvocarsmataro.com\/wp-content\/uploads\/sites\/2\/2025\/09\/Volvo_EX30_banner_local_1-e1759147326743.avif\" alt=\"\">\n                                                    <\/div>\n                                        \n                                            <h3 class=\"item-title\">Now, the Volvo EX30 from \u20ac28,600 with Wallbox and installation included***<\/h3>\n                                        \n                                            <p class=\"item-text\">You can also benefit from up to \u20ac7,000 from the Moves III plan.<\/p>\n                                        \n                                            <a href=\"\/en\/modelos\/ex30\/\" class=\"item-link\">\n                            Get it***                        <\/a>\n                                    <\/div>\n                    <\/div>\n    <\/div> \n\n\n<p>Models<\/p>\n\n\n\n<div class=\"featured-models-block\" style=\"background-color: Page;\">\n            <h2 class=\"featured-models__title\">Models<\/h2>\n        \n        \n    <\/div> \n\n\n<div class=\"item-grid-block\" style=\"background-color: Page;\">\n            <div class=\"item-grid\">\n                            <div class=\"grid-item\">\n                                            <div class=\"item-image\">\n                                                            <img decoding=\"async\" src=\"https:\/\/admin.volvocarsmataro.com\/wp-content\/uploads\/sites\/2\/2025\/11\/asset-10-scaled-1.jpg\" alt=\"\">\n                                                    <\/div>\n                                        \n                                            <h3 class=\"item-title\"> Electrification<\/h3>\n                                        \n                                            <p class=\"item-text\">Switch to electric with confidence by learning about charging, range, and the cost of electric driving.<\/p>\n                                        \n                                    <\/div>\n                            <div class=\"grid-item\">\n                                            <div class=\"item-image\">\n                                                            <img decoding=\"async\" src=\"https:\/\/admin.volvocarsmataro.com\/wp-content\/uploads\/sites\/2\/2025\/11\/asset-11-scaled-1.jpg\" alt=\"\">\n                                                    <\/div>\n                                        \n                                            <h3 class=\"item-title\">Security<\/h3>\n                                        \n                                            <p class=\"item-text\">Discover the innovative technologies that keep Volvo Cars at the forefront of automotive safety.<\/p>\n                                        \n                                    <\/div>\n                            <div class=\"grid-item\">\n                                            <div class=\"item-image\">\n                                                            <img decoding=\"async\" src=\"https:\/\/admin.volvocarsmataro.com\/wp-content\/uploads\/sites\/2\/2025\/11\/asset-12-scaled-1.jpg\" alt=\"\">\n                                                    <\/div>\n                                        \n                                            <h3 class=\"item-title\">Sustainability<\/h3>\n                                        \n                                            <p class=\"item-text\">Discover how we are reducing emissions, embracing circularity, and much more to pioneer new ways of protecting the planet.<\/p>\n                                        \n                                    <\/div>\n                    <\/div>\n    <\/div> \n\n\n<div class=\"item-grid-block\" style=\"background-color: Page;\">\n            <div class=\"item-grid\">\n                            <div class=\"grid-item\">\n                                            <div class=\"item-image\">\n                                                            <img decoding=\"async\" src=\"https:\/\/admin.volvocarsmataro.com\/wp-content\/uploads\/sites\/2\/2025\/11\/asset-13-scaled-1.jpg\" alt=\"\">\n                                                    <\/div>\n                                        \n                                            <h3 class=\"item-title\">Volvo Leasing<\/h3>\n                                        \n                                            <p class=\"item-text\">Enjoy your Volvo with the best leasing option, without complications or surprises.<\/p>\n                                        \n                                            <a href=\"https:\/\/admin.volvocarsmataro.com\/en\/renting\/\" class=\"item-link\">\n                                                    <\/a>\n                                    <\/div>\n                            <div class=\"grid-item\">\n                                            <div class=\"item-image\">\n                                                            <img decoding=\"async\" src=\"https:\/\/admin.volvocarsmataro.com\/wp-content\/uploads\/sites\/2\/2025\/11\/asset-14-scaled-1.jpg\" alt=\"\">\n                                                    <\/div>\n                                        \n                                            <h3 class=\"item-title\">Volvo for Business<\/h3>\n                                        \n                                            <p class=\"item-text\">With a Volvo as your company vehicle, you&#039;ll have the best safety.<\/p>\n                                        \n                                            <a href=\"https:\/\/admin.volvocarsmataro.com\/en\/business\/\" class=\"item-link\">\n                                                    <\/a>\n                                    <\/div>\n                    <\/div>\n    <\/div> \n\n\n<div class=\"image-with-text-block\" style=\"background-color: Page;\">\n    <div class=\"image-with-text image-with-text--left\">\n                    <div class=\"image-with-text__image\">\n                                    <img decoding=\"async\" src=\"https:\/\/admin.volvocarsmataro.com\/wp-content\/uploads\/sites\/2\/2025\/11\/asset-15-scaled-1.jpeg\" alt=\"\">\n                            <\/div>\n                \n        <div class=\"image-with-text__content\">\n                            <h3 class=\"image-with-text__title\">Accessories offers<\/h3>\n                        \n                            <p class=\"image-with-text__text\">Traveling in your Volvo with everything you need now costs less. Find the accessory that best suits your driving style, your family, or your trip. And live the adventure.<\/p>\n                        \n                            <a href=\"https:\/\/admin.volvocarsmataro.com\/en\/postventa-volvo\/\" class=\"image-with-text__button\">\n                    More information                <\/a>\n                    <\/div>\n    <\/div>\n<\/div> \n\n<div class=\"block-text\"><div id=\"trikomeropinionesdestacadas\" data-idbiz=\"VOLMAR568\" data-style=\"volmar\"><\/div>\n<\/div>\n\n\n<div class=\"highlights-block\" style=\"background-color: Page;\">\n            <div class=\"highlights\">\n                            <div class=\"highlight-item\">\n                                            <div class=\"highlight-image\">\n                                                            <img decoding=\"async\" src=\"https:\/\/admin.volvocarsmataro.com\/wp-content\/uploads\/sites\/2\/2025\/10\/v90exterior4-e1762330544459.avif\" alt=\"\">\n                                                    <\/div>\n                                        \n                                            <h3 class=\"highlight-title\">New vehicle<\/h3>\n                                        \n                                            <a href=\"https:\/\/admin.volvocarsmataro.com\/en\/vehiculos-nuevos\/\" class=\"highlight-link\">\n                            View Details\n                        <\/a>\n                                    <\/div>\n                            <div class=\"highlight-item\">\n                                            <div class=\"highlight-image\">\n                                                            <img decoding=\"async\" src=\"https:\/\/admin.volvocarsmataro.com\/wp-content\/uploads\/sites\/2\/2025\/11\/Overview-location-gallery-4-16x9-1-1.jpg\" alt=\"\">\n                                                    <\/div>\n                                        \n                                            <h3 class=\"highlight-title\">Used vehicle<\/h3>\n                                        \n                                            <a href=\"https:\/\/admin.volvocarsmataro.com\/en\/vehiculos-de-ocasion\/\" class=\"highlight-link\">\n                            View Details\n                        <\/a>\n                                    <\/div>\n                            <div class=\"highlight-item\">\n                                            <div class=\"highlight-image\">\n                                                            <img decoding=\"async\" src=\"https:\/\/admin.volvocarsmataro.com\/wp-content\/uploads\/sites\/2\/2025\/11\/xc40exterior2-1.jpg\" alt=\"\">\n                                                    <\/div>\n                                        \n                                            <h3 class=\"highlight-title\">Renting<\/h3>\n                                        \n                                            <a href=\"https:\/\/admin.volvocarsmataro.com\/en\/renting\/\" class=\"highlight-link\">\n                            View Details\n                        <\/a>\n                                    <\/div>\n                            <div class=\"highlight-item\">\n                                            <div class=\"highlight-image\">\n                                                            <img decoding=\"async\" src=\"https:\/\/admin.volvocarsmataro.com\/wp-content\/uploads\/sites\/2\/2025\/11\/Volvo_personal_service_Promotional_Hero_Mobile_1920x2400-en-tamano-grande.jpg\" alt=\"\">\n                                                    <\/div>\n                                        \n                                            <h3 class=\"highlight-title\">After-sales services<\/h3>\n                                        \n                                            <a href=\"https:\/\/admin.volvocarsmataro.com\/en\/postventa-volvo\/\" class=\"highlight-link\">\n                            View Details\n                        <\/a>\n                                    <\/div>\n                    <\/div>\n    <\/div>","protected":false},"excerpt":{"rendered":"<p>Models<\/p>","protected":false},"author":1,"featured_media":0,"parent":0,"menu_order":0,"comment_status":"closed","ping_status":"closed","template":"","meta":{"_acf_changed":false,"footnotes":""},"class_list":["post-280","page","type-page","status-publish","hentry"],"acf":[],"yoast_head":"<!-- This site is optimized with the Yoast SEO plugin v26.0 - https:\/\/yoast.com\/wordpress\/plugins\/seo\/ -->\n<title>Concesionario Volvo - Volvo Cars en Matar\u00f3 Modelos Volvo y Ocasi\u00f3n<\/title>\n<meta name=\"description\" content=\"Concesionario oficial Volvo en Matar\u00f3. Encuentra Coches Volvo Nuevos, Coches de Ocasi\u00f3n y Coches de Segunda Mano. Compra y mantenimiento. Taller y Servicio oficial. \u00a1Con\u00f3cenos!\" \/>\n<meta name=\"robots\" content=\"noindex, follow, max-snippet:-1, max-image-preview:large, max-video-preview:-1\" \/>\n<meta property=\"og:locale\" content=\"en_GB\" \/>\n<meta property=\"og:type\" content=\"article\" \/>\n<meta property=\"og:title\" content=\"Concesionario Volvo - Volvo Cars en Matar\u00f3 Modelos Volvo y Ocasi\u00f3n\" \/>\n<meta property=\"og:description\" content=\"Concesionario oficial Volvo en Matar\u00f3. Encuentra Coches Volvo Nuevos, Coches de Ocasi\u00f3n y Coches de Segunda Mano. Compra y mantenimiento. Taller y Servicio oficial. \u00a1Con\u00f3cenos!\" \/>\n<meta property=\"og:url\" content=\"https:\/\/admin.volvocarsmataro.com\/en\/home\/\" \/>\n<meta property=\"og:site_name\" content=\"Volvo Cars Matar\u00f3\" \/>\n<meta property=\"article:modified_time\" content=\"2026-01-23T09:52:48+00:00\" \/>\n<meta name=\"twitter:card\" content=\"summary_large_image\" \/>\n<meta name=\"twitter:label1\" content=\"Estimated reading time\" \/>\n\t<meta name=\"twitter:data1\" content=\"1 minute\" \/>\n<script type=\"application\/ld+json\" class=\"yoast-schema-graph\">{\"@context\":\"https:\/\/schema.org\",\"@graph\":[{\"@type\":\"WebPage\",\"@id\":\"https:\/\/admin.volvocarsmataro.com\/home\/\",\"url\":\"https:\/\/admin.volvocarsmataro.com\/home\/\",\"name\":\"Concesionario Volvo - Volvo Cars en Matar\u00f3 Modelos Volvo y Ocasi\u00f3n\",\"isPartOf\":{\"@id\":\"https:\/\/admin.volvocarsmataro.com\/#website\"},\"datePublished\":\"2025-09-29T09:50:31+00:00\",\"dateModified\":\"2026-01-23T09:52:48+00:00\",\"description\":\"Concesionario oficial Volvo en Matar\u00f3. Encuentra Coches Volvo Nuevos, Coches de Ocasi\u00f3n y Coches de Segunda Mano. Compra y mantenimiento. Taller y Servicio oficial. \u00a1Con\u00f3cenos!\",\"breadcrumb\":{\"@id\":\"https:\/\/admin.volvocarsmataro.com\/home\/#breadcrumb\"},\"inLanguage\":\"en-GB\",\"potentialAction\":[{\"@type\":\"ReadAction\",\"target\":[\"https:\/\/admin.volvocarsmataro.com\/home\/\"]}]},{\"@type\":\"BreadcrumbList\",\"@id\":\"https:\/\/admin.volvocarsmataro.com\/home\/#breadcrumb\",\"itemListElement\":[{\"@type\":\"ListItem\",\"position\":1,\"name\":\"Home\",\"item\":\"https:\/\/admin.volvocarsmataro.com\/\"},{\"@type\":\"ListItem\",\"position\":2,\"name\":\"Inicio\"}]},{\"@type\":\"WebSite\",\"@id\":\"https:\/\/admin.volvocarsmataro.com\/#website\",\"url\":\"https:\/\/admin.volvocarsmataro.com\/\",\"name\":\"Volvo Cars Matar\u00f3\",\"description\":\"\",\"potentialAction\":[{\"@type\":\"SearchAction\",\"target\":{\"@type\":\"EntryPoint\",\"urlTemplate\":\"https:\/\/admin.volvocarsmataro.com\/?s={search_term_string}\"},\"query-input\":{\"@type\":\"PropertyValueSpecification\",\"valueRequired\":true,\"valueName\":\"search_term_string\"}}],\"inLanguage\":\"en-GB\"}]}<\/script>\n<!-- \/ Yoast SEO plugin. -->","yoast_head_json":{"title":"Concesionario Volvo - Volvo Cars en Matar\u00f3 Modelos Volvo y Ocasi\u00f3n","description":"Concesionario oficial Volvo en Matar\u00f3. Encuentra Coches Volvo Nuevos, Coches de Ocasi\u00f3n y Coches de Segunda Mano. Compra y mantenimiento. Taller y Servicio oficial. \u00a1Con\u00f3cenos!","robots":{"index":"noindex","follow":"follow","max-snippet":"max-snippet:-1","max-image-preview":"max-image-preview:large","max-video-preview":"max-video-preview:-1"},"og_locale":"en_GB","og_type":"article","og_title":"Concesionario Volvo - Volvo Cars en Matar\u00f3 Modelos Volvo y Ocasi\u00f3n","og_description":"Concesionario oficial Volvo en Matar\u00f3. Encuentra Coches Volvo Nuevos, Coches de Ocasi\u00f3n y Coches de Segunda Mano. Compra y mantenimiento. Taller y Servicio oficial. \u00a1Con\u00f3cenos!","og_url":"https:\/\/admin.volvocarsmataro.com\/en\/home\/","og_site_name":"Volvo Cars Matar\u00f3","article_modified_time":"2026-01-23T09:52:48+00:00","twitter_card":"summary_large_image","twitter_misc":{"Estimated reading time":"1 minute"},"schema":{"@context":"https:\/\/schema.org","@graph":[{"@type":"WebPage","@id":"https:\/\/admin.volvocarsmataro.com\/home\/","url":"https:\/\/admin.volvocarsmataro.com\/home\/","name":"Concesionario Volvo - Volvo Cars en Matar\u00f3 Modelos Volvo y Ocasi\u00f3n","isPartOf":{"@id":"https:\/\/admin.volvocarsmataro.com\/#website"},"datePublished":"2025-09-29T09:50:31+00:00","dateModified":"2026-01-23T09:52:48+00:00","description":"Concesionario oficial Volvo en Matar\u00f3. Encuentra Coches Volvo Nuevos, Coches de Ocasi\u00f3n y Coches de Segunda Mano. Compra y mantenimiento. Taller y Servicio oficial. \u00a1Con\u00f3cenos!","breadcrumb":{"@id":"https:\/\/admin.volvocarsmataro.com\/home\/#breadcrumb"},"inLanguage":"en-GB","potentialAction":[{"@type":"ReadAction","target":["https:\/\/admin.volvocarsmataro.com\/home\/"]}]},{"@type":"BreadcrumbList","@id":"https:\/\/admin.volvocarsmataro.com\/home\/#breadcrumb","itemListElement":[{"@type":"ListItem","position":1,"name":"Home","item":"https:\/\/admin.volvocarsmataro.com\/"},{"@type":"ListItem","position":2,"name":"Inicio"}]},{"@type":"WebSite","@id":"https:\/\/admin.volvocarsmataro.com\/#website","url":"https:\/\/admin.volvocarsmataro.com\/","name":"Volvo Cars Matar\u00f3","description":"","potentialAction":[{"@type":"SearchAction","target":{"@type":"EntryPoint","urlTemplate":"https:\/\/admin.volvocarsmataro.com\/?s={search_term_string}"},"query-input":{"@type":"PropertyValueSpecification","valueRequired":true,"valueName":"search_term_string"}}],"inLanguage":"en-GB"}]}},"_links":{"self":[{"href":"https:\/\/admin.volvocarsmataro.com\/en\/wp-json\/wp\/v2\/pages\/280","targetHints":{"allow":["GET"]}}],"collection":[{"href":"https:\/\/admin.volvocarsmataro.com\/en\/wp-json\/wp\/v2\/pages"}],"about":[{"href":"https:\/\/admin.volvocarsmataro.com\/en\/wp-json\/wp\/v2\/types\/page"}],"author":[{"embeddable":true,"href":"https:\/\/admin.volvocarsmataro.com\/en\/wp-json\/wp\/v2\/users\/1"}],"replies":[{"embeddable":true,"href":"https:\/\/admin.volvocarsmataro.com\/en\/wp-json\/wp\/v2\/comments?post=280"}],"version-history":[{"count":78,"href":"https:\/\/admin.volvocarsmataro.com\/en\/wp-json\/wp\/v2\/pages\/280\/revisions"}],"predecessor-version":[{"id":4767,"href":"https:\/\/admin.volvocarsmataro.com\/en\/wp-json\/wp\/v2\/pages\/280\/revisions\/4767"}],"wp:attachment":[{"href":"https:\/\/admin.volvocarsmataro.com\/en\/wp-json\/wp\/v2\/media?parent=280"}],"curies":[{"name":"wp","href":"https:\/\/api.w.org\/{rel}","templated":true}]}}