{"id":471,"date":"2025-10-03T12:26:39","date_gmt":"2025-10-03T10:26:39","guid":{"rendered":"https:\/\/volmar.red.grupvolmar.com\/?page_id=471"},"modified":"2025-10-28T11:45:45","modified_gmt":"2025-10-28T10:45:45","slug":"postventa-volvo","status":"publish","type":"page","link":"https:\/\/admin.volvocarsmataro.com\/ca\/postventa-volvo\/","title":{"rendered":"Postvenda Volvo"},"content":{"rendered":"<div class=\"hero-block hero-block--small\" style=\"background-color: Page;\">\n                        <div class=\"hero-slide\">\n                                    <h2 class=\"hero-title\">Postvenda de serveis Volvo<\/h2>\n                                \n                                    <p class=\"hero-subtitle\">L&#039;excel\u00b7l\u00e8ncia Volvo tamb\u00e9 es cuida despr\u00e9s de la compra, gaudeix dels nostres serveis oficials dissenyats per mantenir el teu vehicle sempre com el primer dia.<\/p>\n                                \n                                    <div class=\"hero-image\">\n                                                    <img decoding=\"async\" src=\"https:\/\/admin.volvocarsmataro.com\/wp-content\/uploads\/sites\/2\/2025\/10\/volvodeverda-e1759753475152.jpg\" alt=\"\">\n                                            <\/div>\n                                \n                                \n                            <\/div>\n            <\/div> \n\n\n<div class=\"image-with-text-block\" style=\"background-color: Page;\">\n    <div class=\"image-with-text image-with-text--left\">\n                    <div class=\"image-with-text__image\">\n                                    <img decoding=\"async\" src=\"https:\/\/admin.volvocarsmataro.com\/wp-content\/uploads\/sites\/2\/2025\/10\/xc90galeria7.avif\" alt=\"\">\n                            <\/div>\n                \n        <div class=\"image-with-text__content\">\n                            <h3 class=\"image-with-text__title\">Descobreix els nostres serveis postvenda<\/h3>\n                        \n                            <p class=\"image-with-text__text\">Amb els nostres serveis postvenda gaudeixes de manteniment oficial, peces originals, assist\u00e8ncia personalitzada i m\u00e9s per mantenir el teu Volvo sempre segur, fiable i com el primer dia.<\/p>\n                        \n                    <\/div>\n    <\/div>\n<\/div> \n\n\n<div class=\"image-with-text-block\" style=\"background-color: Page;\">\n    <div class=\"image-with-text image-with-text--right\">\n                    <div class=\"image-with-text__image\">\n                                    <img decoding=\"async\" src=\"https:\/\/admin.volvocarsmataro.com\/wp-content\/uploads\/sites\/2\/2025\/10\/tallerrrrrrrrr.avif\" alt=\"\">\n                            <\/div>\n                \n        <div class=\"image-with-text__content\">\n                            <h3 class=\"image-with-text__title\">Volvo Personal Service<\/h3>\n                        \n                            <p class=\"image-with-text__text\">A Volvo, el teu cotxe i tu sou la prioritat. Amb Volvo Personal Service, un T\u00e8cnic de Servei Personal (TPS) s&#039;encarrega directament del vostre vehicle, acompanyant-vos durant tot el proc\u00e9s. Aix\u00ed gaudeixes d&#039;una atenci\u00f3 m\u00e9s r\u00e0pida, transparent i personalitzada, amb la qualitat i la confian\u00e7a que nom\u00e9s Volvo pot oferir.<\/p>\n                        \n                            <a href=\"https:\/\/admin.volvocarsmataro.com\/ca\/volvo-personal-service\/\" class=\"image-with-text__button\">\n                    Descobreix la nostra plantilla de TPS                <\/a>\n                    <\/div>\n    <\/div>\n<\/div> \n\n\n<div class=\"item-grid-block\" style=\"background-color: Page;\">\n            <div class=\"item-grid\">\n                            <div class=\"grid-item\">\n                                            <div class=\"item-image\">\n                                                            <img decoding=\"async\" src=\"https:\/\/admin.volvocarsmataro.com\/wp-content\/uploads\/sites\/2\/2025\/10\/servicio2-scaled-e1759900190735.jpeg\" alt=\"\">\n                                                    <\/div>\n                                        \n                                            <h3 class=\"item-title\">Servei 2.0<\/h3>\n                                        \n                                            <p class=\"item-text\">M\u00e9s que manteniment, \u00e9s l&#039;experi\u00e8ncia de tenir cura de tu i del teu Volvo. Amb cada visita gaudir\u00e0s d&#039;actualitzaci\u00f3 gratu\u00efta de programari, assist\u00e8ncia a la carretera renovada, vehicle net i revisat, i l&#039;atenci\u00f3 personalitzada que mereixes. Tot perqu\u00e8 el teu Volvo estigui sempre a les millors mans.<\/p>\n                                        \n                                    <\/div>\n                            <div class=\"grid-item\">\n                                            <div class=\"item-image\">\n                                                            <img decoding=\"async\" src=\"https:\/\/admin.volvocarsmataro.com\/wp-content\/uploads\/sites\/2\/2025\/10\/mot-article-scaled.avif\" alt=\"\">\n                                                    <\/div>\n                                        \n                                            <h3 class=\"item-title\">Taller mec\u00e0nic<\/h3>\n                                        \n                                            <p class=\"item-text\">Als nostres tallers oficials Volvo trobar\u00e0s un servei integral amb la m\u00e0xima qualitat i professionalitat. Els nostres t\u00e8cnics especialitzats treballen amb eines i recanvis originals per mantenir el teu vehicle sempre en la millor versi\u00f3.<\/p>\n                                        \n                                    <\/div>\n                            <div class=\"grid-item\">\n                                            <div class=\"item-image\">\n                                                            <img decoding=\"async\" src=\"https:\/\/admin.volvocarsmataro.com\/wp-content\/uploads\/sites\/2\/2025\/09\/Overview-location-gallery-3-16x9-1.avif\" alt=\"\">\n                                                    <\/div>\n                                        \n                                            <h3 class=\"item-title\">Extensi\u00f3 de garantia<\/h3>\n                                        \n                                            <p class=\"item-text\">Continua gaudint del teu Volvo sense preocupacions. Amplia la teva garantia fins a 2 anys m\u00e9s i mantingues la cobertura oficial a tot Europa. Reparacions amb peces originals, servei especialitzat i tranquil\u00b7litat de saber que el teu cotxe est\u00e0 sempre protegit.<\/p>\n                                        \n                                    <\/div>\n                    <\/div>\n    <\/div> \n\n\n<div class=\"item-grid-block\" style=\"background-color: Page;\">\n            <div class=\"item-grid\">\n                            <div class=\"grid-item\">\n                                            <div class=\"item-image\">\n                                                            <img decoding=\"async\" src=\"https:\/\/admin.volvocarsmataro.com\/wp-content\/uploads\/sites\/2\/2025\/10\/chapa.jpg\" alt=\"\">\n                                                    <\/div>\n                                        \n                                            <h3 class=\"item-title\">Final de vida dels vehicles<\/h3>\n                                        \n                                            <p class=\"item-text\">En acabar la seva vida \u00fatil, els vehicles Volvo s&#039;han de lliurar a un Centre Autoritzat de Tractament (CAT). Aquests centres s&#039;encarreguen de fer la baixa definitiva i el reciclatge mediambientalment responsable del vehicle, garantint el compliment de la normativa i la correcta gesti\u00f3 de tots els seus components.<\/p>\n                                        \n                                    <\/div>\n                            <div class=\"grid-item\">\n                                            <div class=\"item-image\">\n                                                            <img decoding=\"async\" src=\"https:\/\/admin.volvocarsmataro.com\/wp-content\/uploads\/sites\/2\/2025\/10\/PS-2021-0066.avif\" alt=\"\">\n                                                    <\/div>\n                                        \n                                            <h3 class=\"item-title\">Recanvis originals i accessoris Volvo<\/h3>\n                                        \n                                            <p class=\"item-text\">Nom\u00e9s l&#039;original garanteix l&#039;experi\u00e8ncia Volvo. Disposem de peces i accessoris oficials que aporten qualitat, compatibilitat i disseny exclusiu de la marca.<\/p>\n                                        \n                                    <\/div>\n                            <div class=\"grid-item\">\n                                            <div class=\"item-image\">\n                                                            <img decoding=\"async\" src=\"https:\/\/admin.volvocarsmataro.com\/wp-content\/uploads\/sites\/2\/2025\/10\/12_club_volvo_720x540-scaled.avif\" alt=\"\">\n                                                    <\/div>\n                                        \n                                            <h3 class=\"item-title\">Revisi\u00f3 Pre-ITV a Volmar<\/h3>\n                                        \n                                            <p class=\"item-text\">Supera la ITV sense imprevistos. Revisem el teu Volvo a Volmar amb est\u00e0ndards oficials per garantir que compleixi amb tots els requisits i es mantingui en perfecte estat.<\/p>\n                                        \n                                    <\/div>\n                    <\/div>\n    <\/div> \n\n\n<div class=\"item-grid-block\" style=\"background-color: Page;\">\n            <p>No \u00edtems configured. Utilitzeu el block settings to add content.<\/p>\n    <\/div> \n\n\n<div class=\"item-grid-block\" style=\"background-color: Page;\">\n            <div class=\"item-grid\">\n                            <div class=\"grid-item\">\n                                            <div class=\"item-image\">\n                                                            <img decoding=\"async\" src=\"https:\/\/admin.volvocarsmataro.com\/wp-content\/uploads\/sites\/2\/2025\/10\/planxa.avif\" alt=\"\">\n                                                    <\/div>\n                                        \n                                            <h3 class=\"item-title\">Servei de planxa i pintura<\/h3>\n                                        \n                                            <p class=\"item-text\">El nostre servei de planxa i pintura combina la precisi\u00f3 t\u00e8cnica amb materials originals i processos certificats per la marca, garantint un acabat perfecte i reparaci\u00f3 duradora. Confia en els nostres experts per tornar-li al teu cotxe tota la seva eleg\u00e0ncia i seguretat.<\/p>\n                                        \n                                    <\/div>\n                            <div class=\"grid-item\">\n                                            <div class=\"item-image\">\n                                                            <img decoding=\"async\" src=\"https:\/\/admin.volvocarsmataro.com\/wp-content\/uploads\/sites\/2\/2025\/10\/volvo-xc60-hibrido-pantalla.jpg\" alt=\"\">\n                                                    <\/div>\n                                        \n                                            <h3 class=\"item-title\">Vehicle de substituci\u00f3<\/h3>\n                                        \n                                            <p class=\"item-text\">Volem que segueixis en moviment, fins i tot quan el teu vehicle estigui al taller. Per aix\u00f2, als nostres tallers oficials Volvo t&#039;oferim solucions de mobilitat: vehicle de substituci\u00f3, trasllats o servei de recollida i entrega. <\/p>\n                                        \n                                    <\/div>\n                            <div class=\"grid-item\">\n                                            <div class=\"item-image\">\n                                                            <img decoding=\"async\" src=\"https:\/\/admin.volvocarsmataro.com\/wp-content\/uploads\/sites\/2\/2025\/10\/recambios_original_volvo_promotiontextimage_mobile_1920x1440-2-scaled.avif\" alt=\"\">\n                                                    <\/div>\n                                        \n                                            <h3 class=\"item-title\">Recanvis originals<\/h3>\n                                        \n                                            <p class=\"item-text\">A Volvo, cada pe\u00e7a compta. Per aix\u00f2 utilitzem recanvis originals dissenyats espec\u00edficament per al teu vehicle, garantint el m\u00e0xim rendiment, seguretat i durabilitat. Amb garantia de per vida, perqu\u00e8 condu\u00efsques amb total tranquil\u00b7litat.<\/p>\n                                        \n                                    <\/div>\n                    <\/div>\n    <\/div> \n\n\n<div class=\"image-with-text-block\" style=\"background-color: Page;\">\n    <div class=\"image-with-text image-with-text--left\">\n                    <div class=\"image-with-text__image\">\n                                    <img decoding=\"async\" src=\"https:\/\/admin.volvocarsmataro.com\/wp-content\/uploads\/sites\/2\/2025\/10\/cargador.jpg\" alt=\"\">\n                            <\/div>\n                \n        <div class=\"image-with-text__content\">\n                            <h3 class=\"image-with-text__title\">Pol\u00edtica mediambiental<\/h3>\n                        \n                            <p class=\"image-with-text__text\">A Volvo treballem per reduir el nostre impacte ambiental mitjan\u00e7ant processos sostenibles, vehicles m\u00e9s eficients i un comprom\u00eds constant amb la mobilitat responsable.<\/p>\n                        \n                            <a href=\"http:\/\/admin.volvocarsmataro.com\/wp-content\/uploads\/sites\/2\/2025\/10\/Politica-de-calidad-medioambiente-y-seguridad-de-la-informacion-1.pdf\" class=\"image-with-text__button\">\n                    M\u00e9s informaci\u00f3                <\/a>\n                    <\/div>\n    <\/div>\n<\/div> \n\n\n<div class=\"image-with-text-block\" style=\"background-color: Page;\">\n    <div class=\"image-with-text image-with-text--right\">\n                    <div class=\"image-with-text__image\">\n                                    <img decoding=\"async\" src=\"https:\/\/admin.volvocarsmataro.com\/wp-content\/uploads\/sites\/2\/2025\/10\/isos-e1760613753204.png\" alt=\"\">\n                            <\/div>\n                \n        <div class=\"image-with-text__content\">\n                            <h3 class=\"image-with-text__title\">Certificacions ISO: Garantia de Qualitat i Confian\u00e7a<\/h3>\n                        \n                            <p class=\"image-with-text__text\">Les nostres certificacions ISO avalen el comprom\u00eds amb la qualitat, la seguretat i la millora cont\u00ednua a cada proc\u00e9s. Complim amb est\u00e0ndards internacionals que garanteixen confian\u00e7a, efici\u00e8ncia i excel\u00b7l\u00e8ncia en els serveis que oferim.<\/p>\n                        \n                    <\/div>\n    <\/div>\n<\/div>","protected":false},"excerpt":{"rendered":"","protected":false},"author":1,"featured_media":0,"parent":0,"menu_order":0,"comment_status":"closed","ping_status":"closed","template":"","meta":{"_acf_changed":false,"footnotes":""},"class_list":["post-471","page","type-page","status-publish","hentry"],"acf":[],"yoast_head":"<!-- This site is optimized with the Yoast SEO plugin v26.0 - https:\/\/yoast.com\/wordpress\/plugins\/seo\/ -->\n<title>Postventa Volvo - Volvo Cars Matar\u00f3<\/title>\n<meta name=\"robots\" content=\"noindex, follow, max-snippet:-1, max-image-preview:large, max-video-preview:-1\" \/>\n<meta property=\"og:locale\" content=\"ca_ES\" \/>\n<meta property=\"og:type\" content=\"article\" \/>\n<meta property=\"og:title\" content=\"Postventa Volvo - Volvo Cars Matar\u00f3\" \/>\n<meta property=\"og:url\" content=\"https:\/\/admin.volvocarsmataro.com\/ca\/postventa-volvo\/\" \/>\n<meta property=\"og:site_name\" content=\"Volvo Cars Matar\u00f3\" \/>\n<meta property=\"article:modified_time\" content=\"2025-10-28T10:45:45+00:00\" \/>\n<meta name=\"twitter:card\" content=\"summary_large_image\" \/>\n<script type=\"application\/ld+json\" class=\"yoast-schema-graph\">{\"@context\":\"https:\/\/schema.org\",\"@graph\":[{\"@type\":\"WebPage\",\"@id\":\"https:\/\/admin.volvocarsmataro.com\/postventa-volvo\/\",\"url\":\"https:\/\/admin.volvocarsmataro.com\/postventa-volvo\/\",\"name\":\"Postventa Volvo - Volvo Cars Matar\u00f3\",\"isPartOf\":{\"@id\":\"https:\/\/admin.volvocarsmataro.com\/#website\"},\"datePublished\":\"2025-10-03T10:26:39+00:00\",\"dateModified\":\"2025-10-28T10:45:45+00:00\",\"breadcrumb\":{\"@id\":\"https:\/\/admin.volvocarsmataro.com\/postventa-volvo\/#breadcrumb\"},\"inLanguage\":\"ca\",\"potentialAction\":[{\"@type\":\"ReadAction\",\"target\":[\"https:\/\/admin.volvocarsmataro.com\/postventa-volvo\/\"]}]},{\"@type\":\"BreadcrumbList\",\"@id\":\"https:\/\/admin.volvocarsmataro.com\/postventa-volvo\/#breadcrumb\",\"itemListElement\":[{\"@type\":\"ListItem\",\"position\":1,\"name\":\"Home\",\"item\":\"https:\/\/admin.volvocarsmataro.com\/\"},{\"@type\":\"ListItem\",\"position\":2,\"name\":\"Postventa Volvo\"}]},{\"@type\":\"WebSite\",\"@id\":\"https:\/\/admin.volvocarsmataro.com\/#website\",\"url\":\"https:\/\/admin.volvocarsmataro.com\/\",\"name\":\"Volvo Cars Matar\u00f3\",\"description\":\"\",\"potentialAction\":[{\"@type\":\"SearchAction\",\"target\":{\"@type\":\"EntryPoint\",\"urlTemplate\":\"https:\/\/admin.volvocarsmataro.com\/?s={search_term_string}\"},\"query-input\":{\"@type\":\"PropertyValueSpecification\",\"valueRequired\":true,\"valueName\":\"search_term_string\"}}],\"inLanguage\":\"ca\"}]}<\/script>\n<!-- \/ Yoast SEO plugin. -->","yoast_head_json":{"title":"Postventa Volvo - Volvo Cars Matar\u00f3","robots":{"index":"noindex","follow":"follow","max-snippet":"max-snippet:-1","max-image-preview":"max-image-preview:large","max-video-preview":"max-video-preview:-1"},"og_locale":"ca_ES","og_type":"article","og_title":"Postventa Volvo - Volvo Cars Matar\u00f3","og_url":"https:\/\/admin.volvocarsmataro.com\/ca\/postventa-volvo\/","og_site_name":"Volvo Cars Matar\u00f3","article_modified_time":"2025-10-28T10:45:45+00:00","twitter_card":"summary_large_image","schema":{"@context":"https:\/\/schema.org","@graph":[{"@type":"WebPage","@id":"https:\/\/admin.volvocarsmataro.com\/postventa-volvo\/","url":"https:\/\/admin.volvocarsmataro.com\/postventa-volvo\/","name":"Postventa Volvo - Volvo Cars Matar\u00f3","isPartOf":{"@id":"https:\/\/admin.volvocarsmataro.com\/#website"},"datePublished":"2025-10-03T10:26:39+00:00","dateModified":"2025-10-28T10:45:45+00:00","breadcrumb":{"@id":"https:\/\/admin.volvocarsmataro.com\/postventa-volvo\/#breadcrumb"},"inLanguage":"ca","potentialAction":[{"@type":"ReadAction","target":["https:\/\/admin.volvocarsmataro.com\/postventa-volvo\/"]}]},{"@type":"BreadcrumbList","@id":"https:\/\/admin.volvocarsmataro.com\/postventa-volvo\/#breadcrumb","itemListElement":[{"@type":"ListItem","position":1,"name":"Home","item":"https:\/\/admin.volvocarsmataro.com\/"},{"@type":"ListItem","position":2,"name":"Postventa Volvo"}]},{"@type":"WebSite","@id":"https:\/\/admin.volvocarsmataro.com\/#website","url":"https:\/\/admin.volvocarsmataro.com\/","name":"Volvo Cars Matar\u00f3","description":"","potentialAction":[{"@type":"SearchAction","target":{"@type":"EntryPoint","urlTemplate":"https:\/\/admin.volvocarsmataro.com\/?s={search_term_string}"},"query-input":{"@type":"PropertyValueSpecification","valueRequired":true,"valueName":"search_term_string"}}],"inLanguage":"ca"}]}},"_links":{"self":[{"href":"https:\/\/admin.volvocarsmataro.com\/ca\/wp-json\/wp\/v2\/pages\/471","targetHints":{"allow":["GET"]}}],"collection":[{"href":"https:\/\/admin.volvocarsmataro.com\/ca\/wp-json\/wp\/v2\/pages"}],"about":[{"href":"https:\/\/admin.volvocarsmataro.com\/ca\/wp-json\/wp\/v2\/types\/page"}],"author":[{"embeddable":true,"href":"https:\/\/admin.volvocarsmataro.com\/ca\/wp-json\/wp\/v2\/users\/1"}],"replies":[{"embeddable":true,"href":"https:\/\/admin.volvocarsmataro.com\/ca\/wp-json\/wp\/v2\/comments?post=471"}],"version-history":[{"count":84,"href":"https:\/\/admin.volvocarsmataro.com\/ca\/wp-json\/wp\/v2\/pages\/471\/revisions"}],"predecessor-version":[{"id":1641,"href":"https:\/\/admin.volvocarsmataro.com\/ca\/wp-json\/wp\/v2\/pages\/471\/revisions\/1641"}],"wp:attachment":[{"href":"https:\/\/admin.volvocarsmataro.com\/ca\/wp-json\/wp\/v2\/media?parent=471"}],"curies":[{"name":"wp","href":"https:\/\/api.w.org\/{rel}","templated":true}]}}