{"id":4401,"date":"2025-12-23T18:20:21","date_gmt":"2025-12-23T17:20:21","guid":{"rendered":"https:\/\/admin.volvocarsmataro.com\/?page_id=4401"},"modified":"2025-12-24T16:08:14","modified_gmt":"2025-12-24T15:08:14","slug":"politica-de-privacidad","status":"publish","type":"page","link":"https:\/\/admin.volvocarsmataro.com\/ca\/politica-de-privacidad\/","title":{"rendered":"Pol\u00edtica de Privadesa"},"content":{"rendered":"<div class=\"hero-block hero-block--small\" style=\"background-color: Page;\">\n                        <div class=\"hero-slide\">\n                                    <h2 class=\"hero-title\">Pol\u00edtica de Privadesa<\/h2>\n                                \n                                    <p class=\"hero-subtitle\">Seguint els principis de licitud, lleialtat i transpar\u00e8ncia, posem a la vostra disposici\u00f3 aquesta Pol\u00edtica de Privadesa.<\/p>\n                                \n                                \n                                \n                            <\/div>\n            <\/div> \n\n<div class=\"block-text\"><div><b><span class=\"il\">Pol\u00edtica de Privadesa<\/span><\/b><\/div>\n<div>\n<hr \/>\n<\/div>\n<p data-path-to-node=\"27\"><b data-path-to-node=\"27\" data-index-in-node=\"0\">RESPONSABLE DEL TRACTAMENT<\/b><\/p>\n<ul data-path-to-node=\"28\">\n<li>\n<p data-path-to-node=\"28,0,0\"><b data-path-to-node=\"28,0,0\" data-index-in-node=\"0\">Identitat:<\/b> LESSEPS MOTOR, SL (d&#039;ara endavant GRUP VOLMAR)<\/p>\n<\/li>\n<li>\n<p data-path-to-node=\"28,1,0\"><b data-path-to-node=\"28,1,0\" data-index-in-node=\"0\">NIF:<\/b> B58608738<\/p>\n<\/li>\n<li>\n<p data-path-to-node=\"28,2,0\"><b data-path-to-node=\"28,2,0\" data-index-in-node=\"0\">Adre\u00e7a postal:<\/b> Carretera de Barcelona, 40-42, 08302 Matar\u00f3 (Barcelona)<\/p>\n<\/li>\n<li>\n<p data-path-to-node=\"28,3,0\"><b data-path-to-node=\"28,3,0\" data-index-in-node=\"0\">Tel\u00e8fon:<\/b> 93 285 75 75<\/p>\n<\/li>\n<li>\n<p data-path-to-node=\"28,4,0\"><b data-path-to-node=\"28,4,0\" data-index-in-node=\"0\">Correu electr\u00f2nic:<\/b> gdpr@gruplesseps.com \/ info@grupvolmar.com<\/p>\n<\/li>\n<\/ul>\n<hr \/>\n<p data-path-to-node=\"29\"><b data-path-to-node=\"29\" data-index-in-node=\"0\">FINALITAT DEL TRACTAMENT<\/b><\/p>\n<p data-path-to-node=\"30\">A GRUP VOLMAR tractem la informaci\u00f3 que ens facilita amb les finalitats seg\u00fcents:<\/p>\n<ul data-path-to-node=\"31\">\n<li>\n<p data-path-to-node=\"31,0,0\">Gestionar la relaci\u00f3 contractual que ens uneix.<\/p>\n<\/li>\n<li>\n<p data-path-to-node=\"31,1,0\">Gestionar l&#039;enviament de la informaci\u00f3 que ens demana.<\/p>\n<\/li>\n<li>\n<p data-path-to-node=\"31,2,0\">Facilitar als interessats ofertes dels nostres serveis i\/o productes del vostre inter\u00e8s.<\/p>\n<\/li>\n<li>\n<p data-path-to-node=\"31,3,0\">Gestionar l&#039;adquisici\u00f3 de productes, serveis postvenda i reparacions.<\/p>\n<\/li>\n<li>\n<p data-path-to-node=\"31,4,0\">En el cas de l&#039;enviament de curr\u00edculums a trav\u00e9s de l&#039;apartat \u201ctreballa amb nosaltres\u201d, tractarem la informaci\u00f3 per gestionar la candidatura.<\/p>\n<\/li>\n<\/ul>\n<hr \/>\n<p data-path-to-node=\"32\"><b data-path-to-node=\"32\" data-index-in-node=\"0\">CONSERVACI\u00d3 DE LES DADES<\/b><\/p>\n<p data-path-to-node=\"33\">Les seves dades seran conservades el temps m\u00ednim necessari per a la correcta prestaci\u00f3 del servei ofert, aix\u00ed com per atendre les responsabilitats que se&#039;n poguessin derivar i de qualsevol altra exig\u00e8ncia legal. Les dades referents als curr\u00edculums es conservaran durant un any en consideraci\u00f3 a futures sol\u00b7licituds de llocs de treball.<\/p>\n<hr \/>\n<p data-path-to-node=\"34\"><b data-path-to-node=\"34\" data-index-in-node=\"0\">LEGITIMACI\u00d3<\/b><\/p>\n<p data-path-to-node=\"35\">La base legal per al tractament de les vostres dades personals pot ser:<\/p>\n<ul data-path-to-node=\"36\">\n<li>\n<p data-path-to-node=\"36,0,0\">Lexecuci\u00f3 duna relaci\u00f3 contractual potencial i\/o subscrita.<\/p>\n<\/li>\n<li>\n<p data-path-to-node=\"36,1,0\">L&#039;inter\u00e8s leg\u00edtim.<\/p>\n<\/li>\n<li>\n<p data-path-to-node=\"36,2,0\">Lhabilitaci\u00f3 legal.<\/p>\n<\/li>\n<li>\n<p data-path-to-node=\"36,3,0\">El consentiment del propi interessat.<\/p>\n<\/li>\n<\/ul>\n<p data-path-to-node=\"37\">Les dades sol\u00b7licitades s\u00f3n adequades, pertinents i estrictament necess\u00e0ries. La seva no comunicaci\u00f3 pot afectar la finalitat del servei o la impossibilitat de prestar-lo.<\/p>\n<hr \/>\n<p data-path-to-node=\"38\"><b data-path-to-node=\"38\" data-index-in-node=\"0\">DESTINATARIS<\/b><\/p>\n<p data-path-to-node=\"39\">GRUP VOLMAR no comunicar\u00e0 les vostres dades a cap tercer, a excepci\u00f3 de la marca corresponent al vostre vehicle per a la correcta gesti\u00f3 del servei. No cedirem ni comunicarem a cap altre tercer les vostres dades, excepte en els casos legalment previstos, o llevat que l&#039;interessat ens hagu\u00e9s autoritzat expressament.<\/p>\n<hr \/>\n<p data-path-to-node=\"40\"><b data-path-to-node=\"40\" data-index-in-node=\"0\">DRETS DELS INTERESSATS<\/b><\/p>\n<p data-path-to-node=\"41\">Com a titular de les dades, vost\u00e8 t\u00e9 dret a:<\/p>\n<ul data-path-to-node=\"42\">\n<li>\n<p data-path-to-node=\"42,0,0\">Sol\u00b7licitar l&#039;acc\u00e9s a les dades personals relatives a la persona interessada.<\/p>\n<\/li>\n<li>\n<p data-path-to-node=\"42,1,0\">Sol\u00b7licitar-ne la rectificaci\u00f3 o supressi\u00f3.<\/p>\n<\/li>\n<li>\n<p data-path-to-node=\"42,2,0\">Sol\u00b7licitar-ne l&#039;oposici\u00f3.<\/p>\n<\/li>\n<li>\n<p data-path-to-node=\"42,3,0\">Sol\u00b7licitar la limitaci\u00f3 del tractament.<\/p>\n<\/li>\n<li>\n<p data-path-to-node=\"42,4,0\">Sol\u00b7licitar la portabilitat de les dades.<\/p>\n<\/li>\n<\/ul>\n<p data-path-to-node=\"43\">Per exercir aquests drets, podeu adre\u00e7ar una comunicaci\u00f3 per escrit al domicili social de LESSEPS MOTORS, SL o al correu electr\u00f2nic gdpr@gruplesseps.com, incloent fotoc\u00f2pia del vostre DNI o un altre document identificatiu. Aix\u00ed mateix, t\u00e9 dret a presentar una reclamaci\u00f3 davant de l&#039;Ag\u00e8ncia Espanyola de Protecci\u00f3 de Dades (www.aepd.es).<\/p>\n<hr \/>\n<p data-path-to-node=\"44\"><b data-path-to-node=\"44\" data-index-in-node=\"0\">EXACTITUD I VERACITAT DE LES DADES<\/b><\/p>\n<p data-path-to-node=\"45\">L&#039;usuari \u00e9s l&#039;\u00fanic responsable de la veracitat i correcci\u00f3 de les dades que ens remeti, exonerant GRUP VOLMAR de qualsevol responsabilitat sobre aix\u00f2. Els usuaris garanteixen i responen, en qualsevol cas, de l&#039;exactitud, vig\u00e8ncia i autenticitat de les dades personals facilitades.<\/p>\n<hr \/>\n<p data-path-to-node=\"46\"><b data-path-to-node=\"46\" data-index-in-node=\"0\">SEGURETAT<\/b><\/p>\n<p data-path-to-node=\"47\">GRUP VOLMAR ha adoptat totes les mesures d&#039;\u00edndole t\u00e8cnica i organitzativa necess\u00e0ries per garantir la seguretat de les dades personals subministrades. El web inclou un certificat SSL per assegurar la integritat de les dades en tr\u00e0nsit. En cas d&#039;incident de seguretat, es notificar\u00e0 al client sense demores indegudes.<\/p>\n<hr \/>\n<p data-path-to-node=\"48\"><b data-path-to-node=\"48\" data-index-in-node=\"0\">CORREUS COMERCIALS<\/b><\/p>\n<p data-path-to-node=\"49\">D&#039;acord amb la LSSICE, GRUP VOLMAR no fa pr\u00e0ctiques de SPAM i es compromet a no enviar comunicacions comercials sense identificar-les degudament i sempre sota consentiment previ.<\/p>\n<hr \/>\n<p data-path-to-node=\"50\"><b data-path-to-node=\"50\" data-index-in-node=\"0\">CANVIS A LA POL\u00cdTICA DE PRIVACITAT<\/b><\/p>\n<p data-path-to-node=\"51\">GRUP VOLMAR es reserva el dret a modificar aquesta pol\u00edtica per adaptar-la a novetats legislatives o jurisprudencials, aix\u00ed com a pr\u00e0ctiques de la ind\u00fastria.<\/p>\n<hr \/>\n<\/div>","protected":false},"excerpt":{"rendered":"","protected":false},"author":1,"featured_media":0,"parent":0,"menu_order":0,"comment_status":"closed","ping_status":"closed","template":"","meta":{"_acf_changed":false,"footnotes":""},"class_list":["post-4401","page","type-page","status-publish","hentry"],"acf":[],"yoast_head":"<!-- This site is optimized with the Yoast SEO plugin v26.0 - https:\/\/yoast.com\/wordpress\/plugins\/seo\/ -->\n<title>Politica de Privacidad - Volvo Cars Matar\u00f3<\/title>\n<meta name=\"robots\" content=\"noindex, follow, max-snippet:-1, max-image-preview:large, max-video-preview:-1\" \/>\n<meta property=\"og:locale\" content=\"ca_ES\" \/>\n<meta property=\"og:type\" content=\"article\" \/>\n<meta property=\"og:title\" content=\"Politica de Privacidad - Volvo Cars Matar\u00f3\" \/>\n<meta property=\"og:url\" content=\"https:\/\/admin.volvocarsmataro.com\/ca\/politica-de-privacidad\/\" \/>\n<meta property=\"og:site_name\" content=\"Volvo Cars Matar\u00f3\" \/>\n<meta property=\"article:modified_time\" content=\"2025-12-24T15:08:14+00:00\" \/>\n<meta name=\"twitter:card\" content=\"summary_large_image\" \/>\n<script type=\"application\/ld+json\" class=\"yoast-schema-graph\">{\"@context\":\"https:\/\/schema.org\",\"@graph\":[{\"@type\":\"WebPage\",\"@id\":\"https:\/\/admin.volvocarsmataro.com\/politica-de-privacidad\/\",\"url\":\"https:\/\/admin.volvocarsmataro.com\/politica-de-privacidad\/\",\"name\":\"Politica de Privacidad - Volvo Cars Matar\u00f3\",\"isPartOf\":{\"@id\":\"https:\/\/admin.volvocarsmataro.com\/#website\"},\"datePublished\":\"2025-12-23T17:20:21+00:00\",\"dateModified\":\"2025-12-24T15:08:14+00:00\",\"breadcrumb\":{\"@id\":\"https:\/\/admin.volvocarsmataro.com\/politica-de-privacidad\/#breadcrumb\"},\"inLanguage\":\"ca\",\"potentialAction\":[{\"@type\":\"ReadAction\",\"target\":[\"https:\/\/admin.volvocarsmataro.com\/politica-de-privacidad\/\"]}]},{\"@type\":\"BreadcrumbList\",\"@id\":\"https:\/\/admin.volvocarsmataro.com\/politica-de-privacidad\/#breadcrumb\",\"itemListElement\":[{\"@type\":\"ListItem\",\"position\":1,\"name\":\"Home\",\"item\":\"https:\/\/admin.volvocarsmataro.com\/\"},{\"@type\":\"ListItem\",\"position\":2,\"name\":\"Politica de Privacidad\"}]},{\"@type\":\"WebSite\",\"@id\":\"https:\/\/admin.volvocarsmataro.com\/#website\",\"url\":\"https:\/\/admin.volvocarsmataro.com\/\",\"name\":\"Volvo Cars Matar\u00f3\",\"description\":\"\",\"potentialAction\":[{\"@type\":\"SearchAction\",\"target\":{\"@type\":\"EntryPoint\",\"urlTemplate\":\"https:\/\/admin.volvocarsmataro.com\/?s={search_term_string}\"},\"query-input\":{\"@type\":\"PropertyValueSpecification\",\"valueRequired\":true,\"valueName\":\"search_term_string\"}}],\"inLanguage\":\"ca\"}]}<\/script>\n<!-- \/ Yoast SEO plugin. -->","yoast_head_json":{"title":"Politica de Privacidad - Volvo Cars Matar\u00f3","robots":{"index":"noindex","follow":"follow","max-snippet":"max-snippet:-1","max-image-preview":"max-image-preview:large","max-video-preview":"max-video-preview:-1"},"og_locale":"ca_ES","og_type":"article","og_title":"Politica de Privacidad - Volvo Cars Matar\u00f3","og_url":"https:\/\/admin.volvocarsmataro.com\/ca\/politica-de-privacidad\/","og_site_name":"Volvo Cars Matar\u00f3","article_modified_time":"2025-12-24T15:08:14+00:00","twitter_card":"summary_large_image","schema":{"@context":"https:\/\/schema.org","@graph":[{"@type":"WebPage","@id":"https:\/\/admin.volvocarsmataro.com\/politica-de-privacidad\/","url":"https:\/\/admin.volvocarsmataro.com\/politica-de-privacidad\/","name":"Politica de Privacidad - Volvo Cars Matar\u00f3","isPartOf":{"@id":"https:\/\/admin.volvocarsmataro.com\/#website"},"datePublished":"2025-12-23T17:20:21+00:00","dateModified":"2025-12-24T15:08:14+00:00","breadcrumb":{"@id":"https:\/\/admin.volvocarsmataro.com\/politica-de-privacidad\/#breadcrumb"},"inLanguage":"ca","potentialAction":[{"@type":"ReadAction","target":["https:\/\/admin.volvocarsmataro.com\/politica-de-privacidad\/"]}]},{"@type":"BreadcrumbList","@id":"https:\/\/admin.volvocarsmataro.com\/politica-de-privacidad\/#breadcrumb","itemListElement":[{"@type":"ListItem","position":1,"name":"Home","item":"https:\/\/admin.volvocarsmataro.com\/"},{"@type":"ListItem","position":2,"name":"Politica de Privacidad"}]},{"@type":"WebSite","@id":"https:\/\/admin.volvocarsmataro.com\/#website","url":"https:\/\/admin.volvocarsmataro.com\/","name":"Volvo Cars Matar\u00f3","description":"","potentialAction":[{"@type":"SearchAction","target":{"@type":"EntryPoint","urlTemplate":"https:\/\/admin.volvocarsmataro.com\/?s={search_term_string}"},"query-input":{"@type":"PropertyValueSpecification","valueRequired":true,"valueName":"search_term_string"}}],"inLanguage":"ca"}]}},"_links":{"self":[{"href":"https:\/\/admin.volvocarsmataro.com\/ca\/wp-json\/wp\/v2\/pages\/4401","targetHints":{"allow":["GET"]}}],"collection":[{"href":"https:\/\/admin.volvocarsmataro.com\/ca\/wp-json\/wp\/v2\/pages"}],"about":[{"href":"https:\/\/admin.volvocarsmataro.com\/ca\/wp-json\/wp\/v2\/types\/page"}],"author":[{"embeddable":true,"href":"https:\/\/admin.volvocarsmataro.com\/ca\/wp-json\/wp\/v2\/users\/1"}],"replies":[{"embeddable":true,"href":"https:\/\/admin.volvocarsmataro.com\/ca\/wp-json\/wp\/v2\/comments?post=4401"}],"version-history":[{"count":4,"href":"https:\/\/admin.volvocarsmataro.com\/ca\/wp-json\/wp\/v2\/pages\/4401\/revisions"}],"predecessor-version":[{"id":4434,"href":"https:\/\/admin.volvocarsmataro.com\/ca\/wp-json\/wp\/v2\/pages\/4401\/revisions\/4434"}],"wp:attachment":[{"href":"https:\/\/admin.volvocarsmataro.com\/ca\/wp-json\/wp\/v2\/media?parent=4401"}],"curies":[{"name":"wp","href":"https:\/\/api.w.org\/{rel}","templated":true}]}}