{"id":421,"date":"2025-10-02T12:38:33","date_gmt":"2025-10-02T10:38:33","guid":{"rendered":"https:\/\/volmar.red.grupvolmar.com\/?page_id=421"},"modified":"2025-12-24T16:08:55","modified_gmt":"2025-12-24T15:08:55","slug":"aviso-legal","status":"publish","type":"page","link":"https:\/\/admin.volvocarsmataro.com\/ca\/aviso-legal\/","title":{"rendered":"Av\u00eds Legal"},"content":{"rendered":"<div class=\"hero-block hero-block--small\" style=\"background-color: Page;\">\n                        <div class=\"hero-slide\">\n                                    <h2 class=\"hero-title\">Av\u00eds Legal<\/h2>\n                                \n                                    <p class=\"hero-subtitle\">Seguint els principis de licitud, lleialtat i transpar\u00e8ncia, posem a la vostra disposici\u00f3 l&#039;Av\u00eds Legal.<\/p>\n                                \n                                \n                                \n                            <\/div>\n            <\/div> \n\n<div class=\"block-text\"><div><b><span class=\"il\">Av\u00eds<\/span> Legal<\/b><\/div>\n<hr \/>\n<div>\n<p data-path-to-node=\"3\"><b data-path-to-node=\"3\" data-index-in-node=\"0\">DADES IDENTIFICATIVES<\/b><\/p>\n<p data-path-to-node=\"4\">En compliment amb el deure informaci\u00f3 recollit a l&#039;article 10 de la Llei 34\/2002, d&#039;11 de juliol, de Serveis de la Societat de la Informaci\u00f3 i del Comer\u00e7 Electr\u00f2nic (LSSICE), es reflecteixen a continuaci\u00f3 les dades seg\u00fcents:<\/p>\n<ul data-path-to-node=\"5\">\n<li>\n<p data-path-to-node=\"5,0,0\"><b data-path-to-node=\"5,0,0\" data-index-in-node=\"0\">Titular de la web:<\/b> LESSEPS MOTOR, SL (d&#039;ara endavant, GRUP VOLMAR)<\/p>\n<\/li>\n<li>\n<p data-path-to-node=\"5,1,0\"><b data-path-to-node=\"5,1,0\" data-index-in-node=\"0\">NIF:<\/b> B58608738<\/p>\n<\/li>\n<li>\n<p data-path-to-node=\"5,2,0\"><b data-path-to-node=\"5,2,0\" data-index-in-node=\"0\">Domicili:<\/b> Carretera de Barcelona, 40-42, 08302 Matar\u00f3 (Barcelona)<\/p>\n<\/li>\n<li>\n<p data-path-to-node=\"5,3,0\"><b data-path-to-node=\"5,3,0\" data-index-in-node=\"0\">Correu electr\u00f2nic:<\/b> info@grupvolmar.com \/ gdpr@gruplesseps.com<\/p>\n<\/li>\n<li>\n<p data-path-to-node=\"5,4,0\"><b data-path-to-node=\"5,4,0\" data-index-in-node=\"0\">Tel\u00e8fon:<\/b> 93 285 75 75<\/p>\n<\/li>\n<li>\n<p data-path-to-node=\"5,5,0\"><b data-path-to-node=\"5,5,0\" data-index-in-node=\"0\">Activitat:<\/b> comercialitzaci\u00f3 i reparaci\u00f3 de vehicles<\/p>\n<\/li>\n<\/ul>\n<hr \/>\n<p data-path-to-node=\"6\"><b data-path-to-node=\"6\" data-index-in-node=\"0\">USUARIS<\/b><\/p>\n<p data-path-to-node=\"7\">L&#039;acc\u00e9s i\/o \u00fas d&#039;aquest portal de GRUP VOLMAR atribueix la condici\u00f3 d&#039;USUARI, que accepta des d&#039;aquest acc\u00e9s i\/o \u00fas les condicions generals d&#039;\u00fas reflectides aqu\u00ed.<\/p>\n<hr \/>\n<p data-path-to-node=\"8\"><b data-path-to-node=\"8\" data-index-in-node=\"0\">\u00daS DEL PORTAL<\/b><\/p>\n<p data-path-to-node=\"9\">La p\u00e0gina web proporciona l&#039;acc\u00e9s a multitud d&#039;informacions, serveis, programes o dades (d&#039;ara endavant, els continguts) a Internet pertanyents a GRUP VOLMAR o als seus llicenciants als quals l&#039;USUARI pugui tenir acc\u00e9s. L\u00b4USUARI assumeix la responsabilitat de l\u00b4\u00fas del portal.<\/p>\n<hr \/>\n<p data-path-to-node=\"10\"><b data-path-to-node=\"10\" data-index-in-node=\"0\">PROPIETAT INTEL\u00b7LECTUAL I INDUSTRIAL<\/b><\/p>\n<p data-path-to-node=\"11\">GRUP VOLMAR, per si mateix o com a cession\u00e0ria, \u00e9s titular de tots els drets de propietat intel\u00b7lectual i industrial de la seva p\u00e0gina web, aix\u00ed com dels elements continguts a la mateixa (a t\u00edtol enunciatiu: imatges, so, \u00e0udio, v\u00eddeo, programari o textos; marques o logotips, combinacions de colors, estructura i disseny, selecci\u00f3 de materials usats, programes d&#039;ordinador necessaris per al seu funcionament).<\/p>\n<p data-path-to-node=\"12\">Tots els drets reservats. Queden expressament prohibides la reproducci\u00f3, la distribuci\u00f3 i la comunicaci\u00f3 p\u00fablica, inclosa la modalitat de posada a disposici\u00f3, de la totalitat o part dels continguts d&#039;aquesta p\u00e0gina web, amb fins comercials, en qualsevol suport i per qualsevol mitj\u00e0 t\u00e8cnic, sense l&#039;autoritzaci\u00f3 de GRUP VOLMAR.<\/p>\n<hr \/>\n<p data-path-to-node=\"13\"><b data-path-to-node=\"13\" data-index-in-node=\"0\">EXCLUSI\u00d3 DE GARANTIES I RESPONSABILITAT<\/b><\/p>\n<p data-path-to-node=\"14\">GRUP VOLMAR no es fa responsable, en cap cas, dels danys i perjudicis de qualsevol naturalesa que poguessin ocasionar, a t\u00edtol enunciatiu: errors o omissions en els continguts, manca de disponibilitat del portal o la transmissi\u00f3 de virus o programes maliciosos o lesius en els continguts, malgrat haver adoptat totes les mesures tecnol\u00f2giques necess\u00e0ries per evitar-ho.<\/p>\n<hr \/>\n<p data-path-to-node=\"15\"><b data-path-to-node=\"15\" data-index-in-node=\"0\">ENLLA\u00c7OS<\/b><\/p>\n<p data-path-to-node=\"16\">En el cas que a <a class=\"ng-star-inserted\" href=\"https:\/\/www.grupvolmar.com\" target=\"_blank\" rel=\"noopener\" data-hveid=\"0\" data-ved=\"0CAAQ_4QMahcKEwiMvc6FmtSRAxUAAAAAHQAAAAAQSw\">www.grupvolmar.com<\/a> es disposessin enlla\u00e7os o hipervincles cap a altres llocs d&#039;Internet, GRUP VOLMAR no exercir\u00e0 cap mena de control sobre aquests llocs i continguts. En cap cas GRUP VOLMAR assumir\u00e0 cap responsabilitat pels continguts d&#039;algun enlla\u00e7 pertanyent a un lloc web ali\u00e8.<\/p>\n<hr \/>\n<p data-path-to-node=\"17\"><b data-path-to-node=\"17\" data-index-in-node=\"0\">DRET D&#039;EXCLUSI\u00d3<\/b><\/p>\n<p data-path-to-node=\"18\">GRUP VOLMAR es reserva el dret de denegar o retirar l&#039;acc\u00e9s a portal i\/o als serveis oferts sense necessitat de preav\u00eds, a inst\u00e0ncia pr\u00f2pia o d&#039;un tercer, a aquells usuaris que incompleixin aquestes condicions generals d&#039;\u00fas.<\/p>\n<hr \/>\n<p data-path-to-node=\"19\"><b data-path-to-node=\"19\" data-index-in-node=\"0\">GENERALITATS<\/b><\/p>\n<p data-path-to-node=\"20\">GRUP VOLMAR perseguir\u00e0 l&#039;incompliment de les presents condicions, aix\u00ed com qualsevol utilitzaci\u00f3 indeguda del portal exercint totes les accions civils i penals que li puguin correspondre en dret.<\/p>\n<hr \/>\n<p data-path-to-node=\"21\"><b data-path-to-node=\"21\" data-index-in-node=\"0\">MODIFICACI\u00d3 DE LES PRESENTS CONDICIONS I DURADA<\/b><\/p>\n<p data-path-to-node=\"22\">GRUP VOLMAR podr\u00e0 modificar en qualsevol moment les condicions aqu\u00ed determinades, sent degudament publicades com apareixen aqu\u00ed. La vig\u00e8ncia de les condicions esmentades anir\u00e0 en funci\u00f3 de la seva exposici\u00f3 i estaran vigents fins que siguin modificades per altres degudament publicades.<\/p>\n<hr \/>\n<p data-path-to-node=\"23\"><b data-path-to-node=\"23\" data-index-in-node=\"0\">LEGISLACI\u00d3 APLICABLE I JURISDICCI\u00d3<\/b><\/p>\n<p data-path-to-node=\"24\">La relaci\u00f3 entre GRUP VOLMAR i l&#039;usuari es regir\u00e0 per la normativa espanyola vigent a cada moment i qualsevol controv\u00e8rsia se sotmetr\u00e0 als Jutjats i Tribunals de la ciutat de Barcelona.<\/p>\n<hr \/>\n<p data-path-to-node=\"24\">\n<\/div>\n<\/div>","protected":false},"excerpt":{"rendered":"","protected":false},"author":1,"featured_media":0,"parent":0,"menu_order":0,"comment_status":"closed","ping_status":"closed","template":"","meta":{"_acf_changed":false,"footnotes":""},"class_list":["post-421","page","type-page","status-publish","hentry"],"acf":[],"yoast_head":"<!-- This site is optimized with the Yoast SEO plugin v26.0 - https:\/\/yoast.com\/wordpress\/plugins\/seo\/ -->\n<title>Aviso Legal - Volvo Cars Matar\u00f3<\/title>\n<meta name=\"robots\" content=\"noindex, follow, max-snippet:-1, max-image-preview:large, max-video-preview:-1\" \/>\n<meta property=\"og:locale\" content=\"ca_ES\" \/>\n<meta property=\"og:type\" content=\"article\" \/>\n<meta property=\"og:title\" content=\"Aviso Legal - Volvo Cars Matar\u00f3\" \/>\n<meta property=\"og:url\" content=\"https:\/\/admin.volvocarsmataro.com\/ca\/aviso-legal\/\" \/>\n<meta property=\"og:site_name\" content=\"Volvo Cars Matar\u00f3\" \/>\n<meta property=\"article:modified_time\" content=\"2025-12-24T15:08:55+00:00\" \/>\n<meta name=\"twitter:card\" content=\"summary_large_image\" \/>\n<script type=\"application\/ld+json\" class=\"yoast-schema-graph\">{\"@context\":\"https:\/\/schema.org\",\"@graph\":[{\"@type\":\"WebPage\",\"@id\":\"https:\/\/admin.volvocarsmataro.com\/aviso-legal\/\",\"url\":\"https:\/\/admin.volvocarsmataro.com\/aviso-legal\/\",\"name\":\"Aviso Legal - Volvo Cars Matar\u00f3\",\"isPartOf\":{\"@id\":\"https:\/\/admin.volvocarsmataro.com\/#website\"},\"datePublished\":\"2025-10-02T10:38:33+00:00\",\"dateModified\":\"2025-12-24T15:08:55+00:00\",\"breadcrumb\":{\"@id\":\"https:\/\/admin.volvocarsmataro.com\/aviso-legal\/#breadcrumb\"},\"inLanguage\":\"ca\",\"potentialAction\":[{\"@type\":\"ReadAction\",\"target\":[\"https:\/\/admin.volvocarsmataro.com\/aviso-legal\/\"]}]},{\"@type\":\"BreadcrumbList\",\"@id\":\"https:\/\/admin.volvocarsmataro.com\/aviso-legal\/#breadcrumb\",\"itemListElement\":[{\"@type\":\"ListItem\",\"position\":1,\"name\":\"Home\",\"item\":\"https:\/\/admin.volvocarsmataro.com\/\"},{\"@type\":\"ListItem\",\"position\":2,\"name\":\"Aviso Legal\"}]},{\"@type\":\"WebSite\",\"@id\":\"https:\/\/admin.volvocarsmataro.com\/#website\",\"url\":\"https:\/\/admin.volvocarsmataro.com\/\",\"name\":\"Volvo Cars Matar\u00f3\",\"description\":\"\",\"potentialAction\":[{\"@type\":\"SearchAction\",\"target\":{\"@type\":\"EntryPoint\",\"urlTemplate\":\"https:\/\/admin.volvocarsmataro.com\/?s={search_term_string}\"},\"query-input\":{\"@type\":\"PropertyValueSpecification\",\"valueRequired\":true,\"valueName\":\"search_term_string\"}}],\"inLanguage\":\"ca\"}]}<\/script>\n<!-- \/ Yoast SEO plugin. -->","yoast_head_json":{"title":"Aviso Legal - Volvo Cars Matar\u00f3","robots":{"index":"noindex","follow":"follow","max-snippet":"max-snippet:-1","max-image-preview":"max-image-preview:large","max-video-preview":"max-video-preview:-1"},"og_locale":"ca_ES","og_type":"article","og_title":"Aviso Legal - Volvo Cars Matar\u00f3","og_url":"https:\/\/admin.volvocarsmataro.com\/ca\/aviso-legal\/","og_site_name":"Volvo Cars Matar\u00f3","article_modified_time":"2025-12-24T15:08:55+00:00","twitter_card":"summary_large_image","schema":{"@context":"https:\/\/schema.org","@graph":[{"@type":"WebPage","@id":"https:\/\/admin.volvocarsmataro.com\/aviso-legal\/","url":"https:\/\/admin.volvocarsmataro.com\/aviso-legal\/","name":"Aviso Legal - Volvo Cars Matar\u00f3","isPartOf":{"@id":"https:\/\/admin.volvocarsmataro.com\/#website"},"datePublished":"2025-10-02T10:38:33+00:00","dateModified":"2025-12-24T15:08:55+00:00","breadcrumb":{"@id":"https:\/\/admin.volvocarsmataro.com\/aviso-legal\/#breadcrumb"},"inLanguage":"ca","potentialAction":[{"@type":"ReadAction","target":["https:\/\/admin.volvocarsmataro.com\/aviso-legal\/"]}]},{"@type":"BreadcrumbList","@id":"https:\/\/admin.volvocarsmataro.com\/aviso-legal\/#breadcrumb","itemListElement":[{"@type":"ListItem","position":1,"name":"Home","item":"https:\/\/admin.volvocarsmataro.com\/"},{"@type":"ListItem","position":2,"name":"Aviso Legal"}]},{"@type":"WebSite","@id":"https:\/\/admin.volvocarsmataro.com\/#website","url":"https:\/\/admin.volvocarsmataro.com\/","name":"Volvo Cars Matar\u00f3","description":"","potentialAction":[{"@type":"SearchAction","target":{"@type":"EntryPoint","urlTemplate":"https:\/\/admin.volvocarsmataro.com\/?s={search_term_string}"},"query-input":{"@type":"PropertyValueSpecification","valueRequired":true,"valueName":"search_term_string"}}],"inLanguage":"ca"}]}},"_links":{"self":[{"href":"https:\/\/admin.volvocarsmataro.com\/ca\/wp-json\/wp\/v2\/pages\/421","targetHints":{"allow":["GET"]}}],"collection":[{"href":"https:\/\/admin.volvocarsmataro.com\/ca\/wp-json\/wp\/v2\/pages"}],"about":[{"href":"https:\/\/admin.volvocarsmataro.com\/ca\/wp-json\/wp\/v2\/types\/page"}],"author":[{"embeddable":true,"href":"https:\/\/admin.volvocarsmataro.com\/ca\/wp-json\/wp\/v2\/users\/1"}],"replies":[{"embeddable":true,"href":"https:\/\/admin.volvocarsmataro.com\/ca\/wp-json\/wp\/v2\/comments?post=421"}],"version-history":[{"count":11,"href":"https:\/\/admin.volvocarsmataro.com\/ca\/wp-json\/wp\/v2\/pages\/421\/revisions"}],"predecessor-version":[{"id":4436,"href":"https:\/\/admin.volvocarsmataro.com\/ca\/wp-json\/wp\/v2\/pages\/421\/revisions\/4436"}],"wp:attachment":[{"href":"https:\/\/admin.volvocarsmataro.com\/ca\/wp-json\/wp\/v2\/media?parent=421"}],"curies":[{"name":"wp","href":"https:\/\/api.w.org\/{rel}","templated":true}]}}