{"id":394,"date":"2025-10-01T14:26:26","date_gmt":"2025-10-01T12:26:26","guid":{"rendered":"https:\/\/volmar.red.grupvolmar.com\/?page_id=394"},"modified":"2025-10-21T22:37:31","modified_gmt":"2025-10-21T20:37:31","slug":"vehiculos-de-ocasion","status":"publish","type":"page","link":"https:\/\/admin.volvocarsmataro.com\/ca\/vehiculos-de-ocasion\/","title":{"rendered":"Vehicles d&#039;ocasi\u00f3"},"content":{"rendered":"<div class=\"hero-block hero-block--small\" style=\"background-color: Page;\">\n                        <div class=\"hero-slide\">\n                                    <h2 class=\"hero-title\">Vehicles d&#039;ocasi\u00f3<\/h2>\n                                \n                                    <p class=\"hero-subtitle\">Descobreix el valor excepcional dels nostres Vehicles d&#039;Ocasi\u00f3 Volvo. Adquirir un Volvo d&#039;ocasi\u00f3 \u00e9s accedir a la seguretat inigualable i l&#039;atemporal disseny escandinau de la marca, per\u00f2 amb el gran avantatge d&#039;un preu m\u00e9s accessible.<\/p>\n                                \n                                    <div class=\"hero-image\">\n                                                    <img decoding=\"async\" src=\"https:\/\/admin.volvocarsmataro.com\/wp-content\/uploads\/sites\/2\/2025\/10\/EX30exterior1-1.avif\" alt=\"\">\n                                            <\/div>\n                                \n                                \n                            <\/div>\n            <\/div> \n\n\n<div class=\"vehicles-block\" style=\"background-color: Page;\" data-filter-type=\"ocasion\">\n    <div class=\"vehicles-block__header\">\n                    <h2 class=\"vehicles-block__title\">Vehicles en estoc<\/h2>\n                \n                \n                    <div class=\"vehicles-block__filters\">\n                <button class=\"filter-btn\" \n                        data-filter=\"all\">\n                    Todos los veh\u00edculos\n                <\/button>\n                <button class=\"filter-btn\" \n                        data-filter=\"nuevo\">\n                    Vehicle nou\n                <\/button>\n                <button class=\"filter-btn active\" \n                        data-filter=\"ocasion\">\n                    Veh\u00edculo ocasi\u00f3n\n                <\/button>\n                <button class=\"filter-btn\" \n                        data-filter=\"renting\">\n                    Lloguer\n                <\/button>\n            <\/div>\n            <\/div>\n    \n    <div class=\"vehicles-block__content\">\n                    <div class=\"vehicles-grid\">\n                                                        \n                    <article class=\"vehicle-card\" data-vehicle-id=\"520002213857\">\n                        <a href=\"https:\/\/admin.volvocarsmataro.com\/ca\/modelo\/xc40\/volvo-xc40-2-0-b3-plus-dark-auto-163-5p-2\/\" class=\"vehicle-card__link\">\n                                                            <div class=\"vehicle-card__image\">\n                                    <img decoding=\"async\" src=\"https:\/\/admin.volvocarsmataro.com\/wp-content\/uploads\/sites\/2\/2026\/04\/h_img_52_2213857_16910053_69b2127028688.jpg\" \n                                         alt=\"XC40 2.0 B3 PLUS DARK AUTO 163 5P\"\n                                         loading=\"lazy\">\n                                                                    <\/div>\n                                                        \n                            <div class=\"vehicle-card__content\">\n                                <div class=\"vehicle-card__header\">\n                                    <h3 class=\"vehicle-card__name\">XC40<\/h3>\n                                                                            <p class=\"vehicle-card__tagline\">Gasolina &#8211; Ocasi\u00f3n<\/p>\n                                                                                                                <p class=\"vehicle-card__variant\">2.0 B3 PLUS DARK AUTO 163 5P<\/p>\n                                                                    <\/div>\n                                \n                                <div class=\"vehicle-card__pricing\">\n                                                                            <div class=\"vehicle-card__price-main\">\n                                            <span class=\"vehicle-card__price\">34.900 \u20ac<\/span>\n                                                                                    <\/div>\n                                                                                                            <\/div>\n                                \n                                <div class=\"vehicle-card__specs\">\n                                                                            <span class=\"spec-item\">163CV<\/span>\n                                                                                                                <span class=\"spec-item\">2L<\/span>\n                                                                                                                <span class=\"spec-item\">26.207 km<\/span>\n                                                                                                                <span class=\"spec-item\">Automatica<\/span>\n                                                                                                                <span class=\"spec-item\">5 places<\/span>\n                                                                    <\/div>\n                                \n                                                                    <div class=\"vehicle-card__contact\">\n                                        <span class=\"vehicle-card__phone\">Volvo Cars Matar\u00f3<\/span>\n                                    <\/div>\n                                                            <\/div>\n                        <\/a>\n                    <\/article>\n                    \n                                                        \n                    <article class=\"vehicle-card\" data-vehicle-id=\"520002782246\">\n                        <a href=\"https:\/\/admin.volvocarsmataro.com\/ca\/modelo\/xc60\/volvo-xc60-2-0-t8-phev-polestar-at-4wd-455-5p\/\" class=\"vehicle-card__link\">\n                                                            <div class=\"vehicle-card__image\">\n                                    <img decoding=\"async\" src=\"https:\/\/admin.volvocarsmataro.com\/wp-content\/uploads\/sites\/2\/2026\/04\/h_img_52_2782246_17309600_69e811f13e2cd.jpg\" \n                                         alt=\"XC60 2.0 T8 PHEV POLESTAR AT 4WD 455 5P\"\n                                         loading=\"lazy\">\n                                                                    <\/div>\n                                                        \n                            <div class=\"vehicle-card__content\">\n                                <div class=\"vehicle-card__header\">\n                                    <h3 class=\"vehicle-card__name\">XC60<\/h3>\n                                                                            <p class=\"vehicle-card__tagline\">Electrico &#8211; Ocasi\u00f3n<\/p>\n                                                                                                                <p class=\"vehicle-card__variant\">2.0 T8 PHEV POLESTAR AT 4WD 455 5P<\/p>\n                                                                    <\/div>\n                                \n                                <div class=\"vehicle-card__pricing\">\n                                                                            <div class=\"vehicle-card__price-main\">\n                                            <span class=\"vehicle-card__price\">68.900 \u20ac<\/span>\n                                                                                    <\/div>\n                                                                                                            <\/div>\n                                \n                                <div class=\"vehicle-card__specs\">\n                                                                            <span class=\"spec-item\">455CV<\/span>\n                                                                                                                <span class=\"spec-item\">2L<\/span>\n                                                                                                                <span class=\"spec-item\">4.080 km<\/span>\n                                                                                                                <span class=\"spec-item\">Automatica<\/span>\n                                                                                                                <span class=\"spec-item\">5 places<\/span>\n                                                                    <\/div>\n                                \n                                                                    <div class=\"vehicle-card__contact\">\n                                        <span class=\"vehicle-card__phone\">Volvo Cars Matar\u00f3<\/span>\n                                    <\/div>\n                                                            <\/div>\n                        <\/a>\n                    <\/article>\n                    \n                                                        \n                    <article class=\"vehicle-card\" data-vehicle-id=\"520002284657\">\n                        <a href=\"https:\/\/admin.volvocarsmataro.com\/ca\/modelo\/xc60\/volvo-xc60-2-0-d4-inscription-auto-190-5p\/\" class=\"vehicle-card__link\">\n                                                            <div class=\"vehicle-card__image\">\n                                    <img decoding=\"async\" src=\"https:\/\/admin.volvocarsmataro.com\/wp-content\/uploads\/sites\/2\/2026\/04\/h_img_52_2284657_16911607_69b214d498ffd.jpg\" \n                                         alt=\"XC60 2.0 D4 INSCRIPTION AUTO 190 5P\"\n                                         loading=\"lazy\">\n                                                                    <\/div>\n                                                        \n                            <div class=\"vehicle-card__content\">\n                                <div class=\"vehicle-card__header\">\n                                    <h3 class=\"vehicle-card__name\">XC60<\/h3>\n                                                                            <p class=\"vehicle-card__tagline\">Diesel &#8211; Ocasi\u00f3n<\/p>\n                                                                                                                <p class=\"vehicle-card__variant\">2.0 D4 INSCRIPTION AUTO 190 5P<\/p>\n                                                                    <\/div>\n                                \n                                <div class=\"vehicle-card__pricing\">\n                                                                            <div class=\"vehicle-card__price-main\">\n                                            <span class=\"vehicle-card__price\">29.900 \u20ac<\/span>\n                                                                                    <\/div>\n                                                                                                            <\/div>\n                                \n                                <div class=\"vehicle-card__specs\">\n                                                                            <span class=\"spec-item\">190CV<\/span>\n                                                                                                                <span class=\"spec-item\">2L<\/span>\n                                                                                                                <span class=\"spec-item\">80.478 km<\/span>\n                                                                                                                <span class=\"spec-item\">Automatica<\/span>\n                                                                                                                <span class=\"spec-item\">5 places<\/span>\n                                                                    <\/div>\n                                \n                                                                    <div class=\"vehicle-card__contact\">\n                                        <span class=\"vehicle-card__phone\">Volvo Cars Matar\u00f3<\/span>\n                                    <\/div>\n                                                            <\/div>\n                        <\/a>\n                    <\/article>\n                    \n                                                        \n                    <article class=\"vehicle-card\" data-vehicle-id=\"520002345175\">\n                        <a href=\"https:\/\/admin.volvocarsmataro.com\/ca\/modelo\/xc40\/volvo-c40-bev-82kwh-recharge-extended-range-core-252-5p\/\" class=\"vehicle-card__link\">\n                                                            <div class=\"vehicle-card__image\">\n                                    <img decoding=\"async\" src=\"https:\/\/admin.volvocarsmataro.com\/wp-content\/uploads\/sites\/2\/2026\/04\/h_img_52_2345175_17236847_69d83ff752311.jpg\" \n                                         alt=\"C40 BEV 82KWH RECHARGE EXTENDED RANGE CORE 252 5P\"\n                                         loading=\"lazy\">\n                                                                    <\/div>\n                                                        \n                            <div class=\"vehicle-card__content\">\n                                <div class=\"vehicle-card__header\">\n                                    <h3 class=\"vehicle-card__name\">C40<\/h3>\n                                                                            <p class=\"vehicle-card__tagline\">Electrico &#8211; Ocasi\u00f3n<\/p>\n                                                                                                                <p class=\"vehicle-card__variant\">BEV 82KWH RECHARGE EXTENDED RANGE CORE 252 5P<\/p>\n                                                                    <\/div>\n                                \n                                <div class=\"vehicle-card__pricing\">\n                                                                            <div class=\"vehicle-card__price-main\">\n                                            <span class=\"vehicle-card__price\">36.700 \u20ac<\/span>\n                                                                                    <\/div>\n                                                                                                            <\/div>\n                                \n                                <div class=\"vehicle-card__specs\">\n                                                                            <span class=\"spec-item\">252CV<\/span>\n                                                                                                                                                    <span class=\"spec-item\">7.466 km<\/span>\n                                                                                                                <span class=\"spec-item\">Automatica<\/span>\n                                                                                                                <span class=\"spec-item\">5 places<\/span>\n                                                                    <\/div>\n                                \n                                                                    <div class=\"vehicle-card__contact\">\n                                        <span class=\"vehicle-card__phone\">Volvo Cars Matar\u00f3<\/span>\n                                    <\/div>\n                                                            <\/div>\n                        <\/a>\n                    <\/article>\n                    \n                                                        \n                    <article class=\"vehicle-card\" data-vehicle-id=\"520002343792\">\n                        <a href=\"https:\/\/admin.volvocarsmataro.com\/ca\/modelo\/xc60\/volvo-xc60-2-0-t6-recharge-ultra-dark-auto-4wd-350-5p-2\/\" class=\"vehicle-card__link\">\n                                                            <div class=\"vehicle-card__image\">\n                                    <img decoding=\"async\" src=\"https:\/\/admin.volvocarsmataro.com\/wp-content\/uploads\/sites\/2\/2026\/04\/h_img_52_2343792_17224149_69d6ee4f22cb0.jpg\" \n                                         alt=\"XC60 2.0 T6 RECHARGE ULTRA DARK AUTO 4WD 350 5P\"\n                                         loading=\"lazy\">\n                                                                    <\/div>\n                                                        \n                            <div class=\"vehicle-card__content\">\n                                <div class=\"vehicle-card__header\">\n                                    <h3 class=\"vehicle-card__name\">XC60<\/h3>\n                                                                            <p class=\"vehicle-card__tagline\">Electrico &#8211; Ocasi\u00f3n<\/p>\n                                                                                                                <p class=\"vehicle-card__variant\">2.0 T6 REXARGE ULTRA DARK ACTE 4WD 350 5P<\/p>\n                                                                    <\/div>\n                                \n                                <div class=\"vehicle-card__pricing\">\n                                                                            <div class=\"vehicle-card__price-main\">\n                                            <span class=\"vehicle-card__price\">52.900 \u20ac<\/span>\n                                                                                    <\/div>\n                                                                                                            <\/div>\n                                \n                                <div class=\"vehicle-card__specs\">\n                                                                            <span class=\"spec-item\">350CV<\/span>\n                                                                                                                <span class=\"spec-item\">2L<\/span>\n                                                                                                                <span class=\"spec-item\">21.603 km<\/span>\n                                                                                                                <span class=\"spec-item\">Automatica<\/span>\n                                                                                                                <span class=\"spec-item\">5 places<\/span>\n                                                                    <\/div>\n                                \n                                                                    <div class=\"vehicle-card__contact\">\n                                        <span class=\"vehicle-card__phone\">Volvo Cars Matar\u00f3<\/span>\n                                    <\/div>\n                                                            <\/div>\n                        <\/a>\n                    <\/article>\n                    \n                                                        \n                    <article class=\"vehicle-card\" data-vehicle-id=\"520002322213\">\n                        <a href=\"https:\/\/admin.volvocarsmataro.com\/ca\/modelo\/xc40\/volvo-xc40-2-0-b3-mhev-core-dct-163-5p-3\/\" class=\"vehicle-card__link\">\n                                                            <div class=\"vehicle-card__image\">\n                                    <img decoding=\"async\" src=\"https:\/\/admin.volvocarsmataro.com\/wp-content\/uploads\/sites\/2\/2026\/03\/h_img_52_2322213_17089030_69b8ab09de511.jpg\" \n                                         alt=\"XC40 2.0 B3 MHEV CORE DCT 163 5P\"\n                                         loading=\"lazy\">\n                                                                            <div class=\"vehicle-card__sticker\">\n                                            eco                                        <\/div>\n                                                                    <\/div>\n                                                        \n                            <div class=\"vehicle-card__content\">\n                                <div class=\"vehicle-card__header\">\n                                    <h3 class=\"vehicle-card__name\">XC40<\/h3>\n                                                                            <p class=\"vehicle-card__tagline\">Gasolina &#8211; Ocasi\u00f3n<\/p>\n                                                                                                                <p class=\"vehicle-card__variant\">2.0 B3 MHEV CORE DCT 163 5P<\/p>\n                                                                    <\/div>\n                                \n                                <div class=\"vehicle-card__pricing\">\n                                                                            <div class=\"vehicle-card__price-main\">\n                                            <span class=\"vehicle-card__price\">37.900 \u20ac<\/span>\n                                                                                    <\/div>\n                                                                                                            <\/div>\n                                \n                                <div class=\"vehicle-card__specs\">\n                                                                            <span class=\"spec-item\">163CV<\/span>\n                                                                                                                <span class=\"spec-item\">2L<\/span>\n                                                                                                                <span class=\"spec-item\">3.230 km<\/span>\n                                                                                                                <span class=\"spec-item\">Automatica<\/span>\n                                                                                                                <span class=\"spec-item\">5 places<\/span>\n                                                                    <\/div>\n                                \n                                                                    <div class=\"vehicle-card__contact\">\n                                        <span class=\"vehicle-card__phone\">Volvo Cars Matar\u00f3<\/span>\n                                    <\/div>\n                                                            <\/div>\n                        <\/a>\n                    <\/article>\n                    \n                                                        \n                    <article class=\"vehicle-card\" data-vehicle-id=\"520002319325\">\n                        <a href=\"https:\/\/admin.volvocarsmataro.com\/ca\/modelo\/xc60\/volvo-xc60-2-0-d4-inscription-auto-4wd-190-5p\/\" class=\"vehicle-card__link\">\n                                                            <div class=\"vehicle-card__image\">\n                                    <img decoding=\"async\" src=\"https:\/\/admin.volvocarsmataro.com\/wp-content\/uploads\/sites\/2\/2026\/03\/h_img_52_2319325_17049436_69b3652916ef2.jpg\" \n                                         alt=\"XC60 2.0 D4 INSCRIPTION AUTO 4WD 190 5P\"\n                                         loading=\"lazy\">\n                                                                            <div class=\"vehicle-card__sticker\">\n                                            C                                        <\/div>\n                                                                    <\/div>\n                                                        \n                            <div class=\"vehicle-card__content\">\n                                <div class=\"vehicle-card__header\">\n                                    <h3 class=\"vehicle-card__name\">XC60<\/h3>\n                                                                            <p class=\"vehicle-card__tagline\">Diesel &#8211; Ocasi\u00f3n<\/p>\n                                                                                                                <p class=\"vehicle-card__variant\">2.0 D4 INSCRIPTION AUTO 4WD 190 5P<\/p>\n                                                                    <\/div>\n                                \n                                <div class=\"vehicle-card__pricing\">\n                                                                            <div class=\"vehicle-card__price-main\">\n                                            <span class=\"vehicle-card__price\">33.900 \u20ac<\/span>\n                                                                                    <\/div>\n                                                                                                            <\/div>\n                                \n                                <div class=\"vehicle-card__specs\">\n                                                                            <span class=\"spec-item\">190CV<\/span>\n                                                                                                                <span class=\"spec-item\">2L<\/span>\n                                                                                                                <span class=\"spec-item\">80.960 km<\/span>\n                                                                                                                <span class=\"spec-item\">Automatica<\/span>\n                                                                                                                <span class=\"spec-item\">5 places<\/span>\n                                                                    <\/div>\n                                \n                                                                    <div class=\"vehicle-card__contact\">\n                                        <span class=\"vehicle-card__phone\">Volvo Cars Matar\u00f3<\/span>\n                                    <\/div>\n                                                            <\/div>\n                        <\/a>\n                    <\/article>\n                    \n                                                        \n                    <article class=\"vehicle-card\" data-vehicle-id=\"520002213593\">\n                        <a href=\"https:\/\/admin.volvocarsmataro.com\/ca\/modelo\/xc60\/volvo-xc60-2-0-t6-recharge-ultra-dark-auto-4wd-350-5p\/\" class=\"vehicle-card__link\">\n                                                            <div class=\"vehicle-card__image\">\n                                    <img decoding=\"async\" src=\"https:\/\/admin.volvocarsmataro.com\/wp-content\/uploads\/sites\/2\/2026\/03\/h_img_52_2213593_16911036_69b21449d6fdd.jpg\" \n                                         alt=\"XC60 2.0 T6 RECHARGE ULTRA DARK AUTO 4WD 350 5P\"\n                                         loading=\"lazy\">\n                                                                            <div class=\"vehicle-card__sticker\">\n                                            cero                                        <\/div>\n                                                                    <\/div>\n                                                        \n                            <div class=\"vehicle-card__content\">\n                                <div class=\"vehicle-card__header\">\n                                    <h3 class=\"vehicle-card__name\">XC60<\/h3>\n                                                                            <p class=\"vehicle-card__tagline\">Electrico &#8211; Ocasi\u00f3n<\/p>\n                                                                                                                <p class=\"vehicle-card__variant\">2.0 T6 REXARGE ULTRA DARK ACTE 4WD 350 5P<\/p>\n                                                                    <\/div>\n                                \n                                <div class=\"vehicle-card__pricing\">\n                                                                            <div class=\"vehicle-card__price-main\">\n                                            <span class=\"vehicle-card__price\">61.900 \u20ac<\/span>\n                                                                                    <\/div>\n                                                                                                            <\/div>\n                                \n                                <div class=\"vehicle-card__specs\">\n                                                                            <span class=\"spec-item\">350CV<\/span>\n                                                                                                                <span class=\"spec-item\">2L<\/span>\n                                                                                                                <span class=\"spec-item\">8.300 km<\/span>\n                                                                                                                <span class=\"spec-item\">Automatica<\/span>\n                                                                                                                <span class=\"spec-item\">5 places<\/span>\n                                                                    <\/div>\n                                \n                                                                    <div class=\"vehicle-card__contact\">\n                                        <span class=\"vehicle-card__phone\">Volvo Cars Matar\u00f3<\/span>\n                                    <\/div>\n                                                            <\/div>\n                        <\/a>\n                    <\/article>\n                    \n                            <\/div>\n            \n                            <div class=\"vehicles-block__pagination\">\n                    <span aria-current=\"page\" class=\"page-numbers current\">1<\/span>\n<a class=\"page-numbers\" href=\"https:\/\/admin.volvocarsmataro.com\/ca\/wp-json\/wp\/v2\/pages\/394\/page\/2\/\">2<\/a>\n<a class=\"page-numbers\" href=\"https:\/\/admin.volvocarsmataro.com\/ca\/wp-json\/wp\/v2\/pages\/394\/page\/3\/\">3<\/a>\n<a class=\"next page-numbers\" href=\"https:\/\/admin.volvocarsmataro.com\/ca\/wp-json\/wp\/v2\/pages\/394\/page\/2\/\">Seg\u00fcent \u00bb<\/a>                <\/div>\n                        \n                \n            <\/div>\n<\/div>\n\n<style>\n.vehicles-block {\n    padding: 2rem 0;\n}\n\n.vehicles-block__header {\n    text-align: center;\n    margin-bottom: 2rem;\n}\n\n.vehicles-block__title {\n    font-size: 2.5rem;\n    font-weight: bold;\n    margin-bottom: 1rem;\n}\n\n.vehicles-block__subtitle {\n    font-size: 1.2rem;\n    color: #666;\n    margin-bottom: 2rem;\n}\n\n.vehicles-block__filters {\n    display: flex;\n    justify-content: center;\n    gap: 1rem;\n    margin-bottom: 2rem;\n}\n\n.filter-btn {\n    padding: 0.75rem 1.5rem;\n    border: 2px solid #ddd;\n    background: white;\n    color: #333;\n    border-radius: 25px;\n    cursor: pointer;\n    transition: all 0.3s ease;\n    font-weight: 500;\n}\n\n.filter-btn:hover,\n.filter-btn.active {\n    background: #007cba;\n    color: white;\n    border-color: #007cba;\n}\n\n.vehicles-grid {\n    display: grid;\n    grid-template-columns: repeat(auto-fill, minmax(300px, 1fr));\n    gap: 2rem;\n    margin-bottom: 2rem;\n}\n\n.vehicle-card {\n    border: 1px solid #ddd;\n    border-radius: 8px;\n    overflow: hidden;\n    transition: transform 0.3s ease, box-shadow 0.3s ease;\n    background: white;\n}\n\n.vehicle-card:hover {\n    transform: translateY(-5px);\n    box-shadow: 0 10px 25px rgba(0,0,0,0.1);\n}\n\n.vehicle-card.featured {\n    border-color: #007cba;\n    box-shadow: 0 0 10px rgba(0,124,186,0.2);\n}\n\n.vehicle-card.special-offer {\n    border-color: #d63638;\n    position: relative;\n}\n\n.vehicle-card.special-offer::before {\n    content: 'OFERTA';\n    position: absolute;\n    top: 10px;\n    right: 10px;\n    background: #d63638;\n    color: white;\n    padding: 0.25rem 0.5rem;\n    border-radius: 4px;\n    font-size: 0.75rem;\n    font-weight: bold;\n    z-index: 2;\n}\n\n.vehicle-card__link {\n    text-decoration: none;\n    color: inherit;\n    display: block;\n}\n\n.vehicle-card__image {\n    position: relative;\n    height: 200px;\n    overflow: hidden;\n}\n\n.vehicle-card__image img {\n    width: 100%;\n    height: 100%;\n    object-fit: cover;\n}\n\n.vehicle-card__sticker {\n    position: absolute;\n    top: 10px;\n    left: 10px;\n    background: rgba(0,0,0,0.8);\n    color: white;\n    padding: 0.25rem 0.5rem;\n    border-radius: 4px;\n    font-size: 0.75rem;\n}\n\n.vehicle-card__content {\n    padding: 1.5rem;\n}\n\n.vehicle-card__name {\n    font-size: 1.25rem;\n    font-weight: bold;\n    margin-bottom: 0.5rem;\n}\n\n.vehicle-card__tagline {\n    color: #666;\n    font-size: 0.9rem;\n    margin-bottom: 0.5rem;\n}\n\n.vehicle-card__variant {\n    color: #333;\n    font-size: 0.95rem;\n    margin-bottom: 1rem;\n}\n\n.vehicle-card__pricing {\n    margin-bottom: 1rem;\n}\n\n.vehicle-card__price-main {\n    display: flex;\n    align-items: center;\n    gap: 0.5rem;\n    margin-bottom: 0.25rem;\n}\n\n.vehicle-card__price {\n    font-size: 1.5rem;\n    font-weight: bold;\n    color: #007cba;\n}\n\n.vehicle-card__price-original {\n    font-size: 1rem;\n    color: #999;\n    text-decoration: line-through;\n}\n\n.vehicle-card__price-financed {\n    font-size: 0.9rem;\n    color: #666;\n}\n\n.vehicle-card__specs {\n    display: flex;\n    flex-wrap: wrap;\n    gap: 0.5rem;\n    margin-bottom: 1rem;\n}\n\n.spec-item {\n    background: #f5f5f5;\n    padding: 0.25rem 0.5rem;\n    border-radius: 4px;\n    font-size: 0.85rem;\n    color: #666;\n}\n\n.vehicle-card__contact {\n    font-size: 0.9rem;\n    color: #007cba;\n}\n\n.vehicles-block__pagination {\n    text-align: center;\n    margin-top: 2rem;\n}\n\n.vehicles-block__pagination .page-numbers {\n    display: inline-block;\n    padding: 0.5rem 1rem;\n    margin: 0 0.25rem;\n    border: 1px solid #ddd;\n    text-decoration: none;\n    border-radius: 4px;\n}\n\n.vehicles-block__pagination .page-numbers:hover,\n.vehicles-block__pagination .page-numbers.current {\n    background: #007cba;\n    color: white;\n    border-color: #007cba;\n}\n\n.vehicles-block__empty {\n    text-align: center;\n    padding: 3rem;\n    color: #666;\n}\n\n@media (max-width: 768px) {\n    .vehicles-block__filters {\n        flex-direction: column;\n        align-items: center;\n    }\n    \n    .vehicles-grid {\n        grid-template-columns: 1fr;\n        gap: 1rem;\n    }\n    \n    .vehicle-card__specs {\n        justify-content: center;\n    }\n}\n<\/style>\n\n<script>\ndocument.addEventListener('DOMContentLoaded', function() {\n    const filterButtons = document.querySelectorAll('.vehicles-block .filter-btn');\n    \n    filterButtons.forEach(button => {\n        button.addEventListener('click', function() {\n            const filterType = this.dataset.filter;\n            const vehiclesBlock = this.closest('.vehicles-block');\n            \n            \/\/ Update active button\n            filterButtons.forEach(btn => btn.classList.remove('active'));\n            this.classList.add('active');\n            \n            \/\/ Update block data attribute\n            vehiclesBlock.dataset.filterType = filterType;\n            \n            \/\/ Update URL with filter parameter and reload\n            const url = new URL(window.location);\n            url.searchParams.set('vehicle_filter', filterType);\n            url.searchParams.delete('paged'); \/\/ Reset pagination when filtering\n            window.location.href = url.toString();\n        });\n    });\n});\n<\/script>\n\n\n\n<div class=\"info-grid-block\" style=\"background-color: Page;\">\n            <div class=\"info-grid\">\n                            <div class=\"info-item\">\n                                            <h3 class=\"info-title\">Seguretat Volvo Certificada<\/h3>\n                                        \n                                            <p class=\"info-text\">Vehicles inspeccionats que asseguren que els seus sistemes de protecci\u00f3 i tecnologia funcionin perfectament, sense el cost d&#039;un de nou.<\/p>\n                                        \n                                    <\/div>\n                            <div class=\"info-item\">\n                                            <h3 class=\"info-title\">Luxe i Disseny a un Preu Accessible<\/h3>\n                                        \n                                            <p class=\"info-text\">Gaudiu del disseny escandinau i de l&#039;interior ergon\u00f2mic d&#039;alta qualitat a un preu accessible.<\/p>\n                                        \n                                    <\/div>\n                            <div class=\"info-item\">\n                                            <h3 class=\"info-title\">Rendiment, Tecnologia i Fiabilitat Garantida<\/h3>\n                                        \n                                            <p class=\"info-text\">T\u00e8cnics avalen que la mec\u00e0nica i tecnologia funcionen amb excel\u00b7l\u00e8ncia, recolzant la qualitat Volvo.<\/p>\n                                        \n                                    <\/div>\n                            <div class=\"info-item\">\n                                            <h3 class=\"info-title\">Comprom\u00eds amb la Sostenibilitat i el Valor<\/h3>\n                                        \n                                            <p class=\"info-text\">Aprofiteu l&#039;alt valor residual de Volvo i prolongueu la vida \u00fatil del vehicle de manera responsable<\/p>\n                                        \n                                    <\/div>\n                    <\/div>\n    <\/div> \n\n<div class=\"block-text\"><h2 data-start=\"229\" data-end=\"296\">Cotxes de segona m\u00e0 a Volmar: qualitat, garantia i confian\u00e7a<\/h2>\n<p data-start=\"298\" data-end=\"811\">Est\u00e0 cercant un <strong data-start=\"316\" data-end=\"351\">cotxe de segona m\u00e0 fiable<\/strong>? Als <strong data-start=\"360\" data-end=\"385\">concessionaris Volmar<\/strong>, us oferim la millor opci\u00f3 per comprar vehicles d&#039;ocasi\u00f3 amb total seguretat. Tots els nostres cotxes passen per revisions exhaustives i compten amb certificaci\u00f3 oficial, garantint-ne la qualitat i fiabilitat. Descobreixi la nostra \u00e0mplia selecci\u00f3 de <strong data-start=\"638\" data-end=\"665\">cotxes d&#039;ocasi\u00f3 Volvo<\/strong> i altres marques reconegudes, i porteu a casa el vehicle que millor s&#039;adapti a les vostres necessitats, amb la confian\u00e7a d&#039;un <strong data-start=\"783\" data-end=\"808\">concessionari oficial<\/strong>.<\/p>\n<hr data-start=\"813\" data-end=\"816\" \/>\n<h2 data-start=\"818\" data-end=\"873\">Per qu\u00e8 comprar un cotxe de segona m\u00e0 a Volmar<\/h2>\n<p data-start=\"875\" data-end=\"1013\">Comprar un cotxe usat pot generar dubtes sobre el model m\u00e9s adequat, la marca que m\u00e9s li conv\u00e9 o els factors a considerar, com ara:<\/p>\n<ul data-start=\"1014\" data-end=\"1163\">\n<li data-start=\"1014\" data-end=\"1042\">\n<p data-start=\"1016\" data-end=\"1042\"><strong data-start=\"1016\" data-end=\"1040\">Preu i pressupost<\/strong><\/p>\n<\/li>\n<li data-start=\"1043\" data-end=\"1079\">\n<p data-start=\"1045\" data-end=\"1079\"><strong data-start=\"1045\" data-end=\"1077\">Consum i tipus de recorreguts<\/strong><\/p>\n<\/li>\n<li data-start=\"1080\" data-end=\"1129\">\n<p data-start=\"1082\" data-end=\"1129\"><strong data-start=\"1082\" data-end=\"1127\">Capacitat del maleter i nombre de places<\/strong><\/p>\n<\/li>\n<li data-start=\"1130\" data-end=\"1163\">\n<p data-start=\"1132\" data-end=\"1163\"><strong data-start=\"1132\" data-end=\"1161\">Equipament i tecnologia<\/strong><\/p>\n<\/li>\n<\/ul>\n<p data-start=\"1165\" data-end=\"1507\">A Volmar, us oferim <strong data-start=\"1189\" data-end=\"1220\">assessorament personalitzat<\/strong> perqu\u00e8 prengui decisions informades. Els nostres vehicles d&#039;ocasi\u00f3 s\u00f3n revisats i certificats segons estrictes est\u00e0ndards de qualitat, cosa que us permet comprar amb total tranquil\u00b7litat. Coneixem l&#039;historial de cada cotxe, les revisions fetes i el seu estat mec\u00e0nic i tecnol\u00f2gic.<\/p>\n<p data-start=\"1509\" data-end=\"1866\">Podeu explorar el nostre <strong data-start=\"1532\" data-end=\"1570\">cercador de cotxes de segona m\u00e0<\/strong> a la web per filtrar per marca, model, combustible, any o preu, o acudir als nostres concessionaris, on els nostres experts us ajudaran a trobar el cotxe ideal per a vost\u00e8. A m\u00e9s, comptem amb <strong data-start=\"1772\" data-end=\"1814\">opcions de finan\u00e7ament personalitzat<\/strong>, lliurament r\u00e0pid i un servei postvenda complet.<\/p>\n<hr data-start=\"1868\" data-end=\"1871\" \/>\n<h2 data-start=\"1873\" data-end=\"1943\">Avantatges de comprar cotxes usats en un concessionari professional<\/h2>\n<p data-start=\"1945\" data-end=\"2046\">Comprar un cotxe de segona m\u00e0 a Volmar t\u00e9 clars avantatges davant de la compra a particulars:<\/p>\n<ol data-start=\"2048\" data-end=\"2519\">\n<li data-start=\"2048\" data-end=\"2213\">\n<p data-start=\"2051\" data-end=\"2213\"><strong data-start=\"2051\" data-end=\"2097\">Revisi\u00f3 exhaustiva i manteniment al dia<\/strong><br data-start=\"2097\" data-end=\"2100\" \/>Tots els nostres cotxes passen per inspeccions t\u00e8cniques completes i reparacions necess\u00e0ries abans de la venda.<\/p>\n<\/li>\n<li data-start=\"2215\" data-end=\"2346\">\n<p data-start=\"2218\" data-end=\"2346\"><strong data-start=\"2218\" data-end=\"2247\">Garantia m\u00ednima d\u00b4un any<\/strong><br data-start=\"2247\" data-end=\"2250\" \/>Amb la seguretat d&#039;un concessionari oficial, els seus drets com a comprador estan protegits.<\/p>\n<\/li>\n<li data-start=\"2348\" data-end=\"2519\">\n<p data-start=\"2351\" data-end=\"2519\"><strong data-start=\"2351\" data-end=\"2383\">Responsabilitat del venedor<\/strong><br data-start=\"2383\" data-end=\"2386\" \/>Si apareixen problemes els primers mesos despr\u00e9s de la compra, Volmar se&#039;n fa c\u00e0rrec, llevat que es tracti d&#039;un mal \u00fas del vehicle.<\/p>\n<\/li>\n<\/ol>\n<p data-start=\"2521\" data-end=\"2751\">\u26a0\ufe0f <strong data-start=\"2524\" data-end=\"2549\">Difer\u00e8ncia tribut\u00e0ria<\/strong>: Comprar a un professional implica IVA (21%) davant del 4% de l&#039;ITP en particulars, per\u00f2 aix\u00f2 assegura documentaci\u00f3 completa i possibilitat de deducci\u00f3 fiscal, a m\u00e9s de <strong data-start=\"2718\" data-end=\"2748\">major seguretat i garantia<\/strong>.<\/p>\n<hr data-start=\"2753\" data-end=\"2756\" \/>\n<h2 data-start=\"2758\" data-end=\"2809\">Com vendre el cotxe de segona m\u00e0 a Volmar<\/h2>\n<p data-start=\"2811\" data-end=\"2928\">A Volmar tamb\u00e9 us oferim la possibilitat de <strong data-start=\"2860\" data-end=\"2910\">vendre el cotxe usat de forma r\u00e0pida i segura<\/strong>. Nom\u00e9s necessita:<\/p>\n<ul data-start=\"2929\" data-end=\"3079\">\n<li data-start=\"2929\" data-end=\"2976\">\n<p data-start=\"2931\" data-end=\"2976\">Matr\u00edcula, any, marca i model del vehicle<\/p>\n<\/li>\n<li data-start=\"2977\" data-end=\"3019\">\n<p data-start=\"2979\" data-end=\"3019\">Tipus de combustible i estat del cotxe<\/p>\n<\/li>\n<li data-start=\"3020\" data-end=\"3053\">\n<p data-start=\"3022\" data-end=\"3053\">Fotos opcionals del vehicle<\/p>\n<\/li>\n<li data-start=\"3054\" data-end=\"3079\">\n<p data-start=\"3056\" data-end=\"3079\">Les vostres dades de contacte<\/p>\n<\/li>\n<\/ul>\n<p data-start=\"3081\" data-end=\"3248\">El nostre taxador us donar\u00e0 <strong data-start=\"3105\" data-end=\"3141\">una valoraci\u00f3 gratu\u00efta i r\u00e0pida<\/strong>, i podr\u00e0 decidir si desitja adquirir un cotxe d&#039;ocasi\u00f3 als nostres concessionaris com a part del canvi.<\/p>\n<hr data-start=\"3250\" data-end=\"3253\" \/>\n<h2 data-start=\"3255\" data-end=\"3311\">Costos i pressupost en comprar un cotxe d&#039;ocasi\u00f3<\/h2>\n<p data-start=\"3313\" data-end=\"3392\">Abans de comprar un cotxe de segona m\u00e0, considereu els aspectes seg\u00fcents:<\/p>\n<ul data-start=\"3393\" data-end=\"3585\">\n<li data-start=\"3393\" data-end=\"3480\">\n<p data-start=\"3395\" data-end=\"3480\"><strong data-start=\"3395\" data-end=\"3418\">Preu del vehicle<\/strong> i despeses burocr\u00e0tiques associades segons la seva comunitat aut\u00f2noma<\/p>\n<\/li>\n<li data-start=\"3481\" data-end=\"3585\">\n<p data-start=\"3483\" data-end=\"3585\"><strong data-start=\"3483\" data-end=\"3513\">Manteniment del vehicle<\/strong>, incloent combustible, asseguran\u00e7a, impost de circulaci\u00f3 i revisions<\/p>\n<\/li>\n<\/ul>\n<p data-start=\"3587\" data-end=\"3822\">A Volmar posem a la vostra disposici\u00f3 eines per a <strong data-start=\"3640\" data-end=\"3681\">calcular un pressupost personalitzat<\/strong>, filtrar models i caracter\u00edstiques, i rebre assessorament expert per trobar el cotxe que s&#039;ajusti a les necessitats i la butxaca.<\/p>\n<hr data-start=\"3824\" data-end=\"3827\" \/>\n<h2 data-start=\"3829\" data-end=\"3885\">Documentaci\u00f3 necess\u00e0ria per comprar un cotxe usat<\/h2>\n<p data-start=\"3887\" data-end=\"3982\">Per comprar un cotxe de segona m\u00e0 \u00e9s imprescindible comptar amb la documentaci\u00f3 correcta:<\/p>\n<ul data-start=\"3983\" data-end=\"4321\">\n<li data-start=\"3983\" data-end=\"4078\">\n<p data-start=\"3985\" data-end=\"4078\"><strong data-start=\"3985\" data-end=\"4026\">Fitxa t\u00e8cnica i canvi de titularitat<\/strong>, tramitats per Volmar per simplificar la compra<\/p>\n<\/li>\n<li data-start=\"4079\" data-end=\"4162\">\n<p data-start=\"4081\" data-end=\"4162\"><strong data-start=\"4081\" data-end=\"4126\">Abonament de l&#039;impost de transmissions o IVA<\/strong> i taxes a la Prefectura de Tr\u00e0nsit<\/p>\n<\/li>\n<li data-start=\"4163\" data-end=\"4227\">\n<p data-start=\"4165\" data-end=\"4227\"><strong data-start=\"4165\" data-end=\"4191\">Llibre de manteniment<\/strong>, claus i manual d&#039;instruccions<\/p>\n<\/li>\n<li data-start=\"4228\" data-end=\"4321\">\n<p data-start=\"4230\" data-end=\"4321\"><strong data-start=\"4230\" data-end=\"4272\">Documentaci\u00f3 d&#039;accessoris instal\u00b7lats<\/strong>, com llunes tintades o llantes, si escau<\/p>\n<\/li>\n<\/ul>\n<p data-start=\"4323\" data-end=\"4515\">Comprar un cotxe a Volmar significa <strong data-start=\"4360\" data-end=\"4410\">tranquil\u00b7litat, seguretat i suport professional<\/strong>. Cada vehicle d\u00b4ocasi\u00f3 est\u00e0 certificat, revisat i llest per lliurar-se en perfectes condicions.<\/p>\n<hr data-start=\"4517\" data-end=\"4520\" \/>\n<h2 data-start=\"4522\" data-end=\"4590\">Explora el nostre estoc de cotxes d&#039;ocasi\u00f3 Volvo i altres marques<\/h2>\n<p data-start=\"4592\" data-end=\"4615\">A Volmar trobareu:<\/p>\n<ul data-start=\"4616\" data-end=\"4836\">\n<li data-start=\"4616\" data-end=\"4673\">\n<p data-start=\"4618\" data-end=\"4673\"><strong data-start=\"4618\" data-end=\"4650\">Cotxes de segona m\u00e0 Volvo<\/strong> amb garantia oficial<\/p>\n<\/li>\n<li data-start=\"4674\" data-end=\"4732\">\n<p data-start=\"4676\" data-end=\"4732\"><strong data-start=\"4676\" data-end=\"4705\">Vehicles d&#039;altres marques<\/strong> certificats i revisats<\/p>\n<\/li>\n<li data-start=\"4733\" data-end=\"4779\">\n<p data-start=\"4735\" data-end=\"4779\"><strong data-start=\"4735\" data-end=\"4777\">Opcions de finan\u00e7ament personalitzat<\/strong><\/p>\n<\/li>\n<li data-start=\"4780\" data-end=\"4836\">\n<p data-start=\"4782\" data-end=\"4836\">Servei de lliurament r\u00e0pid i assessorament postvenda<\/p>\n<\/li>\n<\/ul>\n<p data-start=\"4838\" data-end=\"5059\">Visiteu el nostre <strong data-start=\"4853\" data-end=\"4877\">concessionari Volmar<\/strong> o exploreu el nostre estoc online. Descobriu per qu\u00e8 som l&#039;opci\u00f3 preferida per als que busquen <strong data-start=\"4973\" data-end=\"5018\">cotxes d&#039;ocasi\u00f3 de qualitat amb garantia<\/strong>, seguretat i confian\u00e7a en cada compra.<\/p>\n<\/div>","protected":false},"excerpt":{"rendered":"","protected":false},"author":1,"featured_media":0,"parent":0,"menu_order":0,"comment_status":"closed","ping_status":"closed","template":"","meta":{"_acf_changed":false,"footnotes":""},"class_list":["post-394","page","type-page","status-publish","hentry"],"acf":[],"yoast_head":"<!-- This site is optimized with the Yoast SEO plugin v26.0 - https:\/\/yoast.com\/wordpress\/plugins\/seo\/ -->\n<title>Veh\u00edculos de Ocasi\u00f3n - Volvo Cars Matar\u00f3<\/title>\n<meta name=\"robots\" content=\"noindex, follow, max-snippet:-1, max-image-preview:large, max-video-preview:-1\" \/>\n<meta property=\"og:locale\" content=\"ca_ES\" \/>\n<meta property=\"og:type\" content=\"article\" \/>\n<meta property=\"og:title\" content=\"Veh\u00edculos de Ocasi\u00f3n - Volvo Cars Matar\u00f3\" \/>\n<meta property=\"og:url\" content=\"https:\/\/admin.volvocarsmataro.com\/ca\/vehiculos-de-ocasion\/\" \/>\n<meta property=\"og:site_name\" content=\"Volvo Cars Matar\u00f3\" \/>\n<meta property=\"article:modified_time\" content=\"2025-10-21T20:37:31+00:00\" \/>\n<meta name=\"twitter:card\" content=\"summary_large_image\" \/>\n<script type=\"application\/ld+json\" class=\"yoast-schema-graph\">{\"@context\":\"https:\/\/schema.org\",\"@graph\":[{\"@type\":\"WebPage\",\"@id\":\"https:\/\/admin.volvocarsmataro.com\/vehiculos-de-ocasion\/\",\"url\":\"https:\/\/admin.volvocarsmataro.com\/vehiculos-de-ocasion\/\",\"name\":\"Veh\u00edculos de Ocasi\u00f3n - Volvo Cars Matar\u00f3\",\"isPartOf\":{\"@id\":\"https:\/\/admin.volvocarsmataro.com\/#website\"},\"datePublished\":\"2025-10-01T12:26:26+00:00\",\"dateModified\":\"2025-10-21T20:37:31+00:00\",\"breadcrumb\":{\"@id\":\"https:\/\/admin.volvocarsmataro.com\/vehiculos-de-ocasion\/#breadcrumb\"},\"inLanguage\":\"ca\",\"potentialAction\":[{\"@type\":\"ReadAction\",\"target\":[\"https:\/\/admin.volvocarsmataro.com\/vehiculos-de-ocasion\/\"]}]},{\"@type\":\"BreadcrumbList\",\"@id\":\"https:\/\/admin.volvocarsmataro.com\/vehiculos-de-ocasion\/#breadcrumb\",\"itemListElement\":[{\"@type\":\"ListItem\",\"position\":1,\"name\":\"Home\",\"item\":\"https:\/\/admin.volvocarsmataro.com\/\"},{\"@type\":\"ListItem\",\"position\":2,\"name\":\"Veh\u00edculos de Ocasi\u00f3n\"}]},{\"@type\":\"WebSite\",\"@id\":\"https:\/\/admin.volvocarsmataro.com\/#website\",\"url\":\"https:\/\/admin.volvocarsmataro.com\/\",\"name\":\"Volvo Cars Matar\u00f3\",\"description\":\"\",\"potentialAction\":[{\"@type\":\"SearchAction\",\"target\":{\"@type\":\"EntryPoint\",\"urlTemplate\":\"https:\/\/admin.volvocarsmataro.com\/?s={search_term_string}\"},\"query-input\":{\"@type\":\"PropertyValueSpecification\",\"valueRequired\":true,\"valueName\":\"search_term_string\"}}],\"inLanguage\":\"ca\"}]}<\/script>\n<!-- \/ Yoast SEO plugin. -->","yoast_head_json":{"title":"Veh\u00edculos de Ocasi\u00f3n - Volvo Cars Matar\u00f3","robots":{"index":"noindex","follow":"follow","max-snippet":"max-snippet:-1","max-image-preview":"max-image-preview:large","max-video-preview":"max-video-preview:-1"},"og_locale":"ca_ES","og_type":"article","og_title":"Veh\u00edculos de Ocasi\u00f3n - Volvo Cars Matar\u00f3","og_url":"https:\/\/admin.volvocarsmataro.com\/ca\/vehiculos-de-ocasion\/","og_site_name":"Volvo Cars Matar\u00f3","article_modified_time":"2025-10-21T20:37:31+00:00","twitter_card":"summary_large_image","schema":{"@context":"https:\/\/schema.org","@graph":[{"@type":"WebPage","@id":"https:\/\/admin.volvocarsmataro.com\/vehiculos-de-ocasion\/","url":"https:\/\/admin.volvocarsmataro.com\/vehiculos-de-ocasion\/","name":"Veh\u00edculos de Ocasi\u00f3n - Volvo Cars Matar\u00f3","isPartOf":{"@id":"https:\/\/admin.volvocarsmataro.com\/#website"},"datePublished":"2025-10-01T12:26:26+00:00","dateModified":"2025-10-21T20:37:31+00:00","breadcrumb":{"@id":"https:\/\/admin.volvocarsmataro.com\/vehiculos-de-ocasion\/#breadcrumb"},"inLanguage":"ca","potentialAction":[{"@type":"ReadAction","target":["https:\/\/admin.volvocarsmataro.com\/vehiculos-de-ocasion\/"]}]},{"@type":"BreadcrumbList","@id":"https:\/\/admin.volvocarsmataro.com\/vehiculos-de-ocasion\/#breadcrumb","itemListElement":[{"@type":"ListItem","position":1,"name":"Home","item":"https:\/\/admin.volvocarsmataro.com\/"},{"@type":"ListItem","position":2,"name":"Veh\u00edculos de Ocasi\u00f3n"}]},{"@type":"WebSite","@id":"https:\/\/admin.volvocarsmataro.com\/#website","url":"https:\/\/admin.volvocarsmataro.com\/","name":"Volvo Cars Matar\u00f3","description":"","potentialAction":[{"@type":"SearchAction","target":{"@type":"EntryPoint","urlTemplate":"https:\/\/admin.volvocarsmataro.com\/?s={search_term_string}"},"query-input":{"@type":"PropertyValueSpecification","valueRequired":true,"valueName":"search_term_string"}}],"inLanguage":"ca"}]}},"_links":{"self":[{"href":"https:\/\/admin.volvocarsmataro.com\/ca\/wp-json\/wp\/v2\/pages\/394","targetHints":{"allow":["GET"]}}],"collection":[{"href":"https:\/\/admin.volvocarsmataro.com\/ca\/wp-json\/wp\/v2\/pages"}],"about":[{"href":"https:\/\/admin.volvocarsmataro.com\/ca\/wp-json\/wp\/v2\/types\/page"}],"author":[{"embeddable":true,"href":"https:\/\/admin.volvocarsmataro.com\/ca\/wp-json\/wp\/v2\/users\/1"}],"replies":[{"embeddable":true,"href":"https:\/\/admin.volvocarsmataro.com\/ca\/wp-json\/wp\/v2\/comments?post=394"}],"version-history":[{"count":17,"href":"https:\/\/admin.volvocarsmataro.com\/ca\/wp-json\/wp\/v2\/pages\/394\/revisions"}],"predecessor-version":[{"id":1611,"href":"https:\/\/admin.volvocarsmataro.com\/ca\/wp-json\/wp\/v2\/pages\/394\/revisions\/1611"}],"wp:attachment":[{"href":"https:\/\/admin.volvocarsmataro.com\/ca\/wp-json\/wp\/v2\/media?parent=394"}],"curies":[{"name":"wp","href":"https:\/\/api.w.org\/{rel}","templated":true}]}}