{"id":280,"date":"2025-09-29T11:50:31","date_gmt":"2025-09-29T09:50:31","guid":{"rendered":"https:\/\/volmar.red.grupvolmar.com\/?page_id=280"},"modified":"2026-01-23T10:52:48","modified_gmt":"2026-01-23T09:52:48","slug":"home","status":"publish","type":"page","link":"https:\/\/admin.volvocarsmataro.com\/ca\/home\/","title":{"rendered":"Inici"},"content":{"rendered":"<div class=\"hero-block hero-block--mid\" style=\"background-color: Page;\">\n                        <div class=\"hero-slide\">\n                                    <h2 class=\"hero-title\">Volvo XC60. Ara des de 43.600\u20ac o des de 250\u20ac\/mes<\/h2>\n                                \n                                    <p class=\"hero-subtitle\">Entrada: 10.651,90 \u20ac, \u00daltima quota: 32.508,28 \u20ac, TAE: 10,31 %<\/p>\n                                \n                                    <div class=\"hero-image\">\n                                                    <img decoding=\"async\" src=\"https:\/\/admin.volvocarsmataro.com\/wp-content\/uploads\/sites\/2\/2025\/10\/208057_The_new_Volvo_XC60-1-scaled-e1759409514333.jpg\" alt=\"\">\n                                            <\/div>\n                                \n                                    <div class=\"hero-buttons\">\n                                                    <a href=\"#contact\" class=\"hero-button hero-button--accent\">\n                                Contacte                            <\/a>\n                                                    <a href=\"\/ca\/modelos\/xc60\/\" class=\"hero-button hero-button--outline\">\n                                M\u00e9s informaci\u00f3                            <\/a>\n                                            <\/div>\n                                \n                                    <div class=\"hero-slide-footnote\">\n                        <p>Preu finan\u00e7at: 43.600 \u20ac. 36 quotes de 250\u20ac i una darrera quota de 32.508,28\u20ac. TIN 8,49%, TAE 13,41%, import finan\u00e7at: 33.084,10\u20ac. Preu total a terminis: 51.149,28 \u20ac. Interessos: 8.268,28 \u20ac. Comissi\u00f3 de formalitzaci\u00f3 finan\u00e7ada: 601,55 \u20ac. Preu total a terminis: 52.362,83 \u20ac. Exemple per a Volvo XC60 B4 (Gasolina) Core, 145 kW. Oferta de finan\u00e7ament v\u00e0lida fins al 31\/01\/2026. Complint condicions. Finan\u00e7ament ofert per Banco Cetelem SAU subjecta a aprovaci\u00f3. Consulta condicions a www.volvocars.com\/es\/Servicios\/financiacion\/opciones-financiacion\/cuota-volvo-xc60-options<\/p>\n                    <\/div>\n                            <\/div>\n                    <div class=\"hero-slide\">\n                                    <h2 class=\"hero-title\">Nou Volvo XC40. Ara des de 33.100\u20ac o des de 160\u20ac\/mes*<\/h2>\n                                \n                                    <p class=\"hero-subtitle\">Entrada: 13.357,50\u20ac, \u00datima quota: 18.745,79\u20ac, TAE: 10,01%<\/p>\n                                \n                                    <div class=\"hero-image\">\n                                                    <img decoding=\"async\" src=\"https:\/\/admin.volvocarsmataro.com\/wp-content\/uploads\/sites\/2\/2025\/10\/xc40exterior2-2-e1759908897873.avif\" alt=\"\">\n                                            <\/div>\n                                \n                                    <div class=\"hero-buttons\">\n                                                    <a href=\"#contact\" class=\"hero-button hero-button--accent\">\n                                Contacte                            <\/a>\n                                                    <a href=\"\/ca\/modelos\/xc40\/\" class=\"hero-button hero-button--outline\">\n                                M\u00e9s informaci\u00f3                            <\/a>\n                                            <\/div>\n                                \n                                    <div class=\"hero-slide-footnote\">\n                        <p>Volvo XC40 B3 autom\u00e0tic Essential AWD 121 kW (163 cv) Consum mixt (l\/100km) 6,6-7,3 i emissions CO2 (g\/Km) de 150-166. (*) PVP: 42.900 \u20ac. Preu finan\u00e7at: 33.100\u20ac. Entrada: 13.357,50\u20ac. Comissi\u00f3 de formalitzaci\u00f3 del 3,50% a pagar al comptat: 690,99\u20ac. Import finan\u00e7ament: 19.742,50 \u20ac. 47 quotes de 160\u20ac. Als quatre anys podr\u00e0s canviar-lo per un altre model, tornar-lo, o quedar-t&#039;ho pagant una \u00faltima quota de 18.745,79 \u20ac. Valor final garantit per a 10.000 km anuals. Consulta al teu concessionari per a altres quilometratges disponibles. TIN: 8,49% TAE: 10,01%. Total interessos: 6.523,29 \u20ac. Cost total del cr\u00e8dit: 7.214,28\u20ac. Import total degut: 26.956,78 \u20ac. Preu total a terminis: 40.314,28\u20ac. Sistema damortitzaci\u00f3 franc\u00e8s. Finan\u00e7ant sota la marca Volvo Car Financial Services (pertanyents a Volvo Car Group) a trav\u00e9s de Banco Cetelem SAU fins al 31\/01\/2026.<\/p>\n                    <\/div>\n                            <\/div>\n                    <div class=\"hero-slide\">\n                                    <h2 class=\"hero-title\">Liquidaci\u00f3 de Volvo Selekt a VOLMAR<\/h2>\n                                \n                                    <p class=\"hero-subtitle\">Aprofita durant aquest mes de gener les darreres ofertes en estoc de vehicles KM0 i ger\u00e8ncia. Aconsegueix el teu Volvo somiat!<\/p>\n                                \n                                    <div class=\"hero-image\">\n                                                    <img decoding=\"async\" src=\"https:\/\/admin.volvocarsmataro.com\/wp-content\/uploads\/sites\/2\/2026\/01\/3.png\" alt=\"\">\n                                            <\/div>\n                                \n                                    <div class=\"hero-buttons\">\n                                                    <a href=\"https:\/\/www.volvocarsmataro.com\/vehiculos-de-ocasion\/\" class=\"hero-button hero-button--accent\">\n                                Veure ofertes                            <\/a>\n                                            <\/div>\n                                \n                            <\/div>\n                    <div class=\"hero-slide\">\n                                    <h2 class=\"hero-title\">Volvo EX30 des de 28.600 \u20ac amb wallbox inclosa<\/h2>\n                                \n                                    <p class=\"hero-subtitle\">Disseny escandinau i tecnologia intel\u00b7ligent en versi\u00f3 el\u00e8ctrica. Minimalisme, seguretat i sostenibilitat Volvo.<\/p>\n                                \n                                    <div class=\"hero-image\">\n                                                    <img decoding=\"async\" src=\"https:\/\/admin.volvocarsmataro.com\/wp-content\/uploads\/sites\/2\/2025\/10\/347922_EX30_Start_of_Production_at_Volvo_Car_Gent-scaled.jpg\" alt=\"\">\n                                            <\/div>\n                                \n                                    <div class=\"hero-buttons\">\n                                                    <a href=\"https:\/\/www.volvocarsmataro.com\/modelos\/ex30\/\" class=\"hero-button hero-button--accent\">\n                                Ho vull                            <\/a>\n                                            <\/div>\n                                \n                            <\/div>\n            <\/div> \n\n<div class=\"block-text\"><div id=\"trikomerresumen\" data-idbiz=\"VOLMAR568\" data-style=\"volmar\"><\/div>\n<\/div>\n\n\n<div class=\"info-grid-block\" style=\"background-color: Page;\">\n            <div class=\"info-grid\">\n                            <div class=\"info-item\">\n                                            <h3 class=\"info-title\">Ofertes actuals<\/h3>\n                                        \n                                            <p class=\"info-text\">Vegeu les ofertes i obteniu el millor preu en el vostre nou vehicle.<\/p>\n                                        \n                                    <\/div>\n                            <div class=\"info-item\">\n                                            <h3 class=\"info-title\">Estoc de vehicles nous<\/h3>\n                                        \n                                            <p class=\"info-text\">Vegeu el que est\u00e0 en estoc i llest per al lliurament.<\/p>\n                                        \n                                    <\/div>\n                            <div class=\"info-item\">\n                                            <h3 class=\"info-title\">Club Volvo: el nostre comprom\u00eds<\/h3>\n                                        \n                                            <p class=\"info-text\">Descobreix tots els teus avantatges per ser part de Volvo.<\/p>\n                                        \n                                    <\/div>\n                            <div class=\"info-item\">\n                                            <h3 class=\"info-title\">Reserva una prova de conducci\u00f3<\/h3>\n                                        \n                                            <p class=\"info-text\">Descobreix com seria conduir un Volvo cada dia<\/p>\n                                        \n                                    <\/div>\n                    <\/div>\n    <\/div> \n\n\n<div class=\"item-grid-block\" style=\"background-color: Page;\">\n            <div class=\"item-grid\">\n                            <div class=\"grid-item\">\n                                            <div class=\"item-image\">\n                                                            <img decoding=\"async\" src=\"https:\/\/admin.volvocarsmataro.com\/wp-content\/uploads\/sites\/2\/2025\/09\/V60_16_9_secondarybanner-e1759147251658.avif\" alt=\"\">\n                                                    <\/div>\n                                        \n                                            <h3 class=\"item-title\">Volvo V60 mild hybrid B4 (gasolina) per 489 \u20ac\/mes<\/h3>\n                                        \n                                            <p class=\"item-text\">Fes que sigui teu aquest familiar amb el nostre r\u00e8nting privat.<\/p>\n                                        \n                                            <a href=\"\/ca\/modelos\/v60\/\" class=\"item-link\">\n                                                    <\/a>\n                                    <\/div>\n                            <div class=\"grid-item\">\n                                            <div class=\"item-image\">\n                                                            <img decoding=\"async\" src=\"https:\/\/admin.volvocarsmataro.com\/wp-content\/uploads\/sites\/2\/2025\/09\/Volvo_EX30_banner_local_1-e1759147326743.avif\" alt=\"\">\n                                                    <\/div>\n                                        \n                                            <h3 class=\"item-title\">Ara, el Volvo EX30 des de 28.600\u20ac amb Wallbox i instal\u00b7laci\u00f3 inclosos***<\/h3>\n                                        \n                                            <p class=\"item-text\">Beneficia&#039;t a m\u00e9s de fins a 7.000\u20ac del pla Moves III.<\/p>\n                                        \n                                            <a href=\"\/ca\/modelos\/ex30\/\" class=\"item-link\">\n                            Aconsegueix-ho***                        <\/a>\n                                    <\/div>\n                    <\/div>\n    <\/div> \n\n\n<p>Models<\/p>\n\n\n\n<div class=\"featured-models-block\" style=\"background-color: Page;\">\n            <h2 class=\"featured-models__title\">Models<\/h2>\n        \n        \n    <\/div> \n\n\n<div class=\"item-grid-block\" style=\"background-color: Page;\">\n            <div class=\"item-grid\">\n                            <div class=\"grid-item\">\n                                            <div class=\"item-image\">\n                                                            <img decoding=\"async\" src=\"https:\/\/admin.volvocarsmataro.com\/wp-content\/uploads\/sites\/2\/2025\/11\/asset-10-scaled-1.jpg\" alt=\"\">\n                                                    <\/div>\n                                        \n                                            <h3 class=\"item-title\"> Electrificaci\u00f3<\/h3>\n                                        \n                                            <p class=\"item-text\">Passa&#039;t a all\u00f2 el\u00e8ctric amb confian\u00e7a aprenent sobre la c\u00e0rrega, l&#039;autonomia i el cost de la conducci\u00f3 el\u00e8ctrica<\/p>\n                                        \n                                    <\/div>\n                            <div class=\"grid-item\">\n                                            <div class=\"item-image\">\n                                                            <img decoding=\"async\" src=\"https:\/\/admin.volvocarsmataro.com\/wp-content\/uploads\/sites\/2\/2025\/11\/asset-11-scaled-1.jpg\" alt=\"\">\n                                                    <\/div>\n                                        \n                                            <h3 class=\"item-title\">Seguretat<\/h3>\n                                        \n                                            <p class=\"item-text\">Descobreix les innovadores tecnologies que mantenen Volvo Cars a l&#039;avantguarda de la seguretat autom\u00f2bil.<\/p>\n                                        \n                                    <\/div>\n                            <div class=\"grid-item\">\n                                            <div class=\"item-image\">\n                                                            <img decoding=\"async\" src=\"https:\/\/admin.volvocarsmataro.com\/wp-content\/uploads\/sites\/2\/2025\/11\/asset-12-scaled-1.jpg\" alt=\"\">\n                                                    <\/div>\n                                        \n                                            <h3 class=\"item-title\">Sostenibilitat<\/h3>\n                                        \n                                            <p class=\"item-text\">Descobreix com estem reduint les emissions, adoptant la circularitat i molt m\u00e9s per ser pioners en noves maneres de protegir el planeta.<\/p>\n                                        \n                                    <\/div>\n                    <\/div>\n    <\/div> \n\n\n<div class=\"item-grid-block\" style=\"background-color: Page;\">\n            <div class=\"item-grid\">\n                            <div class=\"grid-item\">\n                                            <div class=\"item-image\">\n                                                            <img decoding=\"async\" src=\"https:\/\/admin.volvocarsmataro.com\/wp-content\/uploads\/sites\/2\/2025\/11\/asset-13-scaled-1.jpg\" alt=\"\">\n                                                    <\/div>\n                                        \n                                            <h3 class=\"item-title\">R\u00e8nting Volvo<\/h3>\n                                        \n                                            <p class=\"item-text\">Gaudeix del teu Volvo amb la millor opci\u00f3 de r\u00e8nting, sense complicacions ni sorpreses.<\/p>\n                                        \n                                            <a href=\"https:\/\/admin.volvocarsmataro.com\/ca\/renting\/\" class=\"item-link\">\n                                                    <\/a>\n                                    <\/div>\n                            <div class=\"grid-item\">\n                                            <div class=\"item-image\">\n                                                            <img decoding=\"async\" src=\"https:\/\/admin.volvocarsmataro.com\/wp-content\/uploads\/sites\/2\/2025\/11\/asset-14-scaled-1.jpg\" alt=\"\">\n                                                    <\/div>\n                                        \n                                            <h3 class=\"item-title\">Volvo Empreses<\/h3>\n                                        \n                                            <p class=\"item-text\">Amb un Volvo com a vehicle d&#039;empresa, comptar\u00e0s amb la millor seguretat.<\/p>\n                                        \n                                            <a href=\"https:\/\/admin.volvocarsmataro.com\/ca\/business\/\" class=\"item-link\">\n                                                    <\/a>\n                                    <\/div>\n                    <\/div>\n    <\/div> \n\n\n<div class=\"image-with-text-block\" style=\"background-color: Page;\">\n    <div class=\"image-with-text image-with-text--left\">\n                    <div class=\"image-with-text__image\">\n                                    <img decoding=\"async\" src=\"https:\/\/admin.volvocarsmataro.com\/wp-content\/uploads\/sites\/2\/2025\/11\/asset-15-scaled-1.jpeg\" alt=\"\">\n                            <\/div>\n                \n        <div class=\"image-with-text__content\">\n                            <h3 class=\"image-with-text__title\">Ofertes d&#039;accessoris<\/h3>\n                        \n                            <p class=\"image-with-text__text\">Viatjar al teu Volvo amb tot el que necessitis, ara costa menys. Troba l&#039;accessori que millor s&#039;adapti a la teva conducci\u00f3, fam\u00edlia o viatge. I viu l?aventura.<\/p>\n                        \n                            <a href=\"https:\/\/admin.volvocarsmataro.com\/ca\/postventa-volvo\/\" class=\"image-with-text__button\">\n                    M\u00e9s informaci\u00f3                <\/a>\n                    <\/div>\n    <\/div>\n<\/div> \n\n<div class=\"block-text\"><div id=\"trikomeropinionesdestacadas\" data-idbiz=\"VOLMAR568\" data-style=\"volmar\"><\/div>\n<\/div>\n\n\n<div class=\"highlights-block\" style=\"background-color: Page;\">\n            <div class=\"highlights\">\n                            <div class=\"highlight-item\">\n                                            <div class=\"highlight-image\">\n                                                            <img decoding=\"async\" src=\"https:\/\/admin.volvocarsmataro.com\/wp-content\/uploads\/sites\/2\/2025\/10\/v90exterior4-e1762330544459.avif\" alt=\"\">\n                                                    <\/div>\n                                        \n                                            <h3 class=\"highlight-title\">Vehicle nou<\/h3>\n                                        \n                                            <a href=\"https:\/\/admin.volvocarsmataro.com\/ca\/vehiculos-nuevos\/\" class=\"highlight-link\">\n                            View Details\n                        <\/a>\n                                    <\/div>\n                            <div class=\"highlight-item\">\n                                            <div class=\"highlight-image\">\n                                                            <img decoding=\"async\" src=\"https:\/\/admin.volvocarsmataro.com\/wp-content\/uploads\/sites\/2\/2025\/11\/Overview-location-gallery-4-16x9-1-1.jpg\" alt=\"\">\n                                                    <\/div>\n                                        \n                                            <h3 class=\"highlight-title\">Vehicle d&#039;ocasi\u00f3<\/h3>\n                                        \n                                            <a href=\"https:\/\/admin.volvocarsmataro.com\/ca\/vehiculos-de-ocasion\/\" class=\"highlight-link\">\n                            View Details\n                        <\/a>\n                                    <\/div>\n                            <div class=\"highlight-item\">\n                                            <div class=\"highlight-image\">\n                                                            <img decoding=\"async\" src=\"https:\/\/admin.volvocarsmataro.com\/wp-content\/uploads\/sites\/2\/2025\/11\/xc40exterior2-1.jpg\" alt=\"\">\n                                                    <\/div>\n                                        \n                                            <h3 class=\"highlight-title\">R\u00e8nting<\/h3>\n                                        \n                                            <a href=\"https:\/\/admin.volvocarsmataro.com\/ca\/renting\/\" class=\"highlight-link\">\n                            View Details\n                        <\/a>\n                                    <\/div>\n                            <div class=\"highlight-item\">\n                                            <div class=\"highlight-image\">\n                                                            <img decoding=\"async\" src=\"https:\/\/admin.volvocarsmataro.com\/wp-content\/uploads\/sites\/2\/2025\/11\/Volvo_personal_service_Promotional_Hero_Mobile_1920x2400-en-tamano-grande.jpg\" alt=\"\">\n                                                    <\/div>\n                                        \n                                            <h3 class=\"highlight-title\">Serveis Postvenda<\/h3>\n                                        \n                                            <a href=\"https:\/\/admin.volvocarsmataro.com\/ca\/postventa-volvo\/\" class=\"highlight-link\">\n                            View Details\n                        <\/a>\n                                    <\/div>\n                    <\/div>\n    <\/div>","protected":false},"excerpt":{"rendered":"<p>Models<\/p>","protected":false},"author":1,"featured_media":0,"parent":0,"menu_order":0,"comment_status":"closed","ping_status":"closed","template":"","meta":{"_acf_changed":false,"footnotes":""},"class_list":["post-280","page","type-page","status-publish","hentry"],"acf":[],"yoast_head":"<!-- This site is optimized with the Yoast SEO plugin v26.0 - https:\/\/yoast.com\/wordpress\/plugins\/seo\/ -->\n<title>Concesionario Volvo - Volvo Cars en Matar\u00f3 Modelos Volvo y Ocasi\u00f3n<\/title>\n<meta name=\"description\" content=\"Concesionario oficial Volvo en Matar\u00f3. Encuentra Coches Volvo Nuevos, Coches de Ocasi\u00f3n y Coches de Segunda Mano. Compra y mantenimiento. Taller y Servicio oficial. \u00a1Con\u00f3cenos!\" \/>\n<meta name=\"robots\" content=\"noindex, follow, max-snippet:-1, max-image-preview:large, max-video-preview:-1\" \/>\n<meta property=\"og:locale\" content=\"ca_ES\" \/>\n<meta property=\"og:type\" content=\"article\" \/>\n<meta property=\"og:title\" content=\"Concesionario Volvo - Volvo Cars en Matar\u00f3 Modelos Volvo y Ocasi\u00f3n\" \/>\n<meta property=\"og:description\" content=\"Concesionario oficial Volvo en Matar\u00f3. Encuentra Coches Volvo Nuevos, Coches de Ocasi\u00f3n y Coches de Segunda Mano. Compra y mantenimiento. Taller y Servicio oficial. \u00a1Con\u00f3cenos!\" \/>\n<meta property=\"og:url\" content=\"https:\/\/admin.volvocarsmataro.com\/ca\/home\/\" \/>\n<meta property=\"og:site_name\" content=\"Volvo Cars Matar\u00f3\" \/>\n<meta property=\"article:modified_time\" content=\"2026-01-23T09:52:48+00:00\" \/>\n<meta name=\"twitter:card\" content=\"summary_large_image\" \/>\n<meta name=\"twitter:label1\" content=\"Temps estimat de lectura\" \/>\n\t<meta name=\"twitter:data1\" content=\"1 minut\" \/>\n<script type=\"application\/ld+json\" class=\"yoast-schema-graph\">{\"@context\":\"https:\/\/schema.org\",\"@graph\":[{\"@type\":\"WebPage\",\"@id\":\"https:\/\/admin.volvocarsmataro.com\/home\/\",\"url\":\"https:\/\/admin.volvocarsmataro.com\/home\/\",\"name\":\"Concesionario Volvo - Volvo Cars en Matar\u00f3 Modelos Volvo y Ocasi\u00f3n\",\"isPartOf\":{\"@id\":\"https:\/\/admin.volvocarsmataro.com\/#website\"},\"datePublished\":\"2025-09-29T09:50:31+00:00\",\"dateModified\":\"2026-01-23T09:52:48+00:00\",\"description\":\"Concesionario oficial Volvo en Matar\u00f3. Encuentra Coches Volvo Nuevos, Coches de Ocasi\u00f3n y Coches de Segunda Mano. Compra y mantenimiento. Taller y Servicio oficial. \u00a1Con\u00f3cenos!\",\"breadcrumb\":{\"@id\":\"https:\/\/admin.volvocarsmataro.com\/home\/#breadcrumb\"},\"inLanguage\":\"ca\",\"potentialAction\":[{\"@type\":\"ReadAction\",\"target\":[\"https:\/\/admin.volvocarsmataro.com\/home\/\"]}]},{\"@type\":\"BreadcrumbList\",\"@id\":\"https:\/\/admin.volvocarsmataro.com\/home\/#breadcrumb\",\"itemListElement\":[{\"@type\":\"ListItem\",\"position\":1,\"name\":\"Home\",\"item\":\"https:\/\/admin.volvocarsmataro.com\/\"},{\"@type\":\"ListItem\",\"position\":2,\"name\":\"Inicio\"}]},{\"@type\":\"WebSite\",\"@id\":\"https:\/\/admin.volvocarsmataro.com\/#website\",\"url\":\"https:\/\/admin.volvocarsmataro.com\/\",\"name\":\"Volvo Cars Matar\u00f3\",\"description\":\"\",\"potentialAction\":[{\"@type\":\"SearchAction\",\"target\":{\"@type\":\"EntryPoint\",\"urlTemplate\":\"https:\/\/admin.volvocarsmataro.com\/?s={search_term_string}\"},\"query-input\":{\"@type\":\"PropertyValueSpecification\",\"valueRequired\":true,\"valueName\":\"search_term_string\"}}],\"inLanguage\":\"ca\"}]}<\/script>\n<!-- \/ Yoast SEO plugin. -->","yoast_head_json":{"title":"Concesionario Volvo - Volvo Cars en Matar\u00f3 Modelos Volvo y Ocasi\u00f3n","description":"Concesionario oficial Volvo en Matar\u00f3. Encuentra Coches Volvo Nuevos, Coches de Ocasi\u00f3n y Coches de Segunda Mano. Compra y mantenimiento. Taller y Servicio oficial. \u00a1Con\u00f3cenos!","robots":{"index":"noindex","follow":"follow","max-snippet":"max-snippet:-1","max-image-preview":"max-image-preview:large","max-video-preview":"max-video-preview:-1"},"og_locale":"ca_ES","og_type":"article","og_title":"Concesionario Volvo - Volvo Cars en Matar\u00f3 Modelos Volvo y Ocasi\u00f3n","og_description":"Concesionario oficial Volvo en Matar\u00f3. Encuentra Coches Volvo Nuevos, Coches de Ocasi\u00f3n y Coches de Segunda Mano. Compra y mantenimiento. Taller y Servicio oficial. \u00a1Con\u00f3cenos!","og_url":"https:\/\/admin.volvocarsmataro.com\/ca\/home\/","og_site_name":"Volvo Cars Matar\u00f3","article_modified_time":"2026-01-23T09:52:48+00:00","twitter_card":"summary_large_image","twitter_misc":{"Temps estimat de lectura":"1 minut"},"schema":{"@context":"https:\/\/schema.org","@graph":[{"@type":"WebPage","@id":"https:\/\/admin.volvocarsmataro.com\/home\/","url":"https:\/\/admin.volvocarsmataro.com\/home\/","name":"Concesionario Volvo - Volvo Cars en Matar\u00f3 Modelos Volvo y Ocasi\u00f3n","isPartOf":{"@id":"https:\/\/admin.volvocarsmataro.com\/#website"},"datePublished":"2025-09-29T09:50:31+00:00","dateModified":"2026-01-23T09:52:48+00:00","description":"Concesionario oficial Volvo en Matar\u00f3. Encuentra Coches Volvo Nuevos, Coches de Ocasi\u00f3n y Coches de Segunda Mano. Compra y mantenimiento. Taller y Servicio oficial. \u00a1Con\u00f3cenos!","breadcrumb":{"@id":"https:\/\/admin.volvocarsmataro.com\/home\/#breadcrumb"},"inLanguage":"ca","potentialAction":[{"@type":"ReadAction","target":["https:\/\/admin.volvocarsmataro.com\/home\/"]}]},{"@type":"BreadcrumbList","@id":"https:\/\/admin.volvocarsmataro.com\/home\/#breadcrumb","itemListElement":[{"@type":"ListItem","position":1,"name":"Home","item":"https:\/\/admin.volvocarsmataro.com\/"},{"@type":"ListItem","position":2,"name":"Inicio"}]},{"@type":"WebSite","@id":"https:\/\/admin.volvocarsmataro.com\/#website","url":"https:\/\/admin.volvocarsmataro.com\/","name":"Volvo Cars Matar\u00f3","description":"","potentialAction":[{"@type":"SearchAction","target":{"@type":"EntryPoint","urlTemplate":"https:\/\/admin.volvocarsmataro.com\/?s={search_term_string}"},"query-input":{"@type":"PropertyValueSpecification","valueRequired":true,"valueName":"search_term_string"}}],"inLanguage":"ca"}]}},"_links":{"self":[{"href":"https:\/\/admin.volvocarsmataro.com\/ca\/wp-json\/wp\/v2\/pages\/280","targetHints":{"allow":["GET"]}}],"collection":[{"href":"https:\/\/admin.volvocarsmataro.com\/ca\/wp-json\/wp\/v2\/pages"}],"about":[{"href":"https:\/\/admin.volvocarsmataro.com\/ca\/wp-json\/wp\/v2\/types\/page"}],"author":[{"embeddable":true,"href":"https:\/\/admin.volvocarsmataro.com\/ca\/wp-json\/wp\/v2\/users\/1"}],"replies":[{"embeddable":true,"href":"https:\/\/admin.volvocarsmataro.com\/ca\/wp-json\/wp\/v2\/comments?post=280"}],"version-history":[{"count":78,"href":"https:\/\/admin.volvocarsmataro.com\/ca\/wp-json\/wp\/v2\/pages\/280\/revisions"}],"predecessor-version":[{"id":4767,"href":"https:\/\/admin.volvocarsmataro.com\/ca\/wp-json\/wp\/v2\/pages\/280\/revisions\/4767"}],"wp:attachment":[{"href":"https:\/\/admin.volvocarsmataro.com\/ca\/wp-json\/wp\/v2\/media?parent=280"}],"curies":[{"name":"wp","href":"https:\/\/api.w.org\/{rel}","templated":true}]}}